{"id":27,"date":"2024-10-01T09:08:16","date_gmt":"2024-10-01T09:08:16","guid":{"rendered":"https:\/\/carldora.slideshow.com.pt\/?page_id=27"},"modified":"2026-07-13T17:03:29","modified_gmt":"2026-07-13T17:03:29","slug":"carldora-no-mundo","status":"publish","type":"page","link":"https:\/\/carldora.com\/pt\/carldora-no-mundo\/","title":{"rendered":"Carldora no mundo"},"content":{"rendered":"<div class=\"et_pb_section_0 et_pb_section et_section_regular et_block_section et-pb-has-background-video et_pb_preload section_has_divider et_pb_bottom_divider preset--group--divi-section--divi-box-shadow--default\"><span class=\"et-pb-background-video et_pb_allow_player_pause\"><video autoplay loop playsinline muted><source type=\"video\/mp4\" src=\"https:\/\/carldora.com\/wp-content\/uploads\/2025\/02\/carldora_globo_linhas.mp4\" \/><source type=\"video\/webm\" src=\"https:\/\/carldora.com\/wp-content\/uploads\/2025\/02\/carldora_globo_linhas.webm\" \/><\/video><\/span><span class=\"et_pb_background_pattern\"><\/span>\n<div class=\"et_pb_row_0 et_pb_row et_block_row preset--group--divi-row--divi-box-shadow--default\" id=\"mensagem\">\n<div class=\"et_pb_column_0 et_pb_column et_pb_column_4_4 et-last-child et_block_column et_pb_css_mix_blend_mode_passthrough preset--group--divi-column--divi-box-shadow--default\">\n<div class=\"et_pb_heading_0 et_pb_heading et_animated et_pb_module et_block_module preset--group--divi-heading--divi-box-shadow--default\"><div class=\"et_pb_heading_container\"><h1 class=\"et_pb_module_header\">Carldora no mundo<\/h1><\/div><\/div>\n<\/div>\n<\/div>\n<div class=\"et_pb_bottom_inside_divider et-no-transition\"><\/div><\/div>\n\n<div class=\"et_pb_section_1 et_pb_section et_section_regular et_block_section preset--group--divi-section--divi-box-shadow--default\">\n<div class=\"et_pb_row_1 et_pb_row et_block_row preset--group--divi-row--divi-box-shadow--default\">\n<div class=\"et_pb_column_1 et_pb_column et_pb_column_4_4 et-last-child et_block_column et_pb_css_mix_blend_mode_passthrough preset--group--divi-column--divi-box-shadow--default\">\n<div class=\"et_pb_text_0 et_pb_text et_pb_bg_layout_dark et_pb_module et_block_module preset--group--divi-text--divi-box-shadow--default preset--group--divi-text--divi-font-body--default\"><div class=\"et_pb_text_inner\"><pre><code>\t\t\t<!-- Flexy Breadcrumb -->\r\n\t\t\t<div class=\"fbc fbc-page\">\r\n\r\n\t\t\t\t<!-- Breadcrumb wrapper -->\r\n\t\t\t\t<div class=\"fbc-wrap\">\r\n\r\n\t\t\t\t\t<!-- Ordered list-->\r\n\t\t\t\t\t<ol class=\"fbc-items\" itemscope itemtype=\"https:\/\/schema.org\/BreadcrumbList\">\r\n\t\t\t\t\t\t            <li itemprop=\"itemListElement\" itemscope itemtype=\"https:\/\/schema.org\/ListItem\">\r\n                <span itemprop=\"name\">\r\n                    <!-- Home Link -->\r\n                    <a itemprop=\"item\" href=\"https:\/\/carldora.com\">\r\n                    \r\n                                                    <i class=\"fa fa-home\" aria-hidden=\"true\"><\/i>                    <\/a>\r\n                <\/span>\r\n                <meta itemprop=\"position\" content=\"1\" \/><!-- Meta Position-->\r\n             <\/li><li><span class=\"fbc-separator\">><\/span><\/li><li class=\"active\" itemprop=\"itemListElement\" itemscope itemtype=\"https:\/\/schema.org\/ListItem\"><span itemprop=\"name\" title=\"Carldora no mundo\">Carldora no mundo<\/span><meta itemprop=\"position\" content=\"2\" \/><\/li>\t\t\t\t\t<\/ol>\r\n\t\t\t\t\t<div class=\"clearfix\"><\/div>\r\n\t\t\t\t<\/div>\r\n\t\t\t<\/div>\r\n\t\t\t<\/code><\/pre>\n<\/div><\/div>\n<\/div>\n<\/div>\n<\/div>\n\n<div class=\"et_pb_section_2 et_pb_section et_section_regular et_block_section preset--group--divi-section--divi-box-shadow--default\">\n<div class=\"et_pb_row_2 et_pb_row et_block_row preset--group--divi-row--divi-box-shadow--default\">\n<div class=\"et_pb_column_2 et_pb_column et_pb_column_4_4 et-last-child et_block_column et_pb_css_mix_blend_mode_passthrough preset--group--divi-column--divi-box-shadow--default\">\n<div class=\"et_pb_text_1 et_pb_text et_pb_bg_layout_dark et_pb_module et_block_module preset--group--divi-text--divi-box-shadow--default preset--group--divi-text--divi-font-body--default\"><div class=\"et_pb_text_inner\"><p>O crescimento substancial da Carldora e o aumento consider\u00e1vel das suas exporta\u00e7\u00f5es possibilitaram \u00e0 empresa a sua inser\u00e7\u00e3o num mercado internacional altamente competitivo, o que exigiu uma adapta\u00e7\u00e3o aos padr\u00f5es de exig\u00eancia mais elevados.<\/p>\n<p>A aposta firme na excel\u00eancia tem sido fundamental para a Carldora, permitindo-lhe adaptar-se \u00e0s especificidades de diferentes pa\u00edses, cumprindo as normas e regulamenta\u00e7\u00f5es mais exigentes.<\/p>\n<p>A Carldora tem vindo a afirmar a sua presen\u00e7a no mercado internacional, consolidando-se como uma empresa de refer\u00eancia no setor da constru\u00e7\u00e3o civil. O nosso portf\u00f3lio diversificado, que abrange estudos, projetos e fornecimentos, est\u00e1 presente em mais de 117 pa\u00edses.<\/p>\n<\/div><\/div>\n<\/div>\n<\/div>\n<\/div>\n\n<div class=\"et_pb_section_3 et_pb_section et_section_regular et_flex_section preset--group--divi-section--divi-box-shadow--default\" id=\"mapa_projetos\"><span class=\"et_pb_background_pattern\"><\/span>\n<div class=\"et_pb_row_3 et_pb_row et_flex_row preset--group--divi-row--divi-box-shadow--default\">\n<div class=\"et_pb_column_3 et_pb_column et-last-child et_flex_column et_pb_css_mix_blend_mode_passthrough et_flex_column_24_24 et_flex_column_24_24_tablet et_flex_column_24_24_phone preset--group--divi-column--divi-box-shadow--default\">\n<div class=\"et_pb_heading_1 et_pb_heading et_pb_module et_block_module preset--group--divi-heading--divi-box-shadow--default\"><div class=\"et_pb_heading_container\"><h1 class=\"et_pb_module_header\">Conhe\u00e7a os projetos da Carldora<\/h1><\/div><\/div>\n<\/div>\n<\/div>\n\n<div class=\"et_pb_row_4 et_pb_row et_flex_row preset--group--divi-row--divi-box-shadow--default\">\n<div class=\"et_pb_column_4 et_pb_column et-last-child et_flex_column et_pb_css_mix_blend_mode_passthrough et_flex_column_24_24 et_flex_column_24_24_tablet et_flex_column_24_24_phone preset--group--divi-column--divi-box-shadow--default\">\n<div class=\"et_pb_code_0 et_pb_code et_pb_module preset--group--divi-code--divi-box-shadow--default\"><div class=\"et_pb_code_inner\"><div class=\"map_wrapper\" id=\"map_wrapper_1377588\">\n<div class=\"map_box\" style=\"max-width:2000px\">\n<div class=\"map_aspect_ratio\" style=\"padding-top:56%\" data-padding-top=\"56%\" data-padding-top-mobile=\"0%\">\n<div class=\"map_container\">\n<div class=\"map_render map_loading\" id=\"map_1377588\"><\/div>\n<\/div>\n<\/div>\n<\/div>\n<\/div><\/div><\/div>\n\n<div class=\"et_pb_code_1 et_pb_code et_pb_module preset--group--divi-code--divi-box-shadow--default\"><div class=\"et_pb_code_inner\"><div class=\"igm_select_container \">\n\t\t\t<select class=\"igm_select_choices\"  data-noresults=\"N\u00e3o existem projetos para essa pesquisa\" data-select=\"Toque para selecionar\" data-map-id=\"1377588\" id=\"igm_select_1377588\">\n\t\t\t<option value=\"\">Pesquisa por pa\u00eds.<\/option><option value=\"AO\">Angola<\/option><option value=\"DZ\">Arg\u00e9lia<\/option><option value=\"BJ\">Benim<\/option><option value=\"CV\">Cabo Verde<\/option><option value=\"CU\">Cuba<\/option><option value=\"ES\">Espanha<\/option><option value=\"SZ\">Essuat\u00edni<\/option><option value=\"FR\">Fran\u00e7a<\/option><option value=\"GT\">Guatemala<\/option><option value=\"GQ\">Guin\u00e9 Equatorial<\/option><option value=\"GW\">Guin\u00e9-Bissau<\/option><option value=\"GN\">Guin\u00e9-Conacri<\/option><option value=\"KI\">Kiribati<\/option><option value=\"LT\">Litu\u00e2nia<\/option><option value=\"LB\">L\u00edbano<\/option><option value=\"LY\">L\u00edbia<\/option><option value=\"MW\">Malawi<\/option><option value=\"MA\">Marrocos<\/option><option value=\"EH\">Marrocos<\/option><option value=\"MR\">Maurit\u00e2nia<\/option><option value=\"MZ\">Mo\u00e7ambique<\/option><option value=\"MC\">M\u00f3naco<\/option><option value=\"PT\">Portugal<\/option><option value=\"KE\">Qu\u00e9nia<\/option><option value=\"GB\">Reino Unido<\/option><option value=\"CG\">Rep\u00fablica do Congo<\/option><option value=\"RO\">Rom\u00e9nia<\/option><option value=\"SN\">Senegal<\/option><option value=\"PM\">S\u00e3o Pedro e Miquelon<\/option><option value=\"TT\">Trinidade e Tobago<\/option><option value=\"UG\">Uganda<\/option><option value=\"VE\">Venezuela<\/option><option value=\"ZW\">Zimbabu\u00e9<\/option><option value=\"ZM\">Z\u00e2mbia<\/option><\/select><\/div><\/div><\/div>\n\n<div class=\"et_pb_text_2 et_pb_text et_pb_bg_layout_dark et_pb_module et_flex_module preset--group--divi-text--divi-box-shadow--default preset--group--divi-text--divi-font-body--default\"><div class=\"et_pb_text_inner\"><div id=\"map-content\"><\/div>\n<\/div><\/div>\n<\/div>\n<\/div>\n<\/div>\n\n<div class=\"et_pb_section_4 et_pb_section et_section_regular et_flex_section et-interaction-target-zs7v94gna5 preset--group--divi-section--divi-box-shadow--default\" data-interaction-target=\"zs7v94gna5\" id=\"filterportfolio\"><span class=\"et_pb_background_pattern\"><\/span>\n<div class=\"et_pb_row_5 et_pb_row et_flex_row preset--group--divi-row--divi-box-shadow--default\">\n<div class=\"et_pb_column_5 et_pb_column et-last-child et_flex_column et_pb_css_mix_blend_mode_passthrough et_flex_column_24_24 et_flex_column_24_24_tablet et_flex_column_24_24_phone preset--group--divi-column--divi-box-shadow--default\">\n<div class=\"et_pb_heading_2 et_pb_heading et_pb_module et_block_module preset--group--divi-heading--divi-box-shadow--default\"><div class=\"et_pb_heading_container\"><h1 class=\"et_pb_module_header\">Conhe\u00e7a os projetos da Carldora. Pesquise por continente<\/h1><\/div><\/div>\n<\/div>\n<\/div>\n\n<div class=\"et_pb_row_6 et_pb_row et_flex_row preset--group--divi-row--divi-box-shadow--default\">\n<div class=\"et_pb_column_6 et_pb_column et-last-child et_flex_column et_pb_css_mix_blend_mode_passthrough et_flex_column_24_24 et_flex_column_24_24_tablet et_flex_column_24_24_phone preset--group--divi-column--divi-box-shadow--default\">\n<div class=\"et_pb_filterable_portfolio_0 et_pb_filterable_portfolio et_pb_bg_layout_light et_pb_portfolio et_pb_module preset--group--divi-filterable-portfolio--divi-box-shadow--default\" data-posts-number=\"25\"><div class=\"et_pb_portfolio_filters clearfix\"><ul class=\"clearfix\"><li class=\"et_pb_portfolio_filter et_pb_portfolio_filter_all\"><a href=\"#\" class=\"active\" data-category-slug=\"all\">All<\/a><\/li><li class=\"et_pb_portfolio_filter\"><a href=\"#\" data-category-slug=\"africa\">\u00c1frica<\/a><\/li><li class=\"et_pb_portfolio_filter\"><a href=\"#\" data-category-slug=\"america-central\">Am\u00e9rica Central<\/a><\/li><li class=\"et_pb_portfolio_filter\"><a href=\"#\" data-category-slug=\"america-do-norte\">Am\u00e9rica do Norte<\/a><\/li><li class=\"et_pb_portfolio_filter\"><a href=\"#\" data-category-slug=\"america-do-sul\">Am\u00e9rica do Sul<\/a><\/li><li class=\"et_pb_portfolio_filter\"><a href=\"#\" data-category-slug=\"asia\">\u00c1sia<\/a><\/li><li class=\"et_pb_portfolio_filter\"><a href=\"#\" data-category-slug=\"europa\">Europa<\/a><\/li><li class=\"et_pb_portfolio_filter\"><a href=\"#\" data-category-slug=\"oceania\">Oce\u00e2nia<\/a><\/li><\/ul><\/div><div class=\"et_pb_portfolio_items_wrapper clearfix\"><div class=\"et_pb_portfolio_items et_pb_posts et_grid_module\"><div class=\"et_pb_filterable_portfolio_item_0_0 post-1379725 project type-project status-publish has-post-thumbnail hentry project_category-africa project_category-argelia project_tag-africa project_tag-argelia et_pb_portfolio_item project_category_africa project_category_argelia\" id=\"1379725\"><a href=\"https:\/\/carldora.com\/pt\/project\/tracado-da-linha-ferroviara-beni-mansour\/\" title=\"Duplica\u00e7\u00e3o da via e retifica\u00e7\u00e3o do tra\u00e7ado da linha ferrovi\u00e1ria Beni Mansour &#8211; BEJAIA \u2013 ARG\u00c9LIA\"><span class=\"et_portfolio_image \"><img loading=\"lazy\" decoding=\"async\" src=\"https:\/\/carldora.com\/wp-content\/uploads\/2025\/10\/01_22-686-ARGELIA-COSIDER-11-400x284.webp\" alt=\"Duplica\u00e7\u00e3o da via e retifica\u00e7\u00e3o do tra\u00e7ado da linha ferrovi\u00e1ria Beni Mansour &#8211; BEJAIA \u2013 ARG\u00c9LIA\" width=\"400\" height=\"284\" \/><span class=\"et_overlay\" data-icon-tablet=\"\" data-icon-phone=\"\" data-icon-sticky=\"\"><\/span><\/span><\/a><h2 class=\"et_pb_module_header\"><a href=\"https:\/\/carldora.com\/pt\/project\/tracado-da-linha-ferroviara-beni-mansour\/\" title=\"Duplica\u00e7\u00e3o da via e retifica\u00e7\u00e3o do tra\u00e7ado da linha ferrovi\u00e1ria Beni Mansour &#8211; BEJAIA \u2013 ARG\u00c9LIA\">Duplica\u00e7\u00e3o da via e retifica\u00e7\u00e3o do tra\u00e7ado da linha ferrovi\u00e1ria Beni Mansour &#8211; BEJAIA \u2013 ARG\u00c9LIA<\/a><\/h2><p class=\"post-meta\"><a href=\"https:\/\/carldora.com\/pt\/project_category\/africa\/\" rel=\"tag\">\u00c1frica<\/a>, <a href=\"https:\/\/carldora.com\/pt\/project_category\/argelia\/\" rel=\"tag\">Arg\u00e9lia<\/a><\/p><\/div><div class=\"et_pb_filterable_portfolio_item_0_1 post-1379967 project type-project status-publish has-post-thumbnail hentry project_category-africa project_category-mocambique project_tag-africa project_tag-mocambique et_pb_portfolio_item project_category_africa project_category_mocambique\" id=\"1379967\"><a href=\"https:\/\/carldora.com\/pt\/project\/ponte-rio-limpopo\/\" title=\"Ponte sobre o Rio Limpopo\"><span class=\"et_portfolio_image \"><img loading=\"lazy\" decoding=\"async\" src=\"https:\/\/carldora.com\/wp-content\/uploads\/2025\/10\/02_04-046-MOCAMBIQUE-RIO-LIMPOPO-12-400x284.webp\" alt=\"Ponte sobre o Rio Limpopo\" width=\"400\" height=\"284\" \/><span class=\"et_overlay\" data-icon-tablet=\"\" data-icon-phone=\"\" data-icon-sticky=\"\"><\/span><\/span><\/a><h2 class=\"et_pb_module_header\"><a href=\"https:\/\/carldora.com\/pt\/project\/ponte-rio-limpopo\/\" title=\"Ponte sobre o Rio Limpopo\">Ponte sobre o Rio Limpopo<\/a><\/h2><p class=\"post-meta\"><a href=\"https:\/\/carldora.com\/pt\/project_category\/africa\/\" rel=\"tag\">\u00c1frica<\/a>, <a href=\"https:\/\/carldora.com\/pt\/project_category\/mocambique\/\" rel=\"tag\">Mo\u00e7ambique<\/a><\/p><\/div><div class=\"et_pb_filterable_portfolio_item_0_2 post-1379732 project type-project status-publish has-post-thumbnail hentry project_category-africa project_category-argelia project_tag-africa project_tag-argelia et_pb_portfolio_item project_category_africa project_category_argelia\" id=\"1379732\"><a href=\"https:\/\/carldora.com\/pt\/project\/doum-el-bouaghi\/\" title=\"STEP D\u00b4Oum El Bouaghi\"><span class=\"et_portfolio_image \"><img loading=\"lazy\" decoding=\"async\" src=\"https:\/\/carldora.com\/wp-content\/uploads\/2025\/10\/03_18-1009-ARGELIA-DOUM-EL-BOUAGHI-20-1-400x284.webp\" alt=\"STEP D\u00b4Oum El Bouaghi\" width=\"400\" height=\"284\" \/><span class=\"et_overlay\" data-icon-tablet=\"\" data-icon-phone=\"\" data-icon-sticky=\"\"><\/span><\/span><\/a><h2 class=\"et_pb_module_header\"><a href=\"https:\/\/carldora.com\/pt\/project\/doum-el-bouaghi\/\" title=\"STEP D\u00b4Oum El Bouaghi\">STEP D\u00b4Oum El Bouaghi<\/a><\/h2><p class=\"post-meta\"><a href=\"https:\/\/carldora.com\/pt\/project_category\/africa\/\" rel=\"tag\">\u00c1frica<\/a>, <a href=\"https:\/\/carldora.com\/pt\/project_category\/argelia\/\" rel=\"tag\">Arg\u00e9lia<\/a><\/p><\/div><div class=\"et_pb_filterable_portfolio_item_0_3 post-1379755 project type-project status-publish has-post-thumbnail hentry project_category-africa project_category-benim project_tag-africa project_tag-benim et_pb_portfolio_item project_category_africa project_category_benim\" id=\"1379755\"><a href=\"https:\/\/carldora.com\/pt\/project\/abastecimento-agua-potavel-multivilares-adjahonme\/\" title=\"Sistemas de Abastecimento de \u00c1gua Pot\u00e1vel Multivilares (SAEPmV) de Adjahonme\"><span class=\"et_portfolio_image \"><img loading=\"lazy\" decoding=\"async\" src=\"https:\/\/carldora.com\/wp-content\/uploads\/2025\/10\/04_22-306-BENIN-7-400x284.webp\" alt=\"Sistemas de Abastecimento de \u00c1gua Pot\u00e1vel Multivilares (SAEPmV) de Adjahonme\" width=\"400\" height=\"284\" \/><span class=\"et_overlay\" data-icon-tablet=\"\" data-icon-phone=\"\" data-icon-sticky=\"\"><\/span><\/span><\/a><h2 class=\"et_pb_module_header\"><a href=\"https:\/\/carldora.com\/pt\/project\/abastecimento-agua-potavel-multivilares-adjahonme\/\" title=\"Sistemas de Abastecimento de \u00c1gua Pot\u00e1vel Multivilares (SAEPmV) de Adjahonme\">Sistemas de Abastecimento de \u00c1gua Pot\u00e1vel Multivilares (SAEPmV) de Adjahonme<\/a><\/h2><p class=\"post-meta\"><a href=\"https:\/\/carldora.com\/pt\/project_category\/africa\/\" rel=\"tag\">\u00c1frica<\/a>, <a href=\"https:\/\/carldora.com\/pt\/project_category\/benim\/\" rel=\"tag\">Benim<\/a><\/p><\/div><div class=\"et_pb_filterable_portfolio_item_0_4 post-1380156 project type-project status-publish has-post-thumbnail hentry project_category-africa project_category-senegal project_tag-africa project_tag-senegal et_pb_portfolio_item project_category_africa project_category_senegal\" id=\"1380156\"><a href=\"https:\/\/carldora.com\/pt\/project\/cais-porto-de-bargny\/\" title=\"Conce\u00e7\u00e3o e Constru\u00e7\u00e3o de um Cais para Gran\u00e9is S\u00f3lidos no Porto de Bargny \u2013 Sendou\"><span class=\"et_portfolio_image \"><img loading=\"lazy\" decoding=\"async\" src=\"https:\/\/carldora.com\/wp-content\/uploads\/2025\/10\/05_21-548-SENEGAL-CAIS-PORTO-DE-BARGNY-8-400x284.webp\" alt=\"Conce\u00e7\u00e3o e Constru\u00e7\u00e3o de um Cais para Gran\u00e9is S\u00f3lidos no Porto de Bargny \u2013 Sendou\" width=\"400\" height=\"284\" \/><span class=\"et_overlay\" data-icon-tablet=\"\" data-icon-phone=\"\" data-icon-sticky=\"\"><\/span><\/span><\/a><h2 class=\"et_pb_module_header\"><a href=\"https:\/\/carldora.com\/pt\/project\/cais-porto-de-bargny\/\" title=\"Conce\u00e7\u00e3o e Constru\u00e7\u00e3o de um Cais para Gran\u00e9is S\u00f3lidos no Porto de Bargny \u2013 Sendou\">Conce\u00e7\u00e3o e Constru\u00e7\u00e3o de um Cais para Gran\u00e9is S\u00f3lidos no Porto de Bargny \u2013 Sendou<\/a><\/h2><p class=\"post-meta\"><a href=\"https:\/\/carldora.com\/pt\/project_category\/africa\/\" rel=\"tag\">\u00c1frica<\/a>, <a href=\"https:\/\/carldora.com\/pt\/project_category\/senegal\/\" rel=\"tag\">Senegal<\/a><\/p><\/div><div class=\"et_pb_filterable_portfolio_item_0_5 post-1379953 project type-project status-publish has-post-thumbnail hentry project_category-africa project_category-mocambique project_tag-africa project_tag-mocambique et_pb_portfolio_item project_category_africa project_category_mocambique\" id=\"1379953\"><a href=\"https:\/\/carldora.com\/pt\/project\/ponte-tete-rio-zambeze\/\" title=\"Ponte Tete sobre o Rio Zambeze\"><span class=\"et_portfolio_image \"><img loading=\"lazy\" decoding=\"async\" src=\"https:\/\/carldora.com\/wp-content\/uploads\/2025\/10\/06_11-052-MOCAMBIQUE-PONTE-TETE-RIO-ZAMBEZE-7-400x284.webp\" alt=\"Ponte Tete sobre o Rio Zambeze\" width=\"400\" height=\"284\" \/><span class=\"et_overlay\" data-icon-tablet=\"\" data-icon-phone=\"\" data-icon-sticky=\"\"><\/span><\/span><\/a><h2 class=\"et_pb_module_header\"><a href=\"https:\/\/carldora.com\/pt\/project\/ponte-tete-rio-zambeze\/\" title=\"Ponte Tete sobre o Rio Zambeze\">Ponte Tete sobre o Rio Zambeze<\/a><\/h2><p class=\"post-meta\"><a href=\"https:\/\/carldora.com\/pt\/project_category\/africa\/\" rel=\"tag\">\u00c1frica<\/a>, <a href=\"https:\/\/carldora.com\/pt\/project_category\/mocambique\/\" rel=\"tag\">Mo\u00e7ambique<\/a><\/p><\/div><div class=\"et_pb_filterable_portfolio_item_0_6 post-1379687 project type-project status-publish has-post-thumbnail hentry project_category-africa project_category-angola project_tag-africa project_tag-angola et_pb_portfolio_item project_category_africa project_category_angola\" id=\"1379687\"><a href=\"https:\/\/carldora.com\/pt\/project\/ponte-sobre-rio-curoca\/\" title=\"Ponte sobre o Rio Curoca\"><span class=\"et_portfolio_image \"><img loading=\"lazy\" decoding=\"async\" src=\"https:\/\/carldora.com\/wp-content\/uploads\/2025\/10\/07_11-624-NAMIBE-ANGOLA-18-400x284.webp\" alt=\"Ponte sobre o Rio Curoca\" width=\"400\" height=\"284\" \/><span class=\"et_overlay\" data-icon-tablet=\"\" data-icon-phone=\"\" data-icon-sticky=\"\"><\/span><\/span><\/a><h2 class=\"et_pb_module_header\"><a href=\"https:\/\/carldora.com\/pt\/project\/ponte-sobre-rio-curoca\/\" title=\"Ponte sobre o Rio Curoca\">Ponte sobre o Rio Curoca<\/a><\/h2><p class=\"post-meta\"><a href=\"https:\/\/carldora.com\/pt\/project_category\/africa\/\" rel=\"tag\">\u00c1frica<\/a>, <a href=\"https:\/\/carldora.com\/pt\/project_category\/angola\/\" rel=\"tag\">Angola<\/a><\/p><\/div><div class=\"et_pb_filterable_portfolio_item_0_7 post-1379906 project type-project status-publish has-post-thumbnail hentry project_category-africa project_category-malawi project_tag-africa project_tag-malawi et_pb_portfolio_item project_category_africa project_category_malawi\" id=\"1379906\"><a href=\"https:\/\/carldora.com\/pt\/project\/viaduto-corredor-de-nacala\/\" title=\"Viaduto Corredor de Nacala\"><span class=\"et_portfolio_image \"><img loading=\"lazy\" decoding=\"async\" src=\"https:\/\/carldora.com\/wp-content\/uploads\/2025\/10\/08_12-369-MALAWI-6-400x284.webp\" alt=\"Viaduto Corredor de Nacala\" width=\"400\" height=\"284\" \/><span class=\"et_overlay\" data-icon-tablet=\"\" data-icon-phone=\"\" data-icon-sticky=\"\"><\/span><\/span><\/a><h2 class=\"et_pb_module_header\"><a href=\"https:\/\/carldora.com\/pt\/project\/viaduto-corredor-de-nacala\/\" title=\"Viaduto Corredor de Nacala\">Viaduto Corredor de Nacala<\/a><\/h2><p class=\"post-meta\"><a href=\"https:\/\/carldora.com\/pt\/project_category\/africa\/\" rel=\"tag\">\u00c1frica<\/a>, <a href=\"https:\/\/carldora.com\/pt\/project_category\/malawi\/\" rel=\"tag\">Malawi<\/a><\/p><\/div><div class=\"et_pb_filterable_portfolio_item_0_8 post-1379795 project type-project status-publish has-post-thumbnail hentry project_category-africa project_category-essuatini project_tag-africa project_tag-essuatini et_pb_portfolio_item project_category_africa project_category_essuatini\" id=\"1379795\"><a href=\"https:\/\/carldora.com\/pt\/project\/ponte-siphofaneni\/\" title=\"Ponte Siphofaneni\"><span class=\"et_portfolio_image \"><img loading=\"lazy\" decoding=\"async\" src=\"https:\/\/carldora.com\/wp-content\/uploads\/2025\/10\/09_13-111-ESSUATINI-PONTE-SIPHOFANENI-12-400x284.webp\" alt=\"Ponte Siphofaneni\" width=\"400\" height=\"284\" \/><span class=\"et_overlay\" data-icon-tablet=\"\" data-icon-phone=\"\" data-icon-sticky=\"\"><\/span><\/span><\/a><h2 class=\"et_pb_module_header\"><a href=\"https:\/\/carldora.com\/pt\/project\/ponte-siphofaneni\/\" title=\"Ponte Siphofaneni\">Ponte Siphofaneni<\/a><\/h2><p class=\"post-meta\"><a href=\"https:\/\/carldora.com\/pt\/project_category\/africa\/\" rel=\"tag\">\u00c1frica<\/a>, <a href=\"https:\/\/carldora.com\/pt\/project_category\/essuatini\/\" rel=\"tag\">Essuat\u00edni<\/a><\/p><\/div><div class=\"et_pb_filterable_portfolio_item_0_9 post-1379929 project type-project status-publish has-post-thumbnail hentry project_category-africa project_category-mocambique project_tag-africa project_tag-mocambique et_pb_portfolio_item project_category_africa project_category_mocambique\" id=\"1379929\"><a href=\"https:\/\/carldora.com\/pt\/project\/barrragem-da-gorongosa\/\" title=\"Barragem da Gorongosa\"><span class=\"et_portfolio_image \"><img loading=\"lazy\" decoding=\"async\" src=\"https:\/\/carldora.com\/wp-content\/uploads\/2025\/10\/10_13-314-MOCAMBIQUE-BARRAGEM-DA-GORONGOSA-9-400x284.webp\" alt=\"Barragem da Gorongosa\" width=\"400\" height=\"284\" \/><span class=\"et_overlay\" data-icon-tablet=\"\" data-icon-phone=\"\" data-icon-sticky=\"\"><\/span><\/span><\/a><h2 class=\"et_pb_module_header\"><a href=\"https:\/\/carldora.com\/pt\/project\/barrragem-da-gorongosa\/\" title=\"Barragem da Gorongosa\">Barragem da Gorongosa<\/a><\/h2><p class=\"post-meta\"><a href=\"https:\/\/carldora.com\/pt\/project_category\/africa\/\" rel=\"tag\">\u00c1frica<\/a>, <a href=\"https:\/\/carldora.com\/pt\/project_category\/mocambique\/\" rel=\"tag\">Mo\u00e7ambique<\/a><\/p><\/div><div class=\"et_pb_filterable_portfolio_item_0_10 post-1379706 project type-project status-publish has-post-thumbnail hentry project_category-africa project_category-angola project_tag-africa project_tag-angola et_pb_portfolio_item project_category_africa project_category_angola\" id=\"1379706\"><a href=\"https:\/\/carldora.com\/pt\/project\/ponte-sobre-rio-cuito\/\" title=\"Ponte sobre o Rio Cuito \u2013 Tro\u00e7o Cuanavale \u2013 Mavinga\"><span class=\"et_portfolio_image \"><img loading=\"lazy\" decoding=\"async\" src=\"https:\/\/carldora.com\/wp-content\/uploads\/2025\/10\/11_14-396-ANGOLA-RIO-CUITO-5-400x284.webp\" alt=\"Ponte sobre o Rio Cuito \u2013 Tro\u00e7o Cuanavale \u2013 Mavinga\" width=\"400\" height=\"284\" \/><span class=\"et_overlay\" data-icon-tablet=\"\" data-icon-phone=\"\" data-icon-sticky=\"\"><\/span><\/span><\/a><h2 class=\"et_pb_module_header\"><a href=\"https:\/\/carldora.com\/pt\/project\/ponte-sobre-rio-cuito\/\" title=\"Ponte sobre o Rio Cuito \u2013 Tro\u00e7o Cuanavale \u2013 Mavinga\">Ponte sobre o Rio Cuito \u2013 Tro\u00e7o Cuanavale \u2013 Mavinga<\/a><\/h2><p class=\"post-meta\"><a href=\"https:\/\/carldora.com\/pt\/project_category\/africa\/\" rel=\"tag\">\u00c1frica<\/a>, <a href=\"https:\/\/carldora.com\/pt\/project_category\/angola\/\" rel=\"tag\">Angola<\/a><\/p><\/div><div class=\"et_pb_filterable_portfolio_item_0_11 post-1379975 project type-project status-publish has-post-thumbnail hentry project_category-africa project_category-mocambique project_tag-africa project_tag-mocambique et_pb_portfolio_item project_category_africa project_category_mocambique\" id=\"1379975\"><a href=\"https:\/\/carldora.com\/pt\/project\/reabilitacao-da-ponte-de-inharrime\/\" title=\"Reabilita\u00e7\u00e3o da Ponte de Inharrime-Mo\u00e7ambique\"><span class=\"et_portfolio_image \"><img loading=\"lazy\" decoding=\"async\" src=\"https:\/\/carldora.com\/wp-content\/uploads\/2025\/10\/12_14-417-MOCAMBIQUE-12-400x284.webp\" alt=\"Reabilita\u00e7\u00e3o da Ponte de Inharrime-Mo\u00e7ambique\" width=\"400\" height=\"284\" \/><span class=\"et_overlay\" data-icon-tablet=\"\" data-icon-phone=\"\" data-icon-sticky=\"\"><\/span><\/span><\/a><h2 class=\"et_pb_module_header\"><a href=\"https:\/\/carldora.com\/pt\/project\/reabilitacao-da-ponte-de-inharrime\/\" title=\"Reabilita\u00e7\u00e3o da Ponte de Inharrime-Mo\u00e7ambique\">Reabilita\u00e7\u00e3o da Ponte de Inharrime-Mo\u00e7ambique<\/a><\/h2><p class=\"post-meta\"><a href=\"https:\/\/carldora.com\/pt\/project_category\/africa\/\" rel=\"tag\">\u00c1frica<\/a>, <a href=\"https:\/\/carldora.com\/pt\/project_category\/mocambique\/\" rel=\"tag\">Mo\u00e7ambique<\/a><\/p><\/div><div class=\"et_pb_filterable_portfolio_item_0_12 post-1379908 project type-project status-publish has-post-thumbnail hentry project_category-africa project_category-marrocos project_tag-africa project_tag-marrocos et_pb_portfolio_item project_category_africa project_category_marrocos\" id=\"1379908\"><a href=\"https:\/\/carldora.com\/pt\/project\/reforco-barragem-bab-louta\/\" title=\"Refor\u00e7o Barragem Bab Louta\"><span class=\"et_portfolio_image \"><img loading=\"lazy\" decoding=\"async\" src=\"https:\/\/carldora.com\/wp-content\/uploads\/2025\/10\/13_14-633-MARROCOS-7-copy-2-1-400x284.webp\" alt=\"Refor\u00e7o Barragem Bab Louta\" width=\"400\" height=\"284\" \/><span class=\"et_overlay\" data-icon-tablet=\"\" data-icon-phone=\"\" data-icon-sticky=\"\"><\/span><\/span><\/a><h2 class=\"et_pb_module_header\"><a href=\"https:\/\/carldora.com\/pt\/project\/reforco-barragem-bab-louta\/\" title=\"Refor\u00e7o Barragem Bab Louta\">Refor\u00e7o Barragem Bab Louta<\/a><\/h2><p class=\"post-meta\"><a href=\"https:\/\/carldora.com\/pt\/project_category\/africa\/\" rel=\"tag\">\u00c1frica<\/a>, <a href=\"https:\/\/carldora.com\/pt\/project_category\/marrocos\/\" rel=\"tag\">Marrocos<\/a><\/p><\/div><div class=\"et_pb_filterable_portfolio_item_0_13 post-1379945 project type-project status-publish has-post-thumbnail hentry project_category-africa project_category-mocambique project_tag-africa project_tag-mocambique et_pb_portfolio_item project_category_africa project_category_mocambique\" id=\"1379945\"><a href=\"https:\/\/carldora.com\/pt\/project\/ponte-caia-sobre-o-rio-zambeze\/\" title=\"Ponte Caia sobre o Rio Zambeze\"><span class=\"et_portfolio_image \"><img loading=\"lazy\" decoding=\"async\" src=\"https:\/\/carldora.com\/wp-content\/uploads\/2025\/10\/14_06-048-MOCAMBIQUE-PONTE-CAIA-RIO-ZAMBEZE-7-400x284.webp\" alt=\"Ponte Caia sobre o Rio Zambeze\" width=\"400\" height=\"284\" \/><span class=\"et_overlay\" data-icon-tablet=\"\" data-icon-phone=\"\" data-icon-sticky=\"\"><\/span><\/span><\/a><h2 class=\"et_pb_module_header\"><a href=\"https:\/\/carldora.com\/pt\/project\/ponte-caia-sobre-o-rio-zambeze\/\" title=\"Ponte Caia sobre o Rio Zambeze\">Ponte Caia sobre o Rio Zambeze<\/a><\/h2><p class=\"post-meta\"><a href=\"https:\/\/carldora.com\/pt\/project_category\/africa\/\" rel=\"tag\">\u00c1frica<\/a>, <a href=\"https:\/\/carldora.com\/pt\/project_category\/mocambique\/\" rel=\"tag\">Mo\u00e7ambique<\/a><\/p><\/div><div class=\"et_pb_filterable_portfolio_item_0_14 post-1379715 project type-project status-publish has-post-thumbnail hentry project_category-africa project_category-angola project_tag-africa project_tag-angola et_pb_portfolio_item project_category_africa project_category_angola\" id=\"1379715\"><a href=\"https:\/\/carldora.com\/pt\/project\/total-office-building\/\" title=\"Total Office Building TTA 2\"><span class=\"et_portfolio_image \"><img loading=\"lazy\" decoding=\"async\" src=\"https:\/\/carldora.com\/wp-content\/uploads\/2025\/10\/15_08-044-ANGOLA-TOTAL-BUILDING-17-400x284.webp\" alt=\"Total Office Building TTA 2\" width=\"400\" height=\"284\" \/><span class=\"et_overlay\" data-icon-tablet=\"\" data-icon-phone=\"\" data-icon-sticky=\"\"><\/span><\/span><\/a><h2 class=\"et_pb_module_header\"><a href=\"https:\/\/carldora.com\/pt\/project\/total-office-building\/\" title=\"Total Office Building TTA 2\">Total Office Building TTA 2<\/a><\/h2><p class=\"post-meta\"><a href=\"https:\/\/carldora.com\/pt\/project_category\/africa\/\" rel=\"tag\">\u00c1frica<\/a>, <a href=\"https:\/\/carldora.com\/pt\/project_category\/angola\/\" rel=\"tag\">Angola<\/a><\/p><\/div><div class=\"et_pb_filterable_portfolio_item_0_15 post-1379675 project type-project status-publish has-post-thumbnail hentry project_category-africa project_category-angola project_tag-africa project_tag-angola et_pb_portfolio_item project_category_africa project_category_angola\" id=\"1379675\"><a href=\"https:\/\/carldora.com\/pt\/project\/edificio-largo-do-ambiente\/\" title=\"Edif\u00edcio Largo do Ambiente\"><span class=\"et_portfolio_image \"><img loading=\"lazy\" decoding=\"async\" src=\"https:\/\/carldora.com\/wp-content\/uploads\/2025\/10\/16_08-163-ANGOLA-ED.-LARGO-DO-AMNIENTE-5-400x284.webp\" alt=\"Edif\u00edcio Largo do Ambiente\" width=\"400\" height=\"284\" \/><span class=\"et_overlay\" data-icon-tablet=\"\" data-icon-phone=\"\" data-icon-sticky=\"\"><\/span><\/span><\/a><h2 class=\"et_pb_module_header\"><a href=\"https:\/\/carldora.com\/pt\/project\/edificio-largo-do-ambiente\/\" title=\"Edif\u00edcio Largo do Ambiente\">Edif\u00edcio Largo do Ambiente<\/a><\/h2><p class=\"post-meta\"><a href=\"https:\/\/carldora.com\/pt\/project_category\/africa\/\" rel=\"tag\">\u00c1frica<\/a>, <a href=\"https:\/\/carldora.com\/pt\/project_category\/angola\/\" rel=\"tag\">Angola<\/a><\/p><\/div><div class=\"et_pb_filterable_portfolio_item_0_16 post-1379710 project type-project status-publish has-post-thumbnail hentry project_category-africa project_category-angola project_tag-africa project_tag-angola et_pb_portfolio_item project_category_africa project_category_angola\" id=\"1379710\"><a href=\"https:\/\/carldora.com\/pt\/project\/sana-royal-hotel\/\" title=\"Sana Luanda Royal Hotel\"><span class=\"et_portfolio_image \"><img loading=\"lazy\" decoding=\"async\" src=\"https:\/\/carldora.com\/wp-content\/uploads\/2025\/10\/17_08-164-ANGOLA-SANA-ROYAL-HOTEL-5-400x284.webp\" alt=\"Sana Luanda Royal Hotel\" width=\"400\" height=\"284\" \/><span class=\"et_overlay\" data-icon-tablet=\"\" data-icon-phone=\"\" data-icon-sticky=\"\"><\/span><\/span><\/a><h2 class=\"et_pb_module_header\"><a href=\"https:\/\/carldora.com\/pt\/project\/sana-royal-hotel\/\" title=\"Sana Luanda Royal Hotel\">Sana Luanda Royal Hotel<\/a><\/h2><p class=\"post-meta\"><a href=\"https:\/\/carldora.com\/pt\/project_category\/africa\/\" rel=\"tag\">\u00c1frica<\/a>, <a href=\"https:\/\/carldora.com\/pt\/project_category\/angola\/\" rel=\"tag\">Angola<\/a><\/p><\/div><div class=\"et_pb_filterable_portfolio_item_0_17 post-1379696 project type-project status-publish has-post-thumbnail hentry project_category-africa project_category-angola project_tag-africa project_tag-angola et_pb_portfolio_item project_category_africa project_category_angola\" id=\"1379696\"><a href=\"https:\/\/carldora.com\/pt\/project\/projeto-vida-nova\/\" title=\"Projeto Vida Nova &#8211; Estrada N&#8217;zeto &#8211; Soyo &#8211; Pacote 8 \u2013 Pontes\"><span class=\"et_portfolio_image \"><img loading=\"lazy\" decoding=\"async\" src=\"https:\/\/carldora.com\/wp-content\/uploads\/2025\/10\/18_08-268-ANGOLA-PROJECTO-VIDA-NOVA-21-400x284.webp\" alt=\"Projeto Vida Nova &#8211; Estrada N&#8217;zeto &#8211; Soyo &#8211; Pacote 8 \u2013 Pontes\" width=\"400\" height=\"284\" \/><span class=\"et_overlay\" data-icon-tablet=\"\" data-icon-phone=\"\" data-icon-sticky=\"\"><\/span><\/span><\/a><h2 class=\"et_pb_module_header\"><a href=\"https:\/\/carldora.com\/pt\/project\/projeto-vida-nova\/\" title=\"Projeto Vida Nova &#8211; Estrada N&#8217;zeto &#8211; Soyo &#8211; Pacote 8 \u2013 Pontes\">Projeto Vida Nova &#8211; Estrada N&#8217;zeto &#8211; Soyo &#8211; Pacote 8 \u2013 Pontes<\/a><\/h2><p class=\"post-meta\"><a href=\"https:\/\/carldora.com\/pt\/project_category\/africa\/\" rel=\"tag\">\u00c1frica<\/a>, <a href=\"https:\/\/carldora.com\/pt\/project_category\/angola\/\" rel=\"tag\">Angola<\/a><\/p><\/div><div class=\"et_pb_filterable_portfolio_item_0_18 post-1379750 project type-project status-publish has-post-thumbnail hentry project_category-africa project_category-argelia project_tag-africa project_tag-argelia et_pb_portfolio_item project_category_africa project_category_argelia\" id=\"1379750\"><a href=\"https:\/\/carldora.com\/pt\/project\/porto-de-mers\/\" title=\"Porto de Mers &#8211; El Kebir\"><span class=\"et_portfolio_image \"><img loading=\"lazy\" decoding=\"async\" src=\"https:\/\/carldora.com\/wp-content\/uploads\/2025\/10\/19_09-373-ARGELIA-PORTO-DE-MERS-3-400x284.webp\" alt=\"Porto de Mers &#8211; El Kebir\" width=\"400\" height=\"284\" \/><span class=\"et_overlay\" data-icon-tablet=\"\" data-icon-phone=\"\" data-icon-sticky=\"\"><\/span><\/span><\/a><h2 class=\"et_pb_module_header\"><a href=\"https:\/\/carldora.com\/pt\/project\/porto-de-mers\/\" title=\"Porto de Mers &#8211; El Kebir\">Porto de Mers &#8211; El Kebir<\/a><\/h2><p class=\"post-meta\"><a href=\"https:\/\/carldora.com\/pt\/project_category\/africa\/\" rel=\"tag\">\u00c1frica<\/a>, <a href=\"https:\/\/carldora.com\/pt\/project_category\/argelia\/\" rel=\"tag\">Arg\u00e9lia<\/a><\/p><\/div><div class=\"et_pb_filterable_portfolio_item_0_19 post-1381557 project type-project status-publish has-post-thumbnail hentry project_category-africa project_category-marrocos project_tag-africa project_tag-marrocos et_pb_portfolio_item project_category_africa project_category_marrocos\" id=\"1381557\"><a href=\"https:\/\/carldora.com\/pt\/project\/autoroute_marrakech-agadir_section_imintanout_rgana\/\" title=\"Autoroute Marrakech-Agadir Section Imintanout \u2013 Argana\"><span class=\"et_portfolio_image \"><img loading=\"lazy\" decoding=\"async\" src=\"https:\/\/carldora.com\/wp-content\/uploads\/2025\/10\/20_07-0054-MARROCOS-17-1-400x284.webp\" alt=\"Autoroute Marrakech-Agadir Section Imintanout \u2013 Argana\" width=\"400\" height=\"284\" \/><span class=\"et_overlay\" data-icon-tablet=\"\" data-icon-phone=\"\" data-icon-sticky=\"\"><\/span><\/span><\/a><h2 class=\"et_pb_module_header\"><a href=\"https:\/\/carldora.com\/pt\/project\/autoroute_marrakech-agadir_section_imintanout_rgana\/\" title=\"Autoroute Marrakech-Agadir Section Imintanout \u2013 Argana\">Autoroute Marrakech-Agadir Section Imintanout \u2013 Argana<\/a><\/h2><p class=\"post-meta\"><a href=\"https:\/\/carldora.com\/pt\/project_category\/africa\/\" rel=\"tag\">\u00c1frica<\/a>, <a href=\"https:\/\/carldora.com\/pt\/project_category\/marrocos\/\" rel=\"tag\">Marrocos<\/a><\/p><\/div><div class=\"et_pb_filterable_portfolio_item_0_20 post-1379665 project type-project status-publish has-post-thumbnail hentry project_category-africa project_category-angola project_tag-africa project_tag-angola et_pb_portfolio_item project_category_africa project_category_angola\" id=\"1379665\"><a href=\"https:\/\/carldora.com\/pt\/project\/ponte-rui-catumbela\/\" title=\"Ponte sobre o Rio Catumbela\"><span class=\"et_portfolio_image \"><img loading=\"lazy\" decoding=\"async\" src=\"https:\/\/carldora.com\/wp-content\/uploads\/2025\/10\/21_08-015-ANGOLA-CATUMBELA-3-400x284.webp\" alt=\"Ponte sobre o Rio Catumbela\" width=\"400\" height=\"284\" \/><span class=\"et_overlay\" data-icon-tablet=\"\" data-icon-phone=\"\" data-icon-sticky=\"\"><\/span><\/span><\/a><h2 class=\"et_pb_module_header\"><a href=\"https:\/\/carldora.com\/pt\/project\/ponte-rui-catumbela\/\" title=\"Ponte sobre o Rio Catumbela\">Ponte sobre o Rio Catumbela<\/a><\/h2><p class=\"post-meta\"><a href=\"https:\/\/carldora.com\/pt\/project_category\/africa\/\" rel=\"tag\">\u00c1frica<\/a>, <a href=\"https:\/\/carldora.com\/pt\/project_category\/angola\/\" rel=\"tag\">Angola<\/a><\/p><\/div><div class=\"et_pb_filterable_portfolio_item_0_21 post-1379840 project type-project status-publish has-post-thumbnail hentry project_category-africa project_category-guine-bissau project_tag-africa project_tag-guine-bissau et_pb_portfolio_item project_category_africa project_category_guine-bissau\" id=\"1379840\"><a href=\"https:\/\/carldora.com\/pt\/project\/pont-de-saint-vicent-sur-le-fleuve-cacheu\/\" title=\"Pont de Saint Vicent Sur Le Fleuve Cacheu\"><span class=\"et_portfolio_image \"><img loading=\"lazy\" decoding=\"async\" src=\"https:\/\/carldora.com\/wp-content\/uploads\/2025\/10\/22_06-111-GUINE-BISSAU-5-400x284.webp\" alt=\"Pont de Saint Vicent Sur Le Fleuve Cacheu\" width=\"400\" height=\"284\" \/><span class=\"et_overlay\" data-icon-tablet=\"\" data-icon-phone=\"\" data-icon-sticky=\"\"><\/span><\/span><\/a><h2 class=\"et_pb_module_header\"><a href=\"https:\/\/carldora.com\/pt\/project\/pont-de-saint-vicent-sur-le-fleuve-cacheu\/\" title=\"Pont de Saint Vicent Sur Le Fleuve Cacheu\">Pont de Saint Vicent Sur Le Fleuve Cacheu<\/a><\/h2><p class=\"post-meta\"><a href=\"https:\/\/carldora.com\/pt\/project_category\/africa\/\" rel=\"tag\">\u00c1frica<\/a>, <a href=\"https:\/\/carldora.com\/pt\/project_category\/guine-bissau\/\" rel=\"tag\">Guin\u00e9-Bissau<\/a><\/p><\/div><div class=\"et_pb_filterable_portfolio_item_0_22 post-1379851 project type-project status-publish has-post-thumbnail hentry project_category-africa project_category-guine-equatorial project_tag-africa project_tag-equatorial project_tag-guine et_pb_portfolio_item project_category_africa project_category_guine-equatorial\" id=\"1379851\"><a href=\"https:\/\/carldora.com\/pt\/project\/auto-estrada-mongomeyen\/\" title=\"Auto Estrada Mongomeyen &#8211; Ebebeyin\"><span class=\"et_portfolio_image \"><img loading=\"lazy\" decoding=\"async\" src=\"https:\/\/carldora.com\/wp-content\/uploads\/2025\/10\/23_10-491-GUINE-EQUATORIAL-6-400x284.webp\" alt=\"Auto Estrada Mongomeyen &#8211; Ebebeyin\" width=\"400\" height=\"284\" \/><span class=\"et_overlay\" data-icon-tablet=\"\" data-icon-phone=\"\" data-icon-sticky=\"\"><\/span><\/span><\/a><h2 class=\"et_pb_module_header\"><a href=\"https:\/\/carldora.com\/pt\/project\/auto-estrada-mongomeyen\/\" title=\"Auto Estrada Mongomeyen &#8211; Ebebeyin\">Auto Estrada Mongomeyen &#8211; Ebebeyin<\/a><\/h2><p class=\"post-meta\"><a href=\"https:\/\/carldora.com\/pt\/project_category\/africa\/\" rel=\"tag\">\u00c1frica<\/a>, <a href=\"https:\/\/carldora.com\/pt\/project_category\/guine-equatorial\/\" rel=\"tag\">Guin\u00e9 Equatorial<\/a><\/p><\/div><div class=\"et_pb_filterable_portfolio_item_0_23 post-1379844 project type-project status-publish has-post-thumbnail hentry project_category-africa project_category-guine-conacri project_tag-africa project_tag-guine et_pb_portfolio_item project_category_africa project_category_guine-conacri\" id=\"1379844\"><a href=\"https:\/\/carldora.com\/pt\/project\/port-kansar-kct-phase-2\/\" title=\"Port Kansar KCT Phase 2\"><span class=\"et_portfolio_image \"><img loading=\"lazy\" decoding=\"async\" src=\"https:\/\/carldora.com\/wp-content\/uploads\/2025\/10\/24_10-697-GUINE-14-400x284.webp\" alt=\"Port Kansar KCT Phase 2\" width=\"400\" height=\"284\" \/><span class=\"et_overlay\" data-icon-tablet=\"\" data-icon-phone=\"\" data-icon-sticky=\"\"><\/span><\/span><\/a><h2 class=\"et_pb_module_header\"><a href=\"https:\/\/carldora.com\/pt\/project\/port-kansar-kct-phase-2\/\" title=\"Port Kansar KCT Phase 2\">Port Kansar KCT Phase 2<\/a><\/h2><p class=\"post-meta\"><a href=\"https:\/\/carldora.com\/pt\/project_category\/africa\/\" rel=\"tag\">\u00c1frica<\/a>, <a href=\"https:\/\/carldora.com\/pt\/project_category\/guine-conacri\/\" rel=\"tag\">Guin\u00e9-Conacri<\/a><\/p><\/div><div class=\"et_pb_filterable_portfolio_item_0_24 post-1379681 project type-project status-publish has-post-thumbnail hentry project_category-africa project_category-angola project_tag-africa project_tag-angola et_pb_portfolio_item project_category_africa project_category_angola\" id=\"1379681\"><a href=\"https:\/\/carldora.com\/pt\/project\/revitalizacao-vias-de-luanda\/\" title=\"Revitaliza\u00e7\u00e3o Vias de Luanda\"><span class=\"et_portfolio_image \"><img loading=\"lazy\" decoding=\"async\" src=\"https:\/\/carldora.com\/wp-content\/uploads\/2025\/10\/25_12-113-ANGOLA-ENTIVACAO-LUANDA-4-400x284.webp\" alt=\"Revitaliza\u00e7\u00e3o Vias de Luanda\" width=\"400\" height=\"284\" \/><span class=\"et_overlay\" data-icon-tablet=\"\" data-icon-phone=\"\" data-icon-sticky=\"\"><\/span><\/span><\/a><h2 class=\"et_pb_module_header\"><a href=\"https:\/\/carldora.com\/pt\/project\/revitalizacao-vias-de-luanda\/\" title=\"Revitaliza\u00e7\u00e3o Vias de Luanda\">Revitaliza\u00e7\u00e3o Vias de Luanda<\/a><\/h2><p class=\"post-meta\"><a href=\"https:\/\/carldora.com\/pt\/project_category\/africa\/\" rel=\"tag\">\u00c1frica<\/a>, <a href=\"https:\/\/carldora.com\/pt\/project_category\/angola\/\" rel=\"tag\">Angola<\/a><\/p><\/div><div class=\"et_pb_filterable_portfolio_item_0_25 post-1381556 project type-project status-publish has-post-thumbnail hentry project_category-africa project_category-mocambique project_tag-africa project_tag-mocambique et_pb_portfolio_item project_category_africa project_category_mocambique\" id=\"1381556\"><a href=\"https:\/\/carldora.com\/pt\/project\/construcao_e_reabilitacao_das_estradas_projecto_de_execucaotrecho2_mocimboa_da_praia_palma\/\" title=\"Constru\u00e7\u00e3o e Reabilita\u00e7\u00e3o das Estradas &#8211; Projecto de Execu\u00e7\u00e3o trecho 2 \u2013 Moc\u00edmboa da Praia \/ Palma\"><span class=\"et_portfolio_image \"><img loading=\"lazy\" decoding=\"async\" src=\"https:\/\/carldora.com\/wp-content\/uploads\/2025\/10\/26_12-213-MOCAMBIQUE-8-400x284.webp\" alt=\"Constru\u00e7\u00e3o e Reabilita\u00e7\u00e3o das Estradas &#8211; Projecto de Execu\u00e7\u00e3o trecho 2 \u2013 Moc\u00edmboa da Praia \/ Palma\" width=\"400\" height=\"284\" \/><span class=\"et_overlay\" data-icon-tablet=\"\" data-icon-phone=\"\" data-icon-sticky=\"\"><\/span><\/span><\/a><h2 class=\"et_pb_module_header\"><a href=\"https:\/\/carldora.com\/pt\/project\/construcao_e_reabilitacao_das_estradas_projecto_de_execucaotrecho2_mocimboa_da_praia_palma\/\" title=\"Constru\u00e7\u00e3o e Reabilita\u00e7\u00e3o das Estradas &#8211; Projecto de Execu\u00e7\u00e3o trecho 2 \u2013 Moc\u00edmboa da Praia \/ Palma\">Constru\u00e7\u00e3o e Reabilita\u00e7\u00e3o das Estradas &#8211; Projecto de Execu\u00e7\u00e3o trecho 2 \u2013 Moc\u00edmboa da Praia \/ Palma<\/a><\/h2><p class=\"post-meta\"><a href=\"https:\/\/carldora.com\/pt\/project_category\/africa\/\" rel=\"tag\">\u00c1frica<\/a>, <a href=\"https:\/\/carldora.com\/pt\/project_category\/mocambique\/\" rel=\"tag\">Mo\u00e7ambique<\/a><\/p><\/div><div class=\"et_pb_filterable_portfolio_item_0_26 post-1379743 project type-project status-publish has-post-thumbnail hentry project_category-africa project_category-argelia project_tag-africa project_tag-argelia et_pb_portfolio_item project_category_africa project_category_argelia\" id=\"1379743\"><a href=\"https:\/\/carldora.com\/pt\/project\/reservoirs-de-stockage-a-travers-la-wilaya\/\" title=\"R\u00e9alisation des Reservoirs de Stockage \u00e0 Travers la Wilaya &#8211; Lot N\u00ba 02: R\u00e9alisation d&#8217;un Chateaux d&#8217;eau de 1000m\u00b3 a BEN DAOUD\"><span class=\"et_portfolio_image \"><img loading=\"lazy\" decoding=\"async\" src=\"https:\/\/carldora.com\/wp-content\/uploads\/2025\/10\/27_13-507-ARGELIA-ETTH-HIRECHE-6-400x284.webp\" alt=\"R\u00e9alisation des Reservoirs de Stockage \u00e0 Travers la Wilaya &#8211; Lot N\u00ba 02: R\u00e9alisation d&#8217;un Chateaux d&#8217;eau de 1000m\u00b3 a BEN DAOUD\" width=\"400\" height=\"284\" \/><span class=\"et_overlay\" data-icon-tablet=\"\" data-icon-phone=\"\" data-icon-sticky=\"\"><\/span><\/span><\/a><h2 class=\"et_pb_module_header\"><a href=\"https:\/\/carldora.com\/pt\/project\/reservoirs-de-stockage-a-travers-la-wilaya\/\" title=\"R\u00e9alisation des Reservoirs de Stockage \u00e0 Travers la Wilaya &#8211; Lot N\u00ba 02: R\u00e9alisation d&#8217;un Chateaux d&#8217;eau de 1000m\u00b3 a BEN DAOUD\">R\u00e9alisation des Reservoirs de Stockage \u00e0 Travers la Wilaya &#8211; Lot N\u00ba 02: R\u00e9alisation d&#8217;un Chateaux d&#8217;eau de 1000m\u00b3 a BEN DAOUD<\/a><\/h2><p class=\"post-meta\"><a href=\"https:\/\/carldora.com\/pt\/project_category\/africa\/\" rel=\"tag\">\u00c1frica<\/a>, <a href=\"https:\/\/carldora.com\/pt\/project_category\/argelia\/\" rel=\"tag\">Arg\u00e9lia<\/a><\/p><\/div><div class=\"et_pb_filterable_portfolio_item_0_27 post-1380143 project type-project status-publish has-post-thumbnail hentry project_category-africa project_category-republica-do-congo project_tag-africa project_tag-republica-do-congo et_pb_portfolio_item project_category_africa project_category_republica-do-congo\" id=\"1380143\"><a href=\"https:\/\/carldora.com\/pt\/project\/pont-sur-la-riviere-likouala\/\" title=\"Pont Sur la Rivi\u00e8re Likouala \u2013\u00a0 Mossaka\"><span class=\"et_portfolio_image \"><img loading=\"lazy\" decoding=\"async\" src=\"https:\/\/carldora.com\/wp-content\/uploads\/2025\/10\/28_14-032-REPUBLICA-DO-CONGO-5-400x284.webp\" alt=\"Pont Sur la Rivi\u00e8re Likouala \u2013\u00a0 Mossaka\" width=\"400\" height=\"284\" \/><span class=\"et_overlay\" data-icon-tablet=\"\" data-icon-phone=\"\" data-icon-sticky=\"\"><\/span><\/span><\/a><h2 class=\"et_pb_module_header\"><a href=\"https:\/\/carldora.com\/pt\/project\/pont-sur-la-riviere-likouala\/\" title=\"Pont Sur la Rivi\u00e8re Likouala \u2013\u00a0 Mossaka\">Pont Sur la Rivi\u00e8re Likouala \u2013\u00a0 Mossaka<\/a><\/h2><p class=\"post-meta\"><a href=\"https:\/\/carldora.com\/pt\/project_category\/africa\/\" rel=\"tag\">\u00c1frica<\/a>, <a href=\"https:\/\/carldora.com\/pt\/project_category\/republica-do-congo\/\" rel=\"tag\">Rep\u00fablica do Congo<\/a><\/p><\/div><div class=\"et_pb_filterable_portfolio_item_0_28 post-1379936 project type-project status-publish has-post-thumbnail hentry project_category-africa project_category-mocambique project_tag-africa project_tag-mocambique et_pb_portfolio_item project_category_africa project_category_mocambique\" id=\"1379936\"><a href=\"https:\/\/carldora.com\/pt\/project\/reabilitacao-do-porto-de-nacala\/\" title=\"Reabilita\u00e7\u00e3o do Porto de Nacala\"><span class=\"et_portfolio_image \"><img loading=\"lazy\" decoding=\"async\" src=\"https:\/\/carldora.com\/wp-content\/uploads\/2025\/10\/29_14-234-MOCAMBIQUE-NACALA-5-400x284.webp\" alt=\"Reabilita\u00e7\u00e3o do Porto de Nacala\" width=\"400\" height=\"284\" \/><span class=\"et_overlay\" data-icon-tablet=\"\" data-icon-phone=\"\" data-icon-sticky=\"\"><\/span><\/span><\/a><h2 class=\"et_pb_module_header\"><a href=\"https:\/\/carldora.com\/pt\/project\/reabilitacao-do-porto-de-nacala\/\" title=\"Reabilita\u00e7\u00e3o do Porto de Nacala\">Reabilita\u00e7\u00e3o do Porto de Nacala<\/a><\/h2><p class=\"post-meta\"><a href=\"https:\/\/carldora.com\/pt\/project_category\/africa\/\" rel=\"tag\">\u00c1frica<\/a>, <a href=\"https:\/\/carldora.com\/pt\/project_category\/mocambique\/\" rel=\"tag\">Mo\u00e7ambique<\/a><\/p><\/div><div class=\"et_pb_filterable_portfolio_item_0_29 post-1380170 project type-project status-publish has-post-thumbnail hentry project_category-africa project_category-uganda et_pb_portfolio_item project_category_africa project_category_uganda\" id=\"1380170\"><a href=\"https:\/\/carldora.com\/pt\/project\/kampala-northern-bypass\/\" title=\"Kampala Northern Bypass \u2013 Uganda\"><span class=\"et_portfolio_image \"><img loading=\"lazy\" decoding=\"async\" src=\"https:\/\/carldora.com\/wp-content\/uploads\/2025\/10\/30_15-057-UGANDA-9-400x284.webp\" alt=\"Kampala Northern Bypass \u2013 Uganda\" width=\"400\" height=\"284\" \/><span class=\"et_overlay\" data-icon-tablet=\"\" data-icon-phone=\"\" data-icon-sticky=\"\"><\/span><\/span><\/a><h2 class=\"et_pb_module_header\"><a href=\"https:\/\/carldora.com\/pt\/project\/kampala-northern-bypass\/\" title=\"Kampala Northern Bypass \u2013 Uganda\">Kampala Northern Bypass \u2013 Uganda<\/a><\/h2><p class=\"post-meta\"><a href=\"https:\/\/carldora.com\/pt\/project_category\/africa\/\" rel=\"tag\">\u00c1frica<\/a>, <a href=\"https:\/\/carldora.com\/pt\/project_category\/uganda\/\" rel=\"tag\">Uganda<\/a><\/p><\/div><div class=\"et_pb_filterable_portfolio_item_0_30 post-1379963 project type-project status-publish has-post-thumbnail hentry project_category-africa project_category-mocambique project_tag-africa project_tag-mocambique et_pb_portfolio_item project_category_africa project_category_mocambique\" id=\"1379963\"><a href=\"https:\/\/carldora.com\/pt\/project\/vila-sede-de-chigubo\/\" title=\"Empreitada de Melhoramento e Expans\u00e3o do Sistema de Abastecimento da \u00c1gua Vila Sede de Chigubo, Prov\u00edncia de Gaza\"><span class=\"et_portfolio_image \"><img loading=\"lazy\" decoding=\"async\" src=\"https:\/\/carldora.com\/wp-content\/uploads\/2025\/10\/31_15-188-MOCAMBIQUE-RES.-ELEVADO-7-400x284.webp\" alt=\"Empreitada de Melhoramento e Expans\u00e3o do Sistema de Abastecimento da \u00c1gua Vila Sede de Chigubo, Prov\u00edncia de Gaza\" width=\"400\" height=\"284\" \/><span class=\"et_overlay\" data-icon-tablet=\"\" data-icon-phone=\"\" data-icon-sticky=\"\"><\/span><\/span><\/a><h2 class=\"et_pb_module_header\"><a href=\"https:\/\/carldora.com\/pt\/project\/vila-sede-de-chigubo\/\" title=\"Empreitada de Melhoramento e Expans\u00e3o do Sistema de Abastecimento da \u00c1gua Vila Sede de Chigubo, Prov\u00edncia de Gaza\">Empreitada de Melhoramento e Expans\u00e3o do Sistema de Abastecimento da \u00c1gua Vila Sede de Chigubo, Prov\u00edncia de Gaza<\/a><\/h2><p class=\"post-meta\"><a href=\"https:\/\/carldora.com\/pt\/project_category\/africa\/\" rel=\"tag\">\u00c1frica<\/a>, <a href=\"https:\/\/carldora.com\/pt\/project_category\/mocambique\/\" rel=\"tag\">Mo\u00e7ambique<\/a><\/p><\/div><div class=\"et_pb_filterable_portfolio_item_0_31 post-1380208 project type-project status-publish has-post-thumbnail hentry project_category-africa project_category-zambia project_tag-africa project_tag-zambia et_pb_portfolio_item project_category_africa project_category_zambia\" id=\"1380208\"><a href=\"https:\/\/carldora.com\/pt\/project\/lusaka-water-supply\/\" title=\"Lusaka Water Supply, Station and Drainage\"><span class=\"et_portfolio_image \"><img loading=\"lazy\" decoding=\"async\" src=\"https:\/\/carldora.com\/wp-content\/uploads\/2025\/10\/32_15-269-ZAMBIA-GABRIEL-COUTO-12-1-400x284.webp\" alt=\"Lusaka Water Supply, Station and Drainage\" width=\"400\" height=\"284\" \/><span class=\"et_overlay\" data-icon-tablet=\"\" data-icon-phone=\"\" data-icon-sticky=\"\"><\/span><\/span><\/a><h2 class=\"et_pb_module_header\"><a href=\"https:\/\/carldora.com\/pt\/project\/lusaka-water-supply\/\" title=\"Lusaka Water Supply, Station and Drainage\">Lusaka Water Supply, Station and Drainage<\/a><\/h2><p class=\"post-meta\"><a href=\"https:\/\/carldora.com\/pt\/project_category\/africa\/\" rel=\"tag\">\u00c1frica<\/a>, <a href=\"https:\/\/carldora.com\/pt\/project_category\/zambia\/\" rel=\"tag\">Zambia<\/a><\/p><\/div><div class=\"et_pb_filterable_portfolio_item_0_32 post-1379767 project type-project status-publish has-post-thumbnail hentry project_category-africa project_category-argelia project_tag-africa project_tag-argelia et_pb_portfolio_item project_category_africa project_category_argelia\" id=\"1379767\"><a href=\"https:\/\/carldora.com\/pt\/project\/argeliaobra\/\" title=\"Pris\u00f5es de El Oued\"><span class=\"et_portfolio_image \"><img loading=\"lazy\" decoding=\"async\" src=\"https:\/\/carldora.com\/wp-content\/uploads\/2025\/10\/33_15-276-ARGELIA-7-400x284.webp\" alt=\"Pris\u00f5es de El Oued\" width=\"400\" height=\"284\" \/><span class=\"et_overlay\" data-icon-tablet=\"\" data-icon-phone=\"\" data-icon-sticky=\"\"><\/span><\/span><\/a><h2 class=\"et_pb_module_header\"><a href=\"https:\/\/carldora.com\/pt\/project\/argeliaobra\/\" title=\"Pris\u00f5es de El Oued\">Pris\u00f5es de El Oued<\/a><\/h2><p class=\"post-meta\"><a href=\"https:\/\/carldora.com\/pt\/project_category\/africa\/\" rel=\"tag\">\u00c1frica<\/a>, <a href=\"https:\/\/carldora.com\/pt\/project_category\/argelia\/\" rel=\"tag\">Arg\u00e9lia<\/a><\/p><\/div><div class=\"et_pb_filterable_portfolio_item_0_33 post-1381612 project type-project status-publish has-post-thumbnail hentry project_category-africa project_category-cabo-verde project_tag-africa project_tag-cabo-verde et_pb_portfolio_item project_category_africa project_category_cabo-verde\" id=\"1381612\"><a href=\"https:\/\/carldora.com\/pt\/project\/expansao_e_modernizacao_do_porto_da_palmeira_fase_2_sal\/\" title=\"Expans\u00e3o e Moderniza\u00e7\u00e3o do Porto da Palmeira, Fase II \u2013 Sal\"><span class=\"et_portfolio_image \"><img loading=\"lazy\" decoding=\"async\" src=\"https:\/\/carldora.com\/wp-content\/uploads\/2025\/10\/34_15-370-CABO-VERDE-4-400x284.webp\" alt=\"Expans\u00e3o e Moderniza\u00e7\u00e3o do Porto da Palmeira, Fase II \u2013 Sal\" width=\"400\" height=\"284\" \/><span class=\"et_overlay\" data-icon-tablet=\"\" data-icon-phone=\"\" data-icon-sticky=\"\"><\/span><\/span><\/a><h2 class=\"et_pb_module_header\"><a href=\"https:\/\/carldora.com\/pt\/project\/expansao_e_modernizacao_do_porto_da_palmeira_fase_2_sal\/\" title=\"Expans\u00e3o e Moderniza\u00e7\u00e3o do Porto da Palmeira, Fase II \u2013 Sal\">Expans\u00e3o e Moderniza\u00e7\u00e3o do Porto da Palmeira, Fase II \u2013 Sal<\/a><\/h2><p class=\"post-meta\"><a href=\"https:\/\/carldora.com\/pt\/project_category\/africa\/\" rel=\"tag\">\u00c1frica<\/a>, <a href=\"https:\/\/carldora.com\/pt\/project_category\/cabo-verde\/\" rel=\"tag\">Cabo Verde<\/a><\/p><\/div><div class=\"et_pb_filterable_portfolio_item_0_34 post-1379941 project type-project status-publish has-post-thumbnail hentry project_category-africa project_category-mocambique project_tag-africa project_tag-mocambique et_pb_portfolio_item project_category_africa project_category_mocambique\" id=\"1379941\"><a href=\"https:\/\/carldora.com\/pt\/project\/polana-plaza\/\" title=\"Polana Plaza\"><span class=\"et_portfolio_image \"><img loading=\"lazy\" decoding=\"async\" src=\"https:\/\/carldora.com\/wp-content\/uploads\/2025\/10\/35_16-246-MOCAMBIQUE-POLANA-PLAZA-3-400x284.webp\" alt=\"Polana Plaza\" width=\"400\" height=\"284\" \/><span class=\"et_overlay\" data-icon-tablet=\"\" data-icon-phone=\"\" data-icon-sticky=\"\"><\/span><\/span><\/a><h2 class=\"et_pb_module_header\"><a href=\"https:\/\/carldora.com\/pt\/project\/polana-plaza\/\" title=\"Polana Plaza\">Polana Plaza<\/a><\/h2><p class=\"post-meta\"><a href=\"https:\/\/carldora.com\/pt\/project_category\/africa\/\" rel=\"tag\">\u00c1frica<\/a>, <a href=\"https:\/\/carldora.com\/pt\/project_category\/mocambique\/\" rel=\"tag\">Mo\u00e7ambique<\/a><\/p><\/div><div class=\"et_pb_filterable_portfolio_item_0_35 post-1380198 project type-project status-publish has-post-thumbnail hentry project_category-africa project_category-zambia project_tag-africa project_tag-zambia et_pb_portfolio_item project_category_africa project_category_zambia\" id=\"1380198\"><a href=\"https:\/\/carldora.com\/pt\/project\/cp3-lusaka-water-supply\/\" title=\"CP3 &#8211; Lusaka Water Supply Sanitation and Drainage (LWSSD) Project\"><span class=\"et_portfolio_image \"><img loading=\"lazy\" decoding=\"async\" src=\"https:\/\/carldora.com\/wp-content\/uploads\/2025\/10\/36_16-293-ZAMBIA-ELEVO-10-400x284.webp\" alt=\"CP3 &#8211; Lusaka Water Supply Sanitation and Drainage (LWSSD) Project\" width=\"400\" height=\"284\" \/><span class=\"et_overlay\" data-icon-tablet=\"\" data-icon-phone=\"\" data-icon-sticky=\"\"><\/span><\/span><\/a><h2 class=\"et_pb_module_header\"><a href=\"https:\/\/carldora.com\/pt\/project\/cp3-lusaka-water-supply\/\" title=\"CP3 &#8211; Lusaka Water Supply Sanitation and Drainage (LWSSD) Project\">CP3 &#8211; Lusaka Water Supply Sanitation and Drainage (LWSSD) Project<\/a><\/h2><p class=\"post-meta\"><a href=\"https:\/\/carldora.com\/pt\/project_category\/africa\/\" rel=\"tag\">\u00c1frica<\/a>, <a href=\"https:\/\/carldora.com\/pt\/project_category\/zambia\/\" rel=\"tag\">Zambia<\/a><\/p><\/div><div class=\"et_pb_filterable_portfolio_item_0_36 post-1380225 project type-project status-publish has-post-thumbnail hentry project_category-africa project_category-zimbabue project_tag-africa project_tag-zimbabue et_pb_portfolio_item project_category_africa project_category_zimbabue\" id=\"1380225\"><a href=\"https:\/\/carldora.com\/pt\/project\/zimbabue\/\" title=\"Obras de Infraestrutura\"><span class=\"et_portfolio_image \"><img loading=\"lazy\" decoding=\"async\" src=\"https:\/\/carldora.com\/wp-content\/uploads\/2025\/10\/38_19-834-ZIMBABUE-5-400x284.webp\" alt=\"Obras de Infraestrutura\" width=\"400\" height=\"284\" \/><span class=\"et_overlay\" data-icon-tablet=\"\" data-icon-phone=\"\" data-icon-sticky=\"\"><\/span><\/span><\/a><h2 class=\"et_pb_module_header\"><a href=\"https:\/\/carldora.com\/pt\/project\/zimbabue\/\" title=\"Obras de Infraestrutura\">Obras de Infraestrutura<\/a><\/h2><p class=\"post-meta\"><a href=\"https:\/\/carldora.com\/pt\/project_category\/africa\/\" rel=\"tag\">\u00c1frica<\/a>, <a href=\"https:\/\/carldora.com\/pt\/project_category\/zimbabue\/\" rel=\"tag\">Zimbabu\u00e9<\/a><\/p><\/div><div class=\"et_pb_filterable_portfolio_item_0_37 post-1380134 project type-project status-publish has-post-thumbnail hentry project_category-africa project_category-quenia project_tag-africa project_tag-quenia et_pb_portfolio_item project_category_africa project_category_quenia\" id=\"1380134\"><a href=\"https:\/\/carldora.com\/pt\/project\/mombasa-port-area-road-development-project\/\" title=\"Mombasa Port Area Road Development Project \u2013 Packge 2: Construction of Mwache Junction \u2013 Tsunza \u2013 Mteza Section\"><span class=\"et_portfolio_image \"><img loading=\"lazy\" decoding=\"async\" src=\"https:\/\/carldora.com\/wp-content\/uploads\/2025\/10\/39_21-756-QUENIA-7-400x284.webp\" alt=\"Mombasa Port Area Road Development Project \u2013 Packge 2: Construction of Mwache Junction \u2013 Tsunza \u2013 Mteza Section\" width=\"400\" height=\"284\" \/><span class=\"et_overlay\" data-icon-tablet=\"\" data-icon-phone=\"\" data-icon-sticky=\"\"><\/span><\/span><\/a><h2 class=\"et_pb_module_header\"><a href=\"https:\/\/carldora.com\/pt\/project\/mombasa-port-area-road-development-project\/\" title=\"Mombasa Port Area Road Development Project \u2013 Packge 2: Construction of Mwache Junction \u2013 Tsunza \u2013 Mteza Section\">Mombasa Port Area Road Development Project \u2013 Packge 2: Construction of Mwache Junction \u2013 Tsunza \u2013 Mteza Section<\/a><\/h2><p class=\"post-meta\"><a href=\"https:\/\/carldora.com\/pt\/project_category\/africa\/\" rel=\"tag\">\u00c1frica<\/a>, <a href=\"https:\/\/carldora.com\/pt\/project_category\/quenia\/\" rel=\"tag\">Qu\u00e9nia<\/a><\/p><\/div><div class=\"et_pb_filterable_portfolio_item_0_38 post-1379880 project type-project status-publish has-post-thumbnail hentry project_category-africa project_category-libia project_tag-africa project_tag-libia-2 et_pb_portfolio_item project_category_africa project_category_libia\" id=\"1379880\"><a href=\"https:\/\/carldora.com\/pt\/project\/benghazi\/\" title=\"Benghazi\"><span class=\"et_portfolio_image \"><img loading=\"lazy\" decoding=\"async\" src=\"https:\/\/carldora.com\/wp-content\/uploads\/2025\/10\/40_13-001-LIBIA-13-400x284.webp\" alt=\"Benghazi\" width=\"400\" height=\"284\" \/><span class=\"et_overlay\" data-icon-tablet=\"\" data-icon-phone=\"\" data-icon-sticky=\"\"><\/span><\/span><\/a><h2 class=\"et_pb_module_header\"><a href=\"https:\/\/carldora.com\/pt\/project\/benghazi\/\" title=\"Benghazi\">Benghazi<\/a><\/h2><p class=\"post-meta\"><a href=\"https:\/\/carldora.com\/pt\/project_category\/africa\/\" rel=\"tag\">\u00c1frica<\/a>, <a href=\"https:\/\/carldora.com\/pt\/project_category\/libia\/\" rel=\"tag\">L\u00edbia<\/a><\/p><\/div><div class=\"et_pb_filterable_portfolio_item_0_39 post-1379923 project type-project status-publish has-post-thumbnail hentry project_category-africa project_category-mauritania project_tag-africa project_tag-mauritania et_pb_portfolio_item project_category_africa project_category_mauritania\" id=\"1379923\"><a href=\"https:\/\/carldora.com\/pt\/project\/auto-estrada-kaedi-mbout-gouraye\/\" title=\"Auto-estrada Kaedi-Mbout &#8211; Gouraye\"><span class=\"et_portfolio_image \"><img loading=\"lazy\" decoding=\"async\" src=\"https:\/\/carldora.com\/wp-content\/uploads\/2025\/10\/41_07-0090-MAURITANIA-8-400x284.webp\" alt=\"Auto-estrada Kaedi-Mbout &#8211; Gouraye\" width=\"400\" height=\"284\" \/><span class=\"et_overlay\" data-icon-tablet=\"\" data-icon-phone=\"\" data-icon-sticky=\"\"><\/span><\/span><\/a><h2 class=\"et_pb_module_header\"><a href=\"https:\/\/carldora.com\/pt\/project\/auto-estrada-kaedi-mbout-gouraye\/\" title=\"Auto-estrada Kaedi-Mbout &#8211; Gouraye\">Auto-estrada Kaedi-Mbout &#8211; Gouraye<\/a><\/h2><p class=\"post-meta\"><a href=\"https:\/\/carldora.com\/pt\/project_category\/africa\/\" rel=\"tag\">\u00c1frica<\/a>, <a href=\"https:\/\/carldora.com\/pt\/project_category\/mauritania\/\" rel=\"tag\">Maurit\u00e2nia<\/a><\/p><\/div><div class=\"et_pb_filterable_portfolio_item_0_40 post-1379760 project type-project status-publish has-post-thumbnail hentry project_category-africa project_category-cabo-verde project_tag-africa project_tag-cabo-verde et_pb_portfolio_item project_category_africa project_category_cabo-verde\" id=\"1379760\"><a href=\"https:\/\/carldora.com\/pt\/project\/construcao-e-expansao-porto-de-cavaleiros-e-furna\/\" title=\"Constru\u00e7\u00e3o e Expans\u00e3o Porto de Cavaleiros e Furna\"><span class=\"et_portfolio_image \"><img loading=\"lazy\" decoding=\"async\" src=\"https:\/\/carldora.com\/wp-content\/uploads\/2025\/10\/42_11-226-CABO-VERDE-3-400x284.webp\" alt=\"Constru\u00e7\u00e3o e Expans\u00e3o Porto de Cavaleiros e Furna\" width=\"400\" height=\"284\" \/><span class=\"et_overlay\" data-icon-tablet=\"\" data-icon-phone=\"\" data-icon-sticky=\"\"><\/span><\/span><\/a><h2 class=\"et_pb_module_header\"><a href=\"https:\/\/carldora.com\/pt\/project\/construcao-e-expansao-porto-de-cavaleiros-e-furna\/\" title=\"Constru\u00e7\u00e3o e Expans\u00e3o Porto de Cavaleiros e Furna\">Constru\u00e7\u00e3o e Expans\u00e3o Porto de Cavaleiros e Furna<\/a><\/h2><p class=\"post-meta\"><a href=\"https:\/\/carldora.com\/pt\/project_category\/africa\/\" rel=\"tag\">\u00c1frica<\/a>, <a href=\"https:\/\/carldora.com\/pt\/project_category\/cabo-verde\/\" rel=\"tag\">Cabo Verde<\/a><\/p><\/div><div class=\"et_pb_filterable_portfolio_item_0_41 post-1380176 project type-project status-publish has-post-thumbnail hentry project_category-america-do-sul project_category-venezuela project_tag-america-do-sul project_tag-venezuela et_pb_portfolio_item project_category_america-do-sul project_category_venezuela\" id=\"1380176\"><a href=\"https:\/\/carldora.com\/pt\/project\/canal-tacagua\/\" title=\"Canal Tac\u00e1gua, Distribuidor Macayapa\"><span class=\"et_portfolio_image \"><img loading=\"lazy\" decoding=\"async\" src=\"https:\/\/carldora.com\/wp-content\/uploads\/2025\/10\/01_12-187-VENEZUELA-12-2-400x284.webp\" alt=\"Canal Tac\u00e1gua, Distribuidor Macayapa\" width=\"400\" height=\"284\" \/><span class=\"et_overlay\" data-icon-tablet=\"\" data-icon-phone=\"\" data-icon-sticky=\"\"><\/span><\/span><\/a><h2 class=\"et_pb_module_header\"><a href=\"https:\/\/carldora.com\/pt\/project\/canal-tacagua\/\" title=\"Canal Tac\u00e1gua, Distribuidor Macayapa\">Canal Tac\u00e1gua, Distribuidor Macayapa<\/a><\/h2><p class=\"post-meta\"><a href=\"https:\/\/carldora.com\/pt\/project_category\/america-do-sul\/\" rel=\"tag\">Am\u00e9rica do Sul<\/a>, <a href=\"https:\/\/carldora.com\/pt\/project_category\/venezuela\/\" rel=\"tag\">Venezuela<\/a><\/p><\/div><div class=\"et_pb_filterable_portfolio_item_0_42 post-1380162 project type-project status-publish has-post-thumbnail hentry project_category-america-do-sul project_category-trindade-e-tobago project_tag-america-do-sul project_tag-trindade-e-tobago et_pb_portfolio_item project_category_america-do-sul project_category_trindade-e-tobago\" id=\"1380162\"><a href=\"https:\/\/carldora.com\/pt\/project\/sir-solomon-hochoy-higway\/\" title=\"Sir Solomon Hochoy Higway &#8211; Point Fortin\"><span class=\"et_portfolio_image \"><img loading=\"lazy\" decoding=\"async\" src=\"https:\/\/carldora.com\/wp-content\/uploads\/2025\/10\/02_14-149-TRINIDADE-E-TOBAGO-9-400x284.webp\" alt=\"Sir Solomon Hochoy Higway &#8211; Point Fortin\" width=\"400\" height=\"284\" \/><span class=\"et_overlay\" data-icon-tablet=\"\" data-icon-phone=\"\" data-icon-sticky=\"\"><\/span><\/span><\/a><h2 class=\"et_pb_module_header\"><a href=\"https:\/\/carldora.com\/pt\/project\/sir-solomon-hochoy-higway\/\" title=\"Sir Solomon Hochoy Higway &#8211; Point Fortin\">Sir Solomon Hochoy Higway &#8211; Point Fortin<\/a><\/h2><p class=\"post-meta\"><a href=\"https:\/\/carldora.com\/pt\/project_category\/america-do-sul\/\" rel=\"tag\">Am\u00e9rica do Sul<\/a>, <a href=\"https:\/\/carldora.com\/pt\/project_category\/trindade-e-tobago\/\" rel=\"tag\">Trindade e Tobago<\/a><\/p><\/div><div class=\"et_pb_filterable_portfolio_item_0_43 post-1379858 project type-project status-publish has-post-thumbnail hentry project_category-europa project_category-reino-unido project_tag-europa project_tag-reino-unido et_pb_portfolio_item project_category_europa project_category_reino-unido\" id=\"1379858\"><a href=\"https:\/\/carldora.com\/pt\/project\/high-speed-2-curzon-approach\/\" title=\"Trabalhos de Constru\u00e7\u00e3o Civil das Obras Principais High Speed 2\"><span class=\"et_portfolio_image \"><img loading=\"lazy\" decoding=\"async\" src=\"https:\/\/carldora.com\/wp-content\/uploads\/2025\/10\/01_21-716-INGLATERRA-PIER-15S-1-400x284.webp\" alt=\"Trabalhos de Constru\u00e7\u00e3o Civil das Obras Principais High Speed 2\" width=\"400\" height=\"284\" \/><span class=\"et_overlay\" data-icon-tablet=\"\" data-icon-phone=\"\" data-icon-sticky=\"\"><\/span><\/span><\/a><h2 class=\"et_pb_module_header\"><a href=\"https:\/\/carldora.com\/pt\/project\/high-speed-2-curzon-approach\/\" title=\"Trabalhos de Constru\u00e7\u00e3o Civil das Obras Principais High Speed 2\">Trabalhos de Constru\u00e7\u00e3o Civil das Obras Principais High Speed 2<\/a><\/h2><p class=\"post-meta\"><a href=\"https:\/\/carldora.com\/pt\/project_category\/europa\/\" rel=\"tag\">Europa<\/a>, <a href=\"https:\/\/carldora.com\/pt\/project_category\/reino-unido\/\" rel=\"tag\">Reino Unido<\/a><\/p><\/div><div class=\"et_pb_filterable_portfolio_item_0_44 post-1379827 project type-project status-publish has-post-thumbnail hentry project_category-europa project_category-franca project_tag-europa project_tag-franca et_pb_portfolio_item project_category_europa project_category_franca\" id=\"1379827\"><a href=\"https:\/\/carldora.com\/pt\/project\/port-de-la-turballe\/\" title=\"Am\u00e9nagement du port d\u00e9partemental de la Turballe \u2013 Phase 1\"><span class=\"et_portfolio_image \"><img loading=\"lazy\" decoding=\"async\" src=\"https:\/\/carldora.com\/wp-content\/uploads\/2025\/10\/02_20-334-PORT-DE-LA-TURBALLE-FRANCA-8-400x284.webp\" alt=\"Am\u00e9nagement du port d\u00e9partemental de la Turballe \u2013 Phase 1\" width=\"400\" height=\"284\" \/><span class=\"et_overlay\" data-icon-tablet=\"\" data-icon-phone=\"\" data-icon-sticky=\"\"><\/span><\/span><\/a><h2 class=\"et_pb_module_header\"><a href=\"https:\/\/carldora.com\/pt\/project\/port-de-la-turballe\/\" title=\"Am\u00e9nagement du port d\u00e9partemental de la Turballe \u2013 Phase 1\">Am\u00e9nagement du port d\u00e9partemental de la Turballe \u2013 Phase 1<\/a><\/h2><p class=\"post-meta\"><a href=\"https:\/\/carldora.com\/pt\/project_category\/europa\/\" rel=\"tag\">Europa<\/a>, <a href=\"https:\/\/carldora.com\/pt\/project_category\/franca\/\" rel=\"tag\">Fran\u00e7a<\/a><\/p><\/div><div class=\"et_pb_filterable_portfolio_item_0_45 post-1379808 project type-project status-publish has-post-thumbnail hentry project_category-europa project_category-franca project_tag-europa project_tag-franca et_pb_portfolio_item project_category_europa project_category_franca\" id=\"1379808\"><a href=\"https:\/\/carldora.com\/pt\/project\/interconnexion-de-saint-jean-de-maurienne\/\" title=\"Interconnexion de Saint Jean de Maurienne \u2013 Chantier MT103 \u2013 GC Phases 2 \u00e0 5\"><span class=\"et_portfolio_image \"><img loading=\"lazy\" decoding=\"async\" src=\"https:\/\/carldora.com\/wp-content\/uploads\/2025\/10\/03_-23-148-FRANCA-EIFFAGE-8-400x284.webp\" alt=\"Interconnexion de Saint Jean de Maurienne \u2013 Chantier MT103 \u2013 GC Phases 2 \u00e0 5\" width=\"400\" height=\"284\" \/><span class=\"et_overlay\" data-icon-tablet=\"\" data-icon-phone=\"\" data-icon-sticky=\"\"><\/span><\/span><\/a><h2 class=\"et_pb_module_header\"><a href=\"https:\/\/carldora.com\/pt\/project\/interconnexion-de-saint-jean-de-maurienne\/\" title=\"Interconnexion de Saint Jean de Maurienne \u2013 Chantier MT103 \u2013 GC Phases 2 \u00e0 5\">Interconnexion de Saint Jean de Maurienne \u2013 Chantier MT103 \u2013 GC Phases 2 \u00e0 5<\/a><\/h2><p class=\"post-meta\"><a href=\"https:\/\/carldora.com\/pt\/project_category\/europa\/\" rel=\"tag\">Europa<\/a>, <a href=\"https:\/\/carldora.com\/pt\/project_category\/franca\/\" rel=\"tag\">Fran\u00e7a<\/a><\/p><\/div><div class=\"et_pb_filterable_portfolio_item_0_46 post-1379801 project type-project status-publish has-post-thumbnail hentry project_category-europa project_category-franca project_tag-europa project_tag-franca et_pb_portfolio_item project_category_europa project_category_franca\" id=\"1379801\"><a href=\"https:\/\/carldora.com\/pt\/project\/port-de-cannes\/\" title=\"Refection et confortement de laDigue Laubeuf et de la Digue du Large du Vieux Port de Cannes &#8211; Reforma e amplia\u00e7\u00e3o do dique Laubeuf e do dique do Large do Porto Velho de Cannes\"><span class=\"et_portfolio_image \"><img loading=\"lazy\" decoding=\"async\" src=\"https:\/\/carldora.com\/wp-content\/uploads\/2025\/10\/04_18-508-CANNES-FRANCA-11-400x284.webp\" alt=\"Refection et confortement de laDigue Laubeuf et de la Digue du Large du Vieux Port de Cannes &#8211; Reforma e amplia\u00e7\u00e3o do dique Laubeuf e do dique do Large do Porto Velho de Cannes\" width=\"400\" height=\"284\" \/><span class=\"et_overlay\" data-icon-tablet=\"\" data-icon-phone=\"\" data-icon-sticky=\"\"><\/span><\/span><\/a><h2 class=\"et_pb_module_header\"><a href=\"https:\/\/carldora.com\/pt\/project\/port-de-cannes\/\" title=\"Refection et confortement de laDigue Laubeuf et de la Digue du Large du Vieux Port de Cannes &#8211; Reforma e amplia\u00e7\u00e3o do dique Laubeuf e do dique do Large do Porto Velho de Cannes\">Refection et confortement de laDigue Laubeuf et de la Digue du Large du Vieux Port de Cannes &#8211; Reforma e amplia\u00e7\u00e3o do dique Laubeuf e do dique do Large do Porto Velho de Cannes<\/a><\/h2><p class=\"post-meta\"><a href=\"https:\/\/carldora.com\/pt\/project_category\/europa\/\" rel=\"tag\">Europa<\/a>, <a href=\"https:\/\/carldora.com\/pt\/project_category\/franca\/\" rel=\"tag\">Fran\u00e7a<\/a><\/p><\/div><div class=\"et_pb_filterable_portfolio_item_0_47 post-1380148 project type-project status-publish has-post-thumbnail hentry project_category-europa project_category-romenia project_tag-europa project_tag-romenia et_pb_portfolio_item project_category_europa project_category_romenia\" id=\"1380148\"><a href=\"https:\/\/carldora.com\/pt\/project\/romenia\/\" title=\"Rom\u00e9nia\"><span class=\"et_portfolio_image \"><img loading=\"lazy\" decoding=\"async\" src=\"https:\/\/carldora.com\/wp-content\/uploads\/2025\/10\/05_19-007-ROMENIA-5-400x284.webp\" alt=\"Rom\u00e9nia\" width=\"400\" height=\"284\" \/><span class=\"et_overlay\" data-icon-tablet=\"\" data-icon-phone=\"\" data-icon-sticky=\"\"><\/span><\/span><\/a><h2 class=\"et_pb_module_header\"><a href=\"https:\/\/carldora.com\/pt\/project\/romenia\/\" title=\"Rom\u00e9nia\">Rom\u00e9nia<\/a><\/h2><p class=\"post-meta\"><a href=\"https:\/\/carldora.com\/pt\/project_category\/europa\/\" rel=\"tag\">Europa<\/a>, <a href=\"https:\/\/carldora.com\/pt\/project_category\/romenia\/\" rel=\"tag\">Rom\u00e9nia<\/a><\/p><\/div><div class=\"et_pb_filterable_portfolio_item_0_48 post-1379987 project type-project status-publish has-post-thumbnail hentry project_category-europa project_category-monaco project_tag-europa project_tag-monaco et_pb_portfolio_item project_category_europa project_category_monaco\" id=\"1379987\"><a href=\"https:\/\/carldora.com\/pt\/project\/parking-darse-nord\/\" title=\"Parking Darse Nord &#8211; Monaco\"><span class=\"et_portfolio_image \"><img loading=\"lazy\" decoding=\"async\" src=\"https:\/\/carldora.com\/wp-content\/uploads\/2025\/10\/06_19-344-MONACO-2-400x284.webp\" alt=\"Parking Darse Nord &#8211; Monaco\" width=\"400\" height=\"284\" \/><span class=\"et_overlay\" data-icon-tablet=\"\" data-icon-phone=\"\" data-icon-sticky=\"\"><\/span><\/span><\/a><h2 class=\"et_pb_module_header\"><a href=\"https:\/\/carldora.com\/pt\/project\/parking-darse-nord\/\" title=\"Parking Darse Nord &#8211; Monaco\">Parking Darse Nord &#8211; Monaco<\/a><\/h2><p class=\"post-meta\"><a href=\"https:\/\/carldora.com\/pt\/project_category\/europa\/\" rel=\"tag\">Europa<\/a>, <a href=\"https:\/\/carldora.com\/pt\/project_category\/monaco\/\" rel=\"tag\">Monaco<\/a><\/p><\/div><div class=\"et_pb_filterable_portfolio_item_0_49 post-1379823 project type-project status-publish has-post-thumbnail hentry project_category-europa project_category-franca project_tag-europa project_tag-franca et_pb_portfolio_item project_category_europa project_category_franca\" id=\"1379823\"><a href=\"https:\/\/carldora.com\/pt\/project\/reabilitacao-do-epi-de-plouhinec\/\" title=\"Reabilita\u00e7\u00e3o do EPI de Plouhinec\"><span class=\"et_portfolio_image \"><img loading=\"lazy\" decoding=\"async\" src=\"https:\/\/carldora.com\/wp-content\/uploads\/2025\/10\/07_19-747-MORBIHAN-FRANCA-3-400x284.webp\" alt=\"Reabilita\u00e7\u00e3o do EPI de Plouhinec\" width=\"400\" height=\"284\" \/><span class=\"et_overlay\" data-icon-tablet=\"\" data-icon-phone=\"\" data-icon-sticky=\"\"><\/span><\/span><\/a><h2 class=\"et_pb_module_header\"><a href=\"https:\/\/carldora.com\/pt\/project\/reabilitacao-do-epi-de-plouhinec\/\" title=\"Reabilita\u00e7\u00e3o do EPI de Plouhinec\">Reabilita\u00e7\u00e3o do EPI de Plouhinec<\/a><\/h2><p class=\"post-meta\"><a href=\"https:\/\/carldora.com\/pt\/project_category\/europa\/\" rel=\"tag\">Europa<\/a>, <a href=\"https:\/\/carldora.com\/pt\/project_category\/franca\/\" rel=\"tag\">Fran\u00e7a<\/a><\/p><\/div><div class=\"et_pb_filterable_portfolio_item_0_50 post-1379818 project type-project status-publish has-post-thumbnail hentry project_category-europa project_category-franca project_tag-europa project_tag-franca et_pb_portfolio_item project_category_europa project_category_franca\" id=\"1379818\"><a href=\"https:\/\/carldora.com\/pt\/project\/ile-sur-tet\/\" title=\"Reabilita\u00e7\u00e3o do Canal de L&#8217;ile Sur T\u00eat\"><span class=\"et_portfolio_image \"><img loading=\"lazy\" decoding=\"async\" src=\"https:\/\/carldora.com\/wp-content\/uploads\/2025\/10\/08_21-270-ILE-SUR-TET-FRANCA-4-400x284.webp\" alt=\"Reabilita\u00e7\u00e3o do Canal de L&#8217;ile Sur T\u00eat\" width=\"400\" height=\"284\" \/><span class=\"et_overlay\" data-icon-tablet=\"\" data-icon-phone=\"\" data-icon-sticky=\"\"><\/span><\/span><\/a><h2 class=\"et_pb_module_header\"><a href=\"https:\/\/carldora.com\/pt\/project\/ile-sur-tet\/\" title=\"Reabilita\u00e7\u00e3o do Canal de L&#8217;ile Sur T\u00eat\">Reabilita\u00e7\u00e3o do Canal de L&#8217;ile Sur T\u00eat<\/a><\/h2><p class=\"post-meta\"><a href=\"https:\/\/carldora.com\/pt\/project_category\/europa\/\" rel=\"tag\">Europa<\/a>, <a href=\"https:\/\/carldora.com\/pt\/project_category\/franca\/\" rel=\"tag\">Fran\u00e7a<\/a><\/p><\/div><div class=\"et_pb_filterable_portfolio_item_0_51 post-1379889 project type-project status-publish has-post-thumbnail hentry project_category-europa project_category-lituania project_tag-europa project_tag-lituania et_pb_portfolio_item project_category_europa project_category_lituania\" id=\"1379889\"><a href=\"https:\/\/carldora.com\/pt\/project\/breakwaters-klaipeda\/\" title=\"Breakwaters Klaip\u00e9da\"><span class=\"et_portfolio_image \"><img loading=\"lazy\" decoding=\"async\" src=\"https:\/\/carldora.com\/wp-content\/uploads\/2025\/10\/09_21-761-LITUANIA-13-400x284.webp\" alt=\"Breakwaters Klaip\u00e9da\" width=\"400\" height=\"284\" \/><span class=\"et_overlay\" data-icon-tablet=\"\" data-icon-phone=\"\" data-icon-sticky=\"\"><\/span><\/span><\/a><h2 class=\"et_pb_module_header\"><a href=\"https:\/\/carldora.com\/pt\/project\/breakwaters-klaipeda\/\" title=\"Breakwaters Klaip\u00e9da\">Breakwaters Klaip\u00e9da<\/a><\/h2><p class=\"post-meta\"><a href=\"https:\/\/carldora.com\/pt\/project_category\/europa\/\" rel=\"tag\">Europa<\/a>, <a href=\"https:\/\/carldora.com\/pt\/project_category\/lituania\/\" rel=\"tag\">Litu\u00e2nia<\/a><\/p><\/div><div class=\"et_pb_filterable_portfolio_item_0_52 post-1379782 project type-project status-publish has-post-thumbnail hentry project_category-espanha project_category-europa project_tag-espanha project_tag-europa et_pb_portfolio_item project_category_espanha project_category_europa\" id=\"1379782\"><a href=\"https:\/\/carldora.com\/pt\/project\/pavilao-amostra-portugal\/\" title=\"Pavilh\u00e3o para Amostra de Portugal &#8211; Pra\u00e7a de Espanha\"><span class=\"et_portfolio_image \"><img loading=\"lazy\" decoding=\"async\" src=\"https:\/\/carldora.com\/wp-content\/uploads\/2025\/10\/10_2000-MADRID-ESPANHA-10-400x284.webp\" alt=\"Pavilh\u00e3o para Amostra de Portugal &#8211; Pra\u00e7a de Espanha\" width=\"400\" height=\"284\" \/><span class=\"et_overlay\" data-icon-tablet=\"\" data-icon-phone=\"\" data-icon-sticky=\"\"><\/span><\/span><\/a><h2 class=\"et_pb_module_header\"><a href=\"https:\/\/carldora.com\/pt\/project\/pavilao-amostra-portugal\/\" title=\"Pavilh\u00e3o para Amostra de Portugal &#8211; Pra\u00e7a de Espanha\">Pavilh\u00e3o para Amostra de Portugal &#8211; Pra\u00e7a de Espanha<\/a><\/h2><p class=\"post-meta\"><a href=\"https:\/\/carldora.com\/pt\/project_category\/espanha\/\" rel=\"tag\">Espanha<\/a>, <a href=\"https:\/\/carldora.com\/pt\/project_category\/europa\/\" rel=\"tag\">Europa<\/a><\/p><\/div><div class=\"et_pb_filterable_portfolio_item_0_53 post-1379789 project type-project status-publish has-post-thumbnail hentry project_category-espanha project_category-europa project_tag-espanha project_tag-europa et_pb_portfolio_item project_category_espanha project_category_europa\" id=\"1379789\"><a href=\"https:\/\/carldora.com\/pt\/project\/marina-de-puerto-soller\/\" title=\"Marina de Puerto Soller \u2013 Maiorca\"><span class=\"et_portfolio_image \"><img loading=\"lazy\" decoding=\"async\" src=\"https:\/\/carldora.com\/wp-content\/uploads\/2025\/10\/11_2005-MAIORCA-ESPANHA-5-400x284.webp\" alt=\"Marina de Puerto Soller \u2013 Maiorca\" width=\"400\" height=\"284\" \/><span class=\"et_overlay\" data-icon-tablet=\"\" data-icon-phone=\"\" data-icon-sticky=\"\"><\/span><\/span><\/a><h2 class=\"et_pb_module_header\"><a href=\"https:\/\/carldora.com\/pt\/project\/marina-de-puerto-soller\/\" title=\"Marina de Puerto Soller \u2013 Maiorca\">Marina de Puerto Soller \u2013 Maiorca<\/a><\/h2><p class=\"post-meta\"><a href=\"https:\/\/carldora.com\/pt\/project_category\/espanha\/\" rel=\"tag\">Espanha<\/a>, <a href=\"https:\/\/carldora.com\/pt\/project_category\/europa\/\" rel=\"tag\">Europa<\/a><\/p><\/div><div class=\"et_pb_filterable_portfolio_item_0_54 post-1380154 project type-project status-publish has-post-thumbnail hentry project_category-america-do-norte project_category-sao-pedro-e-miquelon project_tag-europa project_tag-sao-pedro-e-miquelao et_pb_portfolio_item project_category_america-do-norte project_category_sao-pedro-e-miquelon\" id=\"1380154\"><a href=\"https:\/\/carldora.com\/pt\/project\/la-digue-spm\/\" title=\"La Digue SPM\"><span class=\"et_portfolio_image \"><img loading=\"lazy\" decoding=\"async\" src=\"https:\/\/carldora.com\/wp-content\/uploads\/2025\/10\/18-1001-Sao-Pedro-e-Miquelon_0688-400x284.jpg\" alt=\"La Digue SPM\" width=\"400\" height=\"284\" \/><span class=\"et_overlay\" data-icon-tablet=\"\" data-icon-phone=\"\" data-icon-sticky=\"\"><\/span><\/span><\/a><h2 class=\"et_pb_module_header\"><a href=\"https:\/\/carldora.com\/pt\/project\/la-digue-spm\/\" title=\"La Digue SPM\">La Digue SPM<\/a><\/h2><p class=\"post-meta\"><a href=\"https:\/\/carldora.com\/pt\/project_category\/america-do-norte\/\" rel=\"tag\">Am\u00e9rica do Norte<\/a>, <a href=\"https:\/\/carldora.com\/pt\/project_category\/sao-pedro-e-miquelon\/\" rel=\"tag\">S\u00e3o Pedro e Miquelon<\/a><\/p><\/div><div class=\"et_pb_filterable_portfolio_item_0_55 post-1380141 project type-project status-publish has-post-thumbnail hentry project_category-kiribati project_category-oceania project_tag-kiribati project_tag-oceania et_pb_portfolio_item project_category_kiribati project_category_oceania\" id=\"1380141\"><a href=\"https:\/\/carldora.com\/pt\/project\/projeto_kiribati\/\" title=\"Projeto em Kiribati\"><span class=\"et_portfolio_image \"><img loading=\"lazy\" decoding=\"async\" src=\"https:\/\/carldora.com\/wp-content\/uploads\/2025\/10\/45_18-419-Quiribati-1-400x284.webp\" alt=\"Projeto em Kiribati\" width=\"400\" height=\"284\" \/><span class=\"et_overlay\" data-icon-tablet=\"\" data-icon-phone=\"\" data-icon-sticky=\"\"><\/span><\/span><\/a><h2 class=\"et_pb_module_header\"><a href=\"https:\/\/carldora.com\/pt\/project\/projeto_kiribati\/\" title=\"Projeto em Kiribati\">Projeto em Kiribati<\/a><\/h2><p class=\"post-meta\"><a href=\"https:\/\/carldora.com\/pt\/project_category\/kiribati\/\" rel=\"tag\">Kiribati<\/a>, <a href=\"https:\/\/carldora.com\/pt\/project_category\/oceania\/\" rel=\"tag\">Oce\u00e2nia<\/a><\/p><\/div><div class=\"et_pb_filterable_portfolio_item_0_56 post-1380013 project type-project status-publish has-post-thumbnail hentry project_category-europa project_category-portugal project_tag-europa project_tag-portugal et_pb_portfolio_item project_category_europa project_category_portugal\" id=\"1380013\"><a href=\"https:\/\/carldora.com\/pt\/project\/aproveitamento-hidroeletrico-gouvaes\/\" title=\"Aproveitamento Hidroel\u00e9trico Gouv\u00e3es\"><span class=\"et_portfolio_image \"><img loading=\"lazy\" decoding=\"async\" src=\"https:\/\/carldora.com\/wp-content\/uploads\/2025\/10\/01_17-448-CENTRAL-H.-GOUVAES-PORTUGAL-5-5-400x284.webp\" alt=\"Aproveitamento Hidroel\u00e9trico Gouv\u00e3es\" width=\"400\" height=\"284\" \/><span class=\"et_overlay\" data-icon-tablet=\"\" data-icon-phone=\"\" data-icon-sticky=\"\"><\/span><\/span><\/a><h2 class=\"et_pb_module_header\"><a href=\"https:\/\/carldora.com\/pt\/project\/aproveitamento-hidroeletrico-gouvaes\/\" title=\"Aproveitamento Hidroel\u00e9trico Gouv\u00e3es\">Aproveitamento Hidroel\u00e9trico Gouv\u00e3es<\/a><\/h2><p class=\"post-meta\"><a href=\"https:\/\/carldora.com\/pt\/project_category\/europa\/\" rel=\"tag\">Europa<\/a>, <a href=\"https:\/\/carldora.com\/pt\/project_category\/portugal\/\" rel=\"tag\">Portugal<\/a><\/p><\/div><div class=\"et_pb_filterable_portfolio_item_0_57 post-1379996 project type-project status-publish has-post-thumbnail hentry project_category-europa project_category-portugal project_tag-europa project_tag-portugal et_pb_portfolio_item project_category_europa project_category_portugal\" id=\"1379996\"><a href=\"https:\/\/carldora.com\/pt\/project\/barragem-do-alqueva\/\" title=\"Barragem do Alqueva \u00a0\"><span class=\"et_portfolio_image \"><img loading=\"lazy\" decoding=\"async\" src=\"https:\/\/carldora.com\/wp-content\/uploads\/2025\/10\/02_2002-ALQUEVA-PORTUGAL-5-3-400x284.webp\" alt=\"Barragem do Alqueva \u00a0\" width=\"400\" height=\"284\" \/><span class=\"et_overlay\" data-icon-tablet=\"\" data-icon-phone=\"\" data-icon-sticky=\"\"><\/span><\/span><\/a><h2 class=\"et_pb_module_header\"><a href=\"https:\/\/carldora.com\/pt\/project\/barragem-do-alqueva\/\" title=\"Barragem do Alqueva \u00a0\">Barragem do Alqueva \u00a0<\/a><\/h2><p class=\"post-meta\"><a href=\"https:\/\/carldora.com\/pt\/project_category\/europa\/\" rel=\"tag\">Europa<\/a>, <a href=\"https:\/\/carldora.com\/pt\/project_category\/portugal\/\" rel=\"tag\">Portugal<\/a><\/p><\/div><div class=\"et_pb_filterable_portfolio_item_0_58 post-1380111 project type-project status-publish has-post-thumbnail hentry project_category-europa project_category-portugal project_tag-europa project_tag-portugal et_pb_portfolio_item project_category_europa project_category_portugal\" id=\"1380111\"><a href=\"https:\/\/carldora.com\/pt\/project\/viaduto-baixo-tejo\/\" title=\"Subconcess\u00e3o Viaduto Baixo Tejo \u2013 Viaduto Belverde\"><span class=\"et_portfolio_image \"><img loading=\"lazy\" decoding=\"async\" src=\"https:\/\/carldora.com\/wp-content\/uploads\/2025\/10\/03_09-435-VIADUTO-BAIXO-TEJO-ODEBRECHT-PORTUGAL-15-17-400x284.webp\" alt=\"Subconcess\u00e3o Viaduto Baixo Tejo \u2013 Viaduto Belverde\" width=\"400\" height=\"284\" \/><span class=\"et_overlay\" data-icon-tablet=\"\" data-icon-phone=\"\" data-icon-sticky=\"\"><\/span><\/span><\/a><h2 class=\"et_pb_module_header\"><a href=\"https:\/\/carldora.com\/pt\/project\/viaduto-baixo-tejo\/\" title=\"Subconcess\u00e3o Viaduto Baixo Tejo \u2013 Viaduto Belverde\">Subconcess\u00e3o Viaduto Baixo Tejo \u2013 Viaduto Belverde<\/a><\/h2><p class=\"post-meta\"><a href=\"https:\/\/carldora.com\/pt\/project_category\/europa\/\" rel=\"tag\">Europa<\/a>, <a href=\"https:\/\/carldora.com\/pt\/project_category\/portugal\/\" rel=\"tag\">Portugal<\/a><\/p><\/div><div class=\"et_pb_filterable_portfolio_item_0_59 post-1380061 project type-project status-publish has-post-thumbnail hentry project_category-europa project_category-portugal project_tag-europa project_tag-portugal et_pb_portfolio_item project_category_europa project_category_portugal\" id=\"1380061\"><a href=\"https:\/\/carldora.com\/pt\/project\/reservatorio-castro-verde\/\" title=\"Subconcess\u00e3o Remodela\u00e7\u00e3o do Monte da Rocha \u2013 Refor\u00e7o Adu\u00e7\u00e3o a Castro Verde\"><span class=\"et_portfolio_image \"><img loading=\"lazy\" decoding=\"async\" src=\"https:\/\/carldora.com\/wp-content\/uploads\/2025\/10\/04_18-235-RES.-CASTRO-VERDE-PORTUGAL-1-1-400x284.webp\" alt=\"Subconcess\u00e3o Remodela\u00e7\u00e3o do Monte da Rocha \u2013 Refor\u00e7o Adu\u00e7\u00e3o a Castro Verde\" width=\"400\" height=\"284\" \/><span class=\"et_overlay\" data-icon-tablet=\"\" data-icon-phone=\"\" data-icon-sticky=\"\"><\/span><\/span><\/a><h2 class=\"et_pb_module_header\"><a href=\"https:\/\/carldora.com\/pt\/project\/reservatorio-castro-verde\/\" title=\"Subconcess\u00e3o Remodela\u00e7\u00e3o do Monte da Rocha \u2013 Refor\u00e7o Adu\u00e7\u00e3o a Castro Verde\">Subconcess\u00e3o Remodela\u00e7\u00e3o do Monte da Rocha \u2013 Refor\u00e7o Adu\u00e7\u00e3o a Castro Verde<\/a><\/h2><p class=\"post-meta\"><a href=\"https:\/\/carldora.com\/pt\/project_category\/europa\/\" rel=\"tag\">Europa<\/a>, <a href=\"https:\/\/carldora.com\/pt\/project_category\/portugal\/\" rel=\"tag\">Portugal<\/a><\/p><\/div><div class=\"et_pb_filterable_portfolio_item_0_60 post-1380070 project type-project status-publish has-post-thumbnail hentry project_category-europa project_category-portugal project_tag-europa project_tag-portugal et_pb_portfolio_item project_category_europa project_category_portugal\" id=\"1380070\"><a href=\"https:\/\/carldora.com\/pt\/project\/resevatorio-da-guarda\/\" title=\"Subconcess\u00e3o Reservat\u00f3rio Elevado de Castanheira \u2013 Guarda \u00a0\"><span class=\"et_portfolio_image \"><img loading=\"lazy\" decoding=\"async\" src=\"https:\/\/carldora.com\/wp-content\/uploads\/2025\/10\/05_18-124-RESERVATORIO-DA-GUARDA-PORTUGAL-1-1-400x284.webp\" alt=\"Subconcess\u00e3o Reservat\u00f3rio Elevado de Castanheira \u2013 Guarda \u00a0\" width=\"400\" height=\"284\" \/><span class=\"et_overlay\" data-icon-tablet=\"\" data-icon-phone=\"\" data-icon-sticky=\"\"><\/span><\/span><\/a><h2 class=\"et_pb_module_header\"><a href=\"https:\/\/carldora.com\/pt\/project\/resevatorio-da-guarda\/\" title=\"Subconcess\u00e3o Reservat\u00f3rio Elevado de Castanheira \u2013 Guarda \u00a0\">Subconcess\u00e3o Reservat\u00f3rio Elevado de Castanheira \u2013 Guarda \u00a0<\/a><\/h2><p class=\"post-meta\"><a href=\"https:\/\/carldora.com\/pt\/project_category\/europa\/\" rel=\"tag\">Europa<\/a>, <a href=\"https:\/\/carldora.com\/pt\/project_category\/portugal\/\" rel=\"tag\">Portugal<\/a><\/p><\/div><div class=\"et_pb_filterable_portfolio_item_0_61 post-1380079 project type-project status-publish has-post-thumbnail hentry project_category-europa project_category-portugal project_tag-europa project_tag-portugal et_pb_portfolio_item project_category_europa project_category_portugal\" id=\"1380079\"><a href=\"https:\/\/carldora.com\/pt\/project\/reservatorio-tecnorem\/\" title=\"Adu\u00e7\u00e3o a Ermidas e Fornalhas Velhas\"><span class=\"et_portfolio_image \"><img loading=\"lazy\" decoding=\"async\" src=\"https:\/\/carldora.com\/wp-content\/uploads\/2025\/10\/06_17-434-RESERVATORIOS-TECNOREM-2-4-400x284.webp\" alt=\"Adu\u00e7\u00e3o a Ermidas e Fornalhas Velhas\" width=\"400\" height=\"284\" \/><span class=\"et_overlay\" data-icon-tablet=\"\" data-icon-phone=\"\" data-icon-sticky=\"\"><\/span><\/span><\/a><h2 class=\"et_pb_module_header\"><a href=\"https:\/\/carldora.com\/pt\/project\/reservatorio-tecnorem\/\" title=\"Adu\u00e7\u00e3o a Ermidas e Fornalhas Velhas\">Adu\u00e7\u00e3o a Ermidas e Fornalhas Velhas<\/a><\/h2><p class=\"post-meta\"><a href=\"https:\/\/carldora.com\/pt\/project_category\/europa\/\" rel=\"tag\">Europa<\/a>, <a href=\"https:\/\/carldora.com\/pt\/project_category\/portugal\/\" rel=\"tag\">Portugal<\/a><\/p><\/div><div class=\"et_pb_filterable_portfolio_item_0_62 post-1380052 project type-project status-publish has-post-thumbnail hentry project_category-europa project_category-portugal project_tag-europa project_tag-portugal et_pb_portfolio_item project_category_europa project_category_portugal\" id=\"1380052\"><a href=\"https:\/\/carldora.com\/pt\/project\/ponte-rio-zezere\/\" title=\"Reabilita\u00e7\u00e3o da Ponte Sobre o Rio Z\u00eazere \u2013 ER 348 Km 87+690\"><span class=\"et_portfolio_image \"><img loading=\"lazy\" decoding=\"async\" src=\"https:\/\/carldora.com\/wp-content\/uploads\/2025\/10\/07_22-282-PONTE-RIO-ZEZERE-PORTUGAL-5-1-400x284.webp\" alt=\"Reabilita\u00e7\u00e3o da Ponte Sobre o Rio Z\u00eazere \u2013 ER 348 Km 87+690\" width=\"400\" height=\"284\" \/><span class=\"et_overlay\" data-icon-tablet=\"\" data-icon-phone=\"\" data-icon-sticky=\"\"><\/span><\/span><\/a><h2 class=\"et_pb_module_header\"><a href=\"https:\/\/carldora.com\/pt\/project\/ponte-rio-zezere\/\" title=\"Reabilita\u00e7\u00e3o da Ponte Sobre o Rio Z\u00eazere \u2013 ER 348 Km 87+690\">Reabilita\u00e7\u00e3o da Ponte Sobre o Rio Z\u00eazere \u2013 ER 348 Km 87+690<\/a><\/h2><p class=\"post-meta\"><a href=\"https:\/\/carldora.com\/pt\/project_category\/europa\/\" rel=\"tag\">Europa<\/a>, <a href=\"https:\/\/carldora.com\/pt\/project_category\/portugal\/\" rel=\"tag\">Portugal<\/a><\/p><\/div><div class=\"et_pb_filterable_portfolio_item_0_63 post-1380106 project type-project status-publish has-post-thumbnail hentry project_category-europa project_category-portugal project_tag-europa project_tag-portugal et_pb_portfolio_item project_category_europa project_category_portugal\" id=\"1380106\"><a href=\"https:\/\/carldora.com\/pt\/project\/viaduto-agodim\/\" title=\"Reabilita\u00e7\u00e3o do Viaduto de Agodim \u2013A1 Lan\u00e7o Leiria\/Pombal sobre a Ribeira de Agodim\"><span class=\"et_portfolio_image \"><img loading=\"lazy\" decoding=\"async\" src=\"https:\/\/carldora.com\/wp-content\/uploads\/2025\/10\/08_17-646-VIADUTO-AGODIM-VSL-PORTUGAL-1-3-400x284.webp\" alt=\"Reabilita\u00e7\u00e3o do Viaduto de Agodim \u2013A1 Lan\u00e7o Leiria\/Pombal sobre a Ribeira de Agodim\" width=\"400\" height=\"284\" \/><span class=\"et_overlay\" data-icon-tablet=\"\" data-icon-phone=\"\" data-icon-sticky=\"\"><\/span><\/span><\/a><h2 class=\"et_pb_module_header\"><a href=\"https:\/\/carldora.com\/pt\/project\/viaduto-agodim\/\" title=\"Reabilita\u00e7\u00e3o do Viaduto de Agodim \u2013A1 Lan\u00e7o Leiria\/Pombal sobre a Ribeira de Agodim\">Reabilita\u00e7\u00e3o do Viaduto de Agodim \u2013A1 Lan\u00e7o Leiria\/Pombal sobre a Ribeira de Agodim<\/a><\/h2><p class=\"post-meta\"><a href=\"https:\/\/carldora.com\/pt\/project_category\/europa\/\" rel=\"tag\">Europa<\/a>, <a href=\"https:\/\/carldora.com\/pt\/project_category\/portugal\/\" rel=\"tag\">Portugal<\/a><\/p><\/div><div class=\"et_pb_filterable_portfolio_item_0_64 post-1380087 project type-project status-publish has-post-thumbnail hentry project_category-europa project_category-portugal project_tag-europa project_tag-portugal et_pb_portfolio_item project_category_europa project_category_portugal\" id=\"1380087\"><a href=\"https:\/\/carldora.com\/pt\/project\/conversores-de-energia-eolica\/\" title=\"Constru\u00e7\u00e3o de Conversores de Energia E\u00f3lica\"><span class=\"et_portfolio_image \"><img loading=\"lazy\" decoding=\"async\" src=\"https:\/\/carldora.com\/wp-content\/uploads\/2025\/10\/09_08-028-SAPATAS-TORRES-EOLICAS-PORTUGAL-3-4-400x284.webp\" alt=\"Constru\u00e7\u00e3o de Conversores de Energia E\u00f3lica\" width=\"400\" height=\"284\" \/><span class=\"et_overlay\" data-icon-tablet=\"\" data-icon-phone=\"\" data-icon-sticky=\"\"><\/span><\/span><\/a><h2 class=\"et_pb_module_header\"><a href=\"https:\/\/carldora.com\/pt\/project\/conversores-de-energia-eolica\/\" title=\"Constru\u00e7\u00e3o de Conversores de Energia E\u00f3lica\">Constru\u00e7\u00e3o de Conversores de Energia E\u00f3lica<\/a><\/h2><p class=\"post-meta\"><a href=\"https:\/\/carldora.com\/pt\/project_category\/europa\/\" rel=\"tag\">Europa<\/a>, <a href=\"https:\/\/carldora.com\/pt\/project_category\/portugal\/\" rel=\"tag\">Portugal<\/a><\/p><\/div><div class=\"et_pb_filterable_portfolio_item_0_65 post-1380097 project type-project status-publish has-post-thumbnail hentry project_category-europa project_category-portugal project_tag-europa project_tag-portugal et_pb_portfolio_item project_category_europa project_category_portugal\" id=\"1380097\"><a href=\"https:\/\/carldora.com\/pt\/project\/tunel-do-marao\/\" title=\"Auto Estrada do Mar\u00e3o \u2013 A4\/IP4 \u2013 Amarante \u2013 Vila Real \u2013 T\u00fanel do Mar\u00e3o\"><span class=\"et_portfolio_image \"><img loading=\"lazy\" decoding=\"async\" src=\"https:\/\/carldora.com\/wp-content\/uploads\/2025\/10\/10_14-467-TUNEL-DO-MARAO-PORTUGAL-5-3-400x284.webp\" alt=\"Auto Estrada do Mar\u00e3o \u2013 A4\/IP4 \u2013 Amarante \u2013 Vila Real \u2013 T\u00fanel do Mar\u00e3o\" width=\"400\" height=\"284\" \/><span class=\"et_overlay\" data-icon-tablet=\"\" data-icon-phone=\"\" data-icon-sticky=\"\"><\/span><\/span><\/a><h2 class=\"et_pb_module_header\"><a href=\"https:\/\/carldora.com\/pt\/project\/tunel-do-marao\/\" title=\"Auto Estrada do Mar\u00e3o \u2013 A4\/IP4 \u2013 Amarante \u2013 Vila Real \u2013 T\u00fanel do Mar\u00e3o\">Auto Estrada do Mar\u00e3o \u2013 A4\/IP4 \u2013 Amarante \u2013 Vila Real \u2013 T\u00fanel do Mar\u00e3o<\/a><\/h2><p class=\"post-meta\"><a href=\"https:\/\/carldora.com\/pt\/project_category\/europa\/\" rel=\"tag\">Europa<\/a>, <a href=\"https:\/\/carldora.com\/pt\/project_category\/portugal\/\" rel=\"tag\">Portugal<\/a><\/p><\/div><div class=\"et_pb_filterable_portfolio_item_0_66 post-1380003 project type-project status-publish has-post-thumbnail hentry project_category-europa project_category-portugal project_tag-europa project_tag-portugal et_pb_portfolio_item project_category_europa project_category_portugal\" id=\"1380003\"><a href=\"https:\/\/carldora.com\/pt\/project\/foz-tua-pocos-das-comportas\/\" title=\"Aproveitamento Hidroel\u00e9trico de Foz Tua-Po\u00e7os das Comportas\"><span class=\"et_portfolio_image \"><img loading=\"lazy\" decoding=\"async\" src=\"https:\/\/carldora.com\/wp-content\/uploads\/2025\/10\/11_14-098-BARRAGEM-DO-TUA-PORTUGAL-2-3-copy-400x284.webp\" alt=\"Aproveitamento Hidroel\u00e9trico de Foz Tua-Po\u00e7os das Comportas\" width=\"400\" height=\"284\" \/><span class=\"et_overlay\" data-icon-tablet=\"\" data-icon-phone=\"\" data-icon-sticky=\"\"><\/span><\/span><\/a><h2 class=\"et_pb_module_header\"><a href=\"https:\/\/carldora.com\/pt\/project\/foz-tua-pocos-das-comportas\/\" title=\"Aproveitamento Hidroel\u00e9trico de Foz Tua-Po\u00e7os das Comportas\">Aproveitamento Hidroel\u00e9trico de Foz Tua-Po\u00e7os das Comportas<\/a><\/h2><p class=\"post-meta\"><a href=\"https:\/\/carldora.com\/pt\/project_category\/europa\/\" rel=\"tag\">Europa<\/a>, <a href=\"https:\/\/carldora.com\/pt\/project_category\/portugal\/\" rel=\"tag\">Portugal<\/a><\/p><\/div><div class=\"et_pb_filterable_portfolio_item_0_67 post-1380008 project type-project status-publish has-post-thumbnail hentry project_category-europa project_category-portugal project_tag-europa project_tag-portugal et_pb_portfolio_item project_category_europa project_category_portugal\" id=\"1380008\"><a href=\"https:\/\/carldora.com\/pt\/project\/barragem-venda-nova\/\" title=\"Refor\u00e7o de Pot\u00eancia da Barragem de Venda Nova III\"><span class=\"et_portfolio_image \"><img loading=\"lazy\" decoding=\"async\" src=\"https:\/\/carldora.com\/wp-content\/uploads\/2025\/10\/12_11-005-BARRAGEM-VENDA-NOVA-PORTUGAL-3-2-400x284.webp\" alt=\"Refor\u00e7o de Pot\u00eancia da Barragem de Venda Nova III\" width=\"400\" height=\"284\" \/><span class=\"et_overlay\" data-icon-tablet=\"\" data-icon-phone=\"\" data-icon-sticky=\"\"><\/span><\/span><\/a><h2 class=\"et_pb_module_header\"><a href=\"https:\/\/carldora.com\/pt\/project\/barragem-venda-nova\/\" title=\"Refor\u00e7o de Pot\u00eancia da Barragem de Venda Nova III\">Refor\u00e7o de Pot\u00eancia da Barragem de Venda Nova III<\/a><\/h2><p class=\"post-meta\"><a href=\"https:\/\/carldora.com\/pt\/project_category\/europa\/\" rel=\"tag\">Europa<\/a>, <a href=\"https:\/\/carldora.com\/pt\/project_category\/portugal\/\" rel=\"tag\">Portugal<\/a><\/p><\/div><div class=\"et_pb_filterable_portfolio_item_0_68 post-1380022 project type-project status-publish has-post-thumbnail hentry project_category-europa project_category-portugal project_tag-europa project_tag-portugal et_pb_portfolio_item project_category_europa project_category_portugal\" id=\"1380022\"><a href=\"https:\/\/carldora.com\/pt\/project\/edificio-de-habitacao-coletiva-falagueira\/\" title=\"Edif\u00edcio de Habita\u00e7\u00e3o Coletiva da Falagueira\"><span class=\"et_portfolio_image \"><img loading=\"lazy\" decoding=\"async\" src=\"https:\/\/carldora.com\/wp-content\/uploads\/2025\/10\/13_20-144-CONS.-MODULAR-DDN-PORTUGAL-8-8-400x284.webp\" alt=\"Edif\u00edcio de Habita\u00e7\u00e3o Coletiva da Falagueira\" width=\"400\" height=\"284\" \/><span class=\"et_overlay\" data-icon-tablet=\"\" data-icon-phone=\"\" data-icon-sticky=\"\"><\/span><\/span><\/a><h2 class=\"et_pb_module_header\"><a href=\"https:\/\/carldora.com\/pt\/project\/edificio-de-habitacao-coletiva-falagueira\/\" title=\"Edif\u00edcio de Habita\u00e7\u00e3o Coletiva da Falagueira\">Edif\u00edcio de Habita\u00e7\u00e3o Coletiva da Falagueira<\/a><\/h2><p class=\"post-meta\"><a href=\"https:\/\/carldora.com\/pt\/project_category\/europa\/\" rel=\"tag\">Europa<\/a>, <a href=\"https:\/\/carldora.com\/pt\/project_category\/portugal\/\" rel=\"tag\">Portugal<\/a><\/p><\/div><div class=\"et_pb_filterable_portfolio_item_0_69 post-1379991 project type-project status-publish has-post-thumbnail hentry project_category-europa project_category-portugal project_tag-europa project_tag-portugal et_pb_portfolio_item project_category_europa project_category_portugal\" id=\"1379991\"><a href=\"https:\/\/carldora.com\/pt\/project\/aguas-do-ave\/\" title=\"\u00c1guas do Ave \u2013 Molhe Sul &#8211; Escoramento de Arcos\"><span class=\"et_portfolio_image \"><img loading=\"lazy\" decoding=\"async\" src=\"https:\/\/carldora.com\/wp-content\/uploads\/2025\/10\/14_10-014-AGUAS-DO-AVE-ARCOS-PORTUGAL-1-3-400x284.webp\" alt=\"\u00c1guas do Ave \u2013 Molhe Sul &#8211; Escoramento de Arcos\" width=\"400\" height=\"284\" \/><span class=\"et_overlay\" data-icon-tablet=\"\" data-icon-phone=\"\" data-icon-sticky=\"\"><\/span><\/span><\/a><h2 class=\"et_pb_module_header\"><a href=\"https:\/\/carldora.com\/pt\/project\/aguas-do-ave\/\" title=\"\u00c1guas do Ave \u2013 Molhe Sul &#8211; Escoramento de Arcos\">\u00c1guas do Ave \u2013 Molhe Sul &#8211; Escoramento de Arcos<\/a><\/h2><p class=\"post-meta\"><a href=\"https:\/\/carldora.com\/pt\/project_category\/europa\/\" rel=\"tag\">Europa<\/a>, <a href=\"https:\/\/carldora.com\/pt\/project_category\/portugal\/\" rel=\"tag\">Portugal<\/a><\/p><\/div><div class=\"et_pb_filterable_portfolio_item_0_70 post-1380049 project type-project status-publish has-post-thumbnail hentry project_category-europa project_category-portugal project_tag-europa project_tag-portugal et_pb_portfolio_item project_category_europa project_category_portugal\" id=\"1380049\"><a href=\"https:\/\/carldora.com\/pt\/project\/palacio-das-cardosas\/\" title=\"Hotel Pal\u00e1cio Cardosas\u00a0\"><span class=\"et_portfolio_image \"><img loading=\"lazy\" decoding=\"async\" src=\"https:\/\/carldora.com\/wp-content\/uploads\/2025\/10\/15_09-237-PALACIO-DAS-CARDOSAS-1-400x284.webp\" alt=\"Hotel Pal\u00e1cio Cardosas\u00a0\" width=\"400\" height=\"284\" \/><span class=\"et_overlay\" data-icon-tablet=\"\" data-icon-phone=\"\" data-icon-sticky=\"\"><\/span><\/span><\/a><h2 class=\"et_pb_module_header\"><a href=\"https:\/\/carldora.com\/pt\/project\/palacio-das-cardosas\/\" title=\"Hotel Pal\u00e1cio Cardosas\u00a0\">Hotel Pal\u00e1cio Cardosas\u00a0<\/a><\/h2><p class=\"post-meta\"><a href=\"https:\/\/carldora.com\/pt\/project_category\/europa\/\" rel=\"tag\">Europa<\/a>, <a href=\"https:\/\/carldora.com\/pt\/project_category\/portugal\/\" rel=\"tag\">Portugal<\/a><\/p><\/div><div class=\"et_pb_filterable_portfolio_item_0_71 post-1380036 project type-project status-publish has-post-thumbnail hentry project_category-europa project_category-portugal project_tag-europa project_tag-portugal et_pb_portfolio_item project_category_europa project_category_portugal\" id=\"1380036\"><a href=\"https:\/\/carldora.com\/pt\/project\/hotel-holiday-inn\/\" title=\"Hotel Holiday Inn\"><span class=\"et_portfolio_image \"><img loading=\"lazy\" decoding=\"async\" src=\"https:\/\/carldora.com\/wp-content\/uploads\/2025\/10\/19_16-452-ED.-SAO-BENTO-PORTUGAL-1-2-400x284.webp\" alt=\"Hotel Holiday Inn\" width=\"400\" height=\"284\" \/><span class=\"et_overlay\" data-icon-tablet=\"\" data-icon-phone=\"\" data-icon-sticky=\"\"><\/span><\/span><\/a><h2 class=\"et_pb_module_header\"><a href=\"https:\/\/carldora.com\/pt\/project\/hotel-holiday-inn\/\" title=\"Hotel Holiday Inn\">Hotel Holiday Inn<\/a><\/h2><p class=\"post-meta\"><a href=\"https:\/\/carldora.com\/pt\/project_category\/europa\/\" rel=\"tag\">Europa<\/a>, <a href=\"https:\/\/carldora.com\/pt\/project_category\/portugal\/\" rel=\"tag\">Portugal<\/a><\/p><\/div><div class=\"et_pb_filterable_portfolio_item_0_72 post-1380044 project type-project status-publish has-post-thumbnail hentry project_category-europa project_category-portugal project_tag-europa project_tag-portugal et_pb_portfolio_item project_category_europa project_category_portugal\" id=\"1380044\"><a href=\"https:\/\/carldora.com\/pt\/project\/largo-do-intendente\/\" title=\"Edif\u00edcio Largo do Intendente\"><span class=\"et_portfolio_image \"><img loading=\"lazy\" decoding=\"async\" src=\"https:\/\/carldora.com\/wp-content\/uploads\/2025\/10\/17_17-536-LARGO-DO-INTENDENTE-2-1-400x284.webp\" alt=\"Edif\u00edcio Largo do Intendente\" width=\"400\" height=\"284\" \/><span class=\"et_overlay\" data-icon-tablet=\"\" data-icon-phone=\"\" data-icon-sticky=\"\"><\/span><\/span><\/a><h2 class=\"et_pb_module_header\"><a href=\"https:\/\/carldora.com\/pt\/project\/largo-do-intendente\/\" title=\"Edif\u00edcio Largo do Intendente\">Edif\u00edcio Largo do Intendente<\/a><\/h2><p class=\"post-meta\"><a href=\"https:\/\/carldora.com\/pt\/project_category\/europa\/\" rel=\"tag\">Europa<\/a>, <a href=\"https:\/\/carldora.com\/pt\/project_category\/portugal\/\" rel=\"tag\">Portugal<\/a><\/p><\/div><div class=\"et_pb_filterable_portfolio_item_0_73 post-1380040 project type-project status-publish has-post-thumbnail hentry project_category-europa project_category-portugal project_tag-europa project_tag-portugal et_pb_portfolio_item project_category_europa project_category_portugal\" id=\"1380040\"><a href=\"https:\/\/carldora.com\/pt\/project\/hotel-the-emerald\/\" title=\"Hotel The Emerald House\"><span class=\"et_portfolio_image \"><img loading=\"lazy\" decoding=\"async\" src=\"https:\/\/carldora.com\/wp-content\/uploads\/2025\/10\/18_17-904-HOTEL-THE-EMERALD-PORTUGAL-1-1-400x284.webp\" alt=\"Hotel The Emerald House\" width=\"400\" height=\"284\" \/><span class=\"et_overlay\" data-icon-tablet=\"\" data-icon-phone=\"\" data-icon-sticky=\"\"><\/span><\/span><\/a><h2 class=\"et_pb_module_header\"><a href=\"https:\/\/carldora.com\/pt\/project\/hotel-the-emerald\/\" title=\"Hotel The Emerald House\">Hotel The Emerald House<\/a><\/h2><p class=\"post-meta\"><a href=\"https:\/\/carldora.com\/pt\/project_category\/europa\/\" rel=\"tag\">Europa<\/a>, <a href=\"https:\/\/carldora.com\/pt\/project_category\/portugal\/\" rel=\"tag\">Portugal<\/a><\/p><\/div><div class=\"et_pb_filterable_portfolio_item_0_74 post-1380032 project type-project status-publish has-post-thumbnail hentry project_category-europa project_category-portugal project_tag-europa project_tag-portugal et_pb_portfolio_item project_category_europa project_category_portugal\" id=\"1380032\"><a href=\"https:\/\/carldora.com\/pt\/project\/ed-sao-bento\/\" title=\"Edif\u00edcio S\u00e3o Bento\"><span class=\"et_portfolio_image \"><img loading=\"lazy\" decoding=\"async\" src=\"https:\/\/carldora.com\/wp-content\/uploads\/2025\/10\/19_16-452-ED.-SAO-BENTO-PORTUGAL-1-2-400x284.webp\" alt=\"Edif\u00edcio S\u00e3o Bento\" width=\"400\" height=\"284\" \/><span class=\"et_overlay\" data-icon-tablet=\"\" data-icon-phone=\"\" data-icon-sticky=\"\"><\/span><\/span><\/a><h2 class=\"et_pb_module_header\"><a href=\"https:\/\/carldora.com\/pt\/project\/ed-sao-bento\/\" title=\"Edif\u00edcio S\u00e3o Bento\">Edif\u00edcio S\u00e3o Bento<\/a><\/h2><p class=\"post-meta\"><a href=\"https:\/\/carldora.com\/pt\/project_category\/europa\/\" rel=\"tag\">Europa<\/a>, <a href=\"https:\/\/carldora.com\/pt\/project_category\/portugal\/\" rel=\"tag\">Portugal<\/a><\/p><\/div><div class=\"et_pb_filterable_portfolio_item_0_75 post-1379872 project type-project status-publish has-post-thumbnail hentry project_category-asia project_category-libano project_tag-asia project_tag-libano et_pb_portfolio_item project_category_asia project_category_libano\" id=\"1379872\"><a href=\"https:\/\/carldora.com\/pt\/project\/libano\/\" title=\"Obras Mar\u00edtimas de Reabilita\u00e7\u00e3o\"><span class=\"et_portfolio_image \"><img loading=\"lazy\" decoding=\"async\" src=\"https:\/\/carldora.com\/wp-content\/uploads\/2025\/10\/37_17-799-LIBANO-8-400x284.webp\" alt=\"Obras Mar\u00edtimas de Reabilita\u00e7\u00e3o\" width=\"400\" height=\"284\" \/><span class=\"et_overlay\" data-icon-tablet=\"\" data-icon-phone=\"\" data-icon-sticky=\"\"><\/span><\/span><\/a><h2 class=\"et_pb_module_header\"><a href=\"https:\/\/carldora.com\/pt\/project\/libano\/\" title=\"Obras Mar\u00edtimas de Reabilita\u00e7\u00e3o\">Obras Mar\u00edtimas de Reabilita\u00e7\u00e3o<\/a><\/h2><p class=\"post-meta\"><a href=\"https:\/\/carldora.com\/pt\/project_category\/asia\/\" rel=\"tag\">\u00c1sia<\/a>, <a href=\"https:\/\/carldora.com\/pt\/project_category\/libano\/\" rel=\"tag\">L\u00edbano<\/a><\/p><\/div><div class=\"et_pb_filterable_portfolio_item_0_76 post-1379773 project type-project status-publish has-post-thumbnail hentry project_category-america-central project_category-cuba project_tag-america project_tag-cuba et_pb_portfolio_item project_category_america-central project_category_cuba\" id=\"1379773\"><a href=\"https:\/\/carldora.com\/pt\/project\/projeto_em_havana_cuba\/\" title=\"Projeto em Havana, Cuba\"><span class=\"et_portfolio_image \"><img loading=\"lazy\" decoding=\"async\" src=\"https:\/\/carldora.com\/wp-content\/uploads\/2025\/10\/01_13-494-CUBA-9-400x284.webp\" alt=\"Projeto em Havana, Cuba\" width=\"400\" height=\"284\" \/><span class=\"et_overlay\" data-icon-tablet=\"\" data-icon-phone=\"\" data-icon-sticky=\"\"><\/span><\/span><\/a><h2 class=\"et_pb_module_header\"><a href=\"https:\/\/carldora.com\/pt\/project\/projeto_em_havana_cuba\/\" title=\"Projeto em Havana, Cuba\">Projeto em Havana, Cuba<\/a><\/h2><p class=\"post-meta\"><a href=\"https:\/\/carldora.com\/pt\/project_category\/america-central\/\" rel=\"tag\">Am\u00e9rica Central<\/a>, <a href=\"https:\/\/carldora.com\/pt\/project_category\/cuba\/\" rel=\"tag\">Cuba<\/a><\/p><\/div><div class=\"et_pb_filterable_portfolio_item_0_77 post-1379833 project type-project status-publish has-post-thumbnail hentry project_category-america-central project_category-guatemala project_tag-america project_tag-guatemala et_pb_portfolio_item project_category_america-central project_category_guatemala\" id=\"1379833\"><a href=\"https:\/\/carldora.com\/pt\/project\/proyeto-ca-guatemala\/\" title=\"Proyecto CA-2 Occident \u2013 Guatemala\"><span class=\"et_portfolio_image \"><img loading=\"lazy\" decoding=\"async\" src=\"https:\/\/carldora.com\/wp-content\/uploads\/2025\/10\/02_14-206-GUATEMALA-6-400x284.webp\" alt=\"Proyecto CA-2 Occident \u2013 Guatemala\" width=\"400\" height=\"284\" \/><span class=\"et_overlay\" data-icon-tablet=\"\" data-icon-phone=\"\" data-icon-sticky=\"\"><\/span><\/span><\/a><h2 class=\"et_pb_module_header\"><a href=\"https:\/\/carldora.com\/pt\/project\/proyeto-ca-guatemala\/\" title=\"Proyecto CA-2 Occident \u2013 Guatemala\">Proyecto CA-2 Occident \u2013 Guatemala<\/a><\/h2><p class=\"post-meta\"><a href=\"https:\/\/carldora.com\/pt\/project_category\/america-central\/\" rel=\"tag\">Am\u00e9rica Central<\/a>, <a href=\"https:\/\/carldora.com\/pt\/project_category\/guatemala\/\" rel=\"tag\">Guatemala<\/a><\/p><\/div><\/div><\/div><div class=\"et_pb_portofolio_pagination clearfix\"><\/div><\/div>\n<\/div>\n<\/div>\n<\/div>\n\n<div class=\"et_pb_section_5 et_pb_section et_section_regular et_flex_section preset--group--divi-section--divi-box-shadow--default\">\n<div class=\"et_pb_row_7 et_pb_row et_flex_row preset--group--divi-row--divi-box-shadow--default\">\n<div class=\"et_pb_column_7 et_pb_column et-last-child et_flex_column et_pb_css_mix_blend_mode_passthrough et_flex_column_24_24 et_flex_column_24_24_tablet et_flex_column_24_24_phone preset--group--divi-column--divi-box-shadow--default\">\n<div class=\"et_pb_module et_pb_button_module_wrapper et_pb_button_0_wrapper preset--group--divi-button--divi-box-shadow--default_wrapper preset--module--divi-button--default_wrapper\"><a class=\"et_pb_button_0 et_pb_button et_pb_bg_layout_dark et_pb_module et_block_module zoooom preset--group--divi-button--divi-box-shadow--default preset--module--divi-button--default\" href=\"#\" data-interaction-trigger=\"om4878v5qw\" id=\"overlay_unique_id_1377073\">Mapa da presen\u00e7a da Carldora no mundo<\/a><\/div>\n\n<div class=\"et_pb_image_0 et_pb_image et-interaction-target-4bvf92ltgq et_pb_module et_flex_module preset--group--divi-image--divi-box-shadow--default\" data-interaction-target=\"4bvf92ltgq\"><span class=\"et_pb_image_wrap\"><img loading=\"lazy\" decoding=\"async\" src=\"https:\/\/carldora.com\/wp-content\/uploads\/2026\/07\/carldora_mapa_fornecimentos_estudos_PT-scaled.webp\" title=\"carldora_mapa_fornecimentos_estudos_PT\" width=\"2560\" height=\"1497\" srcset=\"https:\/\/carldora.com\/wp-content\/uploads\/2026\/07\/carldora_mapa_fornecimentos_estudos_PT-scaled.webp 2560w, https:\/\/carldora.com\/wp-content\/uploads\/2026\/07\/carldora_mapa_fornecimentos_estudos_PT-1280x749.webp 1280w, https:\/\/carldora.com\/wp-content\/uploads\/2026\/07\/carldora_mapa_fornecimentos_estudos_PT-980x573.webp 980w, https:\/\/carldora.com\/wp-content\/uploads\/2026\/07\/carldora_mapa_fornecimentos_estudos_PT-480x281.webp 480w\" sizes=\"(min-width: 0px) and (max-width: 480px) 480px, (min-width: 481px) and (max-width: 980px) 980px, (min-width: 981px) and (max-width: 1280px) 1280px, (min-width: 1281px) 2560px, 100vw\" class=\"wp-image-1382417\" \/><\/span><\/div>\n<\/div>\n<\/div>\n<\/div>\n\n<div class=\"et_pb_section_6 et_pb_section et_section_regular et_flex_section et_pb_section_parallax preset--group--divi-section--divi-box-shadow--default\"><span class=\"et-pb-parallax-wrapper\"><span class=\"et-pb-parallax-background et-pb-parallax-background--css et-pb-parallax-background-module--divi-section-6\" style=\"background-image:url(https:\/\/carldora.com\/wp-content\/uploads\/2024\/12\/cast-iron-formwork-for-large-concrete-columns-stru-2023-11-27-05-24-11-utc-PB.jpg)\"><\/span><span class=\"et_parallax_gradient et_pb_parallax_css\" style=\"background-image:linear-gradient(25deg, rgba(77, 34, 0, 0.85) 10%,rgba(77, 34, 0, 0.45) 99% 110%)\"><\/span><\/span><div class=\"et_pb_row_8 et_pb_row et_flex_row preset--group--divi-row--divi-box-shadow--default\"><div class=\"et_pb_column_8 et_pb_column et-last-child et_flex_column et_pb_css_mix_blend_mode_passthrough et_flex_column_24_24 et_flex_column_24_24_tablet et_flex_column_24_24_phone preset--group--divi-column--divi-box-shadow--default\"><div class=\"et_pb_cta_0 et_pb_promo et_pb_bg_layout_dark et_pb_module et_flex_module preset--group--divi-cta--divi-box-shadow--default preset--group--divi-cta--divi-font-body--default\"><div class=\"et_pb_promo_description\"><h2 class=\"et_pb_module_header\">Solu\u00e7\u00f5es de qualidade, testadas e certificadas<\/h2><div class=\"et_pb_promo_content\"><p style=\"text-align: center;\">Desenvolvemos solu\u00e7\u00f5es \u00e0 medida, garantindo dessa forma a melhor resposta \u00e0s necessidades de cada projeto. Projetamos, constru\u00edmos e montamos estruturas em qualquer parte do mundo.<\/p>\n<\/div><\/div><div class=\"et_pb_button_wrapper\"><a class=\"et_pb_button et_pb_promo_button\" href=\"https:\/\/carldora.com\/pt\/contactos\/\">Solicite um or\u00e7amento<\/a><\/div><\/div><\/div><\/div><\/div>","protected":false},"excerpt":{"rendered":"","protected":false},"author":1,"featured_media":0,"parent":0,"menu_order":0,"comment_status":"closed","ping_status":"closed","template":"","meta":{"_acf_changed":false,"_vp_format_video_url":"","_vp_image_focal_point":[],"footnotes":""},"class_list":["post-27","page","type-page","status-publish","hentry"],"acf":[],"yoast_head":"<!-- This site is optimized with the Yoast SEO plugin v28.0 - https:\/\/yoast.com\/product\/yoast-seo-wordpress\/ -->\n<title>Carldora no mundo - CARLDORA<\/title>\n<meta name=\"robots\" content=\"index, follow, max-snippet:-1, max-image-preview:large, max-video-preview:-1\" \/>\n<link rel=\"canonical\" href=\"https:\/\/carldora.com\/pt\/carldora-no-mundo\/\" \/>\n<meta property=\"og:locale\" content=\"pt_PT\" \/>\n<meta property=\"og:type\" content=\"article\" \/>\n<meta property=\"og:title\" content=\"Carldora no mundo - CARLDORA\" \/>\n<meta property=\"og:url\" content=\"https:\/\/carldora.com\/pt\/carldora-no-mundo\/\" \/>\n<meta property=\"og:site_name\" content=\"CARLDORA\" \/>\n<meta property=\"article:modified_time\" content=\"2026-07-13T17:03:29+00:00\" \/>\n<meta name=\"twitter:card\" content=\"summary_large_image\" \/>\n<script type=\"application\/ld+json\" class=\"yoast-schema-graph\">{\"@context\":\"https:\\\/\\\/schema.org\",\"@graph\":[{\"@type\":\"WebPage\",\"@id\":\"https:\\\/\\\/carldora.com\\\/carldora-no-mundo\\\/\",\"url\":\"https:\\\/\\\/carldora.com\\\/carldora-no-mundo\\\/\",\"name\":\"Carldora no mundo - CARLDORA\",\"isPartOf\":{\"@id\":\"https:\\\/\\\/carldora.com\\\/#website\"},\"datePublished\":\"2024-10-01T09:08:16+00:00\",\"dateModified\":\"2026-07-13T17:03:29+00:00\",\"breadcrumb\":{\"@id\":\"https:\\\/\\\/carldora.com\\\/carldora-no-mundo\\\/#breadcrumb\"},\"inLanguage\":\"pt-PT\",\"potentialAction\":[{\"@type\":\"ReadAction\",\"target\":[\"https:\\\/\\\/carldora.com\\\/carldora-no-mundo\\\/\"]}]},{\"@type\":\"BreadcrumbList\",\"@id\":\"https:\\\/\\\/carldora.com\\\/carldora-no-mundo\\\/#breadcrumb\",\"itemListElement\":[{\"@type\":\"ListItem\",\"position\":1,\"name\":\"In\u00edcio\",\"item\":\"https:\\\/\\\/carldora.com\\\/\"},{\"@type\":\"ListItem\",\"position\":2,\"name\":\"Carldora no mundo\"}]},{\"@type\":\"WebSite\",\"@id\":\"https:\\\/\\\/carldora.com\\\/#website\",\"url\":\"https:\\\/\\\/carldora.com\\\/\",\"name\":\"CARLDORA\",\"description\":\"Pioneiros em Portugal no fabrico de Cofragens, Andaimes, Escoramentos, Entiva\u00e7\u00f5es de Valas e Estruturas Especiais.\",\"potentialAction\":[{\"@type\":\"SearchAction\",\"target\":{\"@type\":\"EntryPoint\",\"urlTemplate\":\"https:\\\/\\\/carldora.com\\\/?s={search_term_string}\"},\"query-input\":{\"@type\":\"PropertyValueSpecification\",\"valueRequired\":true,\"valueName\":\"search_term_string\"}}],\"inLanguage\":\"pt-PT\"}]}<\/script>\n<!-- \/ Yoast SEO plugin. -->","yoast_head_json":{"title":"Carldora no mundo - CARLDORA","robots":{"index":"index","follow":"follow","max-snippet":"max-snippet:-1","max-image-preview":"max-image-preview:large","max-video-preview":"max-video-preview:-1"},"canonical":"https:\/\/carldora.com\/pt\/carldora-no-mundo\/","og_locale":"pt_PT","og_type":"article","og_title":"Carldora no mundo - CARLDORA","og_url":"https:\/\/carldora.com\/pt\/carldora-no-mundo\/","og_site_name":"CARLDORA","article_modified_time":"2026-07-13T17:03:29+00:00","twitter_card":"summary_large_image","schema":{"@context":"https:\/\/schema.org","@graph":[{"@type":"WebPage","@id":"https:\/\/carldora.com\/carldora-no-mundo\/","url":"https:\/\/carldora.com\/carldora-no-mundo\/","name":"Carldora no mundo - CARLDORA","isPartOf":{"@id":"https:\/\/carldora.com\/#website"},"datePublished":"2024-10-01T09:08:16+00:00","dateModified":"2026-07-13T17:03:29+00:00","breadcrumb":{"@id":"https:\/\/carldora.com\/carldora-no-mundo\/#breadcrumb"},"inLanguage":"pt-PT","potentialAction":[{"@type":"ReadAction","target":["https:\/\/carldora.com\/carldora-no-mundo\/"]}]},{"@type":"BreadcrumbList","@id":"https:\/\/carldora.com\/carldora-no-mundo\/#breadcrumb","itemListElement":[{"@type":"ListItem","position":1,"name":"In\u00edcio","item":"https:\/\/carldora.com\/"},{"@type":"ListItem","position":2,"name":"Carldora no mundo"}]},{"@type":"WebSite","@id":"https:\/\/carldora.com\/#website","url":"https:\/\/carldora.com\/","name":"CARLDORA","description":"Pioneiros em Portugal no fabrico de Cofragens, Andaimes, Escoramentos, Entiva\u00e7\u00f5es de Valas e Estruturas Especiais.","potentialAction":[{"@type":"SearchAction","target":{"@type":"EntryPoint","urlTemplate":"https:\/\/carldora.com\/?s={search_term_string}"},"query-input":{"@type":"PropertyValueSpecification","valueRequired":true,"valueName":"search_term_string"}}],"inLanguage":"pt-PT"}]}},"_links":{"self":[{"href":"https:\/\/carldora.com\/pt\/wp-json\/wp\/v2\/pages\/27","targetHints":{"allow":["GET"]}}],"collection":[{"href":"https:\/\/carldora.com\/pt\/wp-json\/wp\/v2\/pages"}],"about":[{"href":"https:\/\/carldora.com\/pt\/wp-json\/wp\/v2\/types\/page"}],"author":[{"embeddable":true,"href":"https:\/\/carldora.com\/pt\/wp-json\/wp\/v2\/users\/1"}],"replies":[{"embeddable":true,"href":"https:\/\/carldora.com\/pt\/wp-json\/wp\/v2\/comments?post=27"}],"version-history":[{"count":262,"href":"https:\/\/carldora.com\/pt\/wp-json\/wp\/v2\/pages\/27\/revisions"}],"predecessor-version":[{"id":1382451,"href":"https:\/\/carldora.com\/pt\/wp-json\/wp\/v2\/pages\/27\/revisions\/1382451"}],"wp:attachment":[{"href":"https:\/\/carldora.com\/pt\/wp-json\/wp\/v2\/media?parent=27"}],"curies":[{"name":"wp","href":"https:\/\/api.w.org\/{rel}","templated":true}]}}