{"id":1378861,"date":"2025-09-19T19:44:52","date_gmt":"2025-09-19T19:44:52","guid":{"rendered":"https:\/\/carldora.slideshow.com.pt\/?page_id=1378861"},"modified":"2026-03-06T16:04:57","modified_gmt":"2026-03-06T16:04:57","slug":"estruturas-especiais","status":"publish","type":"page","link":"https:\/\/carldora.com\/es\/estruturas-especiais\/","title":{"rendered":"Estructuras especiales"},"content":{"rendered":"<div class=\"et_pb_section_0 et_pb_section et_section_regular et_block_section section_has_divider et_pb_bottom_divider preset--group--divi-section--divi-box-shadow--default\"><span class=\"et_pb_background_pattern\"><\/span>\n<div class=\"et_pb_row_0 et_pb_row et_block_row preset--group--divi-row--divi-box-shadow--default\" id=\"mensagem\">\n<div class=\"et_pb_column_0 et_pb_column et_pb_column_4_4 et-last-child et_block_column et_pb_css_mix_blend_mode_passthrough preset--group--divi-column--divi-box-shadow--default\">\n<div class=\"et_pb_heading_0 et_pb_heading et_pb_module et_block_module preset--group--divi-heading--divi-box-shadow--default\"><div class=\"et_pb_heading_container\"><h1 class=\"et_pb_module_header\">Estructuras especiales<\/h1><\/div><\/div>\n<\/div>\n<\/div>\n<div class=\"et_pb_bottom_inside_divider et-no-transition\"><\/div><\/div>\n\n<div class=\"et_pb_section_1 et_pb_section et_section_regular et_block_section preset--group--divi-section--divi-box-shadow--default\">\n<div class=\"et_pb_row_1 et_pb_row et_block_row preset--group--divi-row--divi-box-shadow--default\">\n<div class=\"et_pb_column_1 et_pb_column et_pb_column_4_4 et-last-child et_block_column et_pb_css_mix_blend_mode_passthrough preset--group--divi-column--divi-box-shadow--default\">\n<div class=\"et_pb_text_0 et_pb_text et_pb_bg_layout_dark et_pb_module et_block_module preset--group--divi-text--divi-box-shadow--default preset--group--divi-text--divi-font-body--default\"><div class=\"et_pb_text_inner\"><pre><code>\t\t\t<!-- Flexy Breadcrumb -->\r\n\t\t\t<div class=\"fbc fbc-page\">\r\n\r\n\t\t\t\t<!-- Breadcrumb wrapper -->\r\n\t\t\t\t<div class=\"fbc-wrap\">\r\n\r\n\t\t\t\t\t<!-- Ordered list-->\r\n\t\t\t\t\t<ol class=\"fbc-items\" itemscope itemtype=\"https:\/\/schema.org\/BreadcrumbList\">\r\n\t\t\t\t\t\t            <li itemprop=\"itemListElement\" itemscope itemtype=\"https:\/\/schema.org\/ListItem\">\r\n                <span itemprop=\"name\">\r\n                    <!-- Home Link -->\r\n                    <a itemprop=\"item\" href=\"https:\/\/carldora.com\/es\/\">\r\n                    \r\n                                                    <i class=\"fa fa-home\" aria-hidden=\"true\"><\/i>                    <\/a>\r\n                <\/span>\r\n                <meta itemprop=\"position\" content=\"1\" \/><!-- Meta Position-->\r\n             <\/li><li><span class=\"fbc-separator\">><\/span><\/li><li class=\"active\" itemprop=\"itemListElement\" itemscope itemtype=\"https:\/\/schema.org\/ListItem\"><span itemprop=\"name\" title=\"Estructuras especiales\">Estructuras especiales<\/span><meta itemprop=\"position\" content=\"2\" \/><\/li>\t\t\t\t\t<\/ol>\r\n\t\t\t\t\t<div class=\"clearfix\"><\/div>\r\n\t\t\t\t<\/div>\r\n\t\t\t<\/div>\r\n\t\t\t<\/code><\/pre>\n<\/div><\/div>\n<\/div>\n<\/div>\n<\/div>\n\n<div class=\"et_pb_section_2 et_pb_section et_section_regular et_block_section preset--group--divi-section--divi-box-shadow--default\">\n<div class=\"et_pb_row_2 et_pb_row et_block_row preset--group--divi-row--divi-box-shadow--default\">\n<div class=\"et_pb_column_2 et_pb_column et_pb_column_4_4 et-last-child et_block_column et_pb_css_mix_blend_mode_passthrough preset--group--divi-column--divi-box-shadow--default\">\n<div class=\"et_pb_text_1 et_pb_text et_pb_bg_layout_dark et_pb_module et_block_module preset--group--divi-text--divi-box-shadow--default preset--group--divi-text--divi-font-body--default\"><div class=\"et_pb_text_inner\"><p>En el sector de la construcci\u00f3n, las estructuras especiales se dise\u00f1an para funciones espec\u00edficas que no entran en las categor\u00edas tradicionales, como andamios, apuntalamientos o zanjas. Estas estructuras presentan caracter\u00edsticas \u00fanicas y retos t\u00e9cnicos distintos, que requieren un an\u00e1lisis detallado de las necesidades estructurales, el entorno en el que se insertar\u00e1n y las condiciones externas como el viento, el tipo de suelo, las vibraciones y los agentes corrosivos. El dise\u00f1o de este tipo de estructuras requiere un enfoque personalizado para garantizar la seguridad y la eficacia de los trabajos.<\/p>\n<\/div><\/div>\n<\/div>\n<\/div>\n<\/div>\n\n<div class=\"et_pb_section_3 et_pb_section et_section_regular et_flex_section preset--group--divi-section--divi-box-shadow--default\"><span class=\"et_pb_background_pattern\"><\/span>\n<div class=\"et_pb_row_3 et_pb_row et_flex_row preset--group--divi-row--divi-box-shadow--default\">\n<div class=\"et_pb_column_3 et_pb_column et-last-child et_flex_column et_pb_css_mix_blend_mode_passthrough et_flex_column_24_24 et_flex_column_24_24_tablet et_flex_column_24_24_phone preset--group--divi-column--divi-box-shadow--default\">\n<div class=\"et_pb_text_2 et_pb_text et_pb_bg_layout_dark et_clickable et_pb_module et_block_module preset--group--divi-text--divi-box-shadow--default preset--group--divi-text--divi-font-body--default\" data-interaction-trigger=\"2zr162twdx\"><div class=\"et_pb_text_inner\"><p>Gr\u00faas p\u00f3rtico motorizadas<\/p>\n<\/div><\/div>\n\n<div class=\"et_pb_text_3 et_pb_text et_pb_bg_layout_dark et_pb_module et_block_module preset--group--divi-text--divi-box-shadow--default preset--group--divi-text--divi-font-body--default\" data-interaction-trigger=\"uuvbw9or7e\"><div class=\"et_pb_text_inner\"><p>Plataformas de trabajo rodantes<\/p>\n<\/div><\/div>\n\n<div class=\"et_pb_text_4 et_pb_text et_pb_bg_layout_dark et_pb_module et_block_module preset--group--divi-text--divi-box-shadow--default preset--group--divi-text--divi-font-body--default\" data-interaction-trigger=\"24l28gak36\"><div class=\"et_pb_text_inner\"><p>Encofrado trepante hidr\u00e1ulico<\/p>\n<\/div><\/div>\n\n<div class=\"et_pb_text_5 et_pb_text et_pb_bg_layout_dark et_pb_module et_block_module preset--group--divi-text--divi-box-shadow--default preset--group--divi-text--divi-font-body--default\" data-interaction-trigger=\"2x5j8ehzvv\"><div class=\"et_pb_text_inner\"><p>Estructuras para eventos<\/p>\n<\/div><\/div>\n<\/div>\n<\/div>\n<\/div>\n\n<div class=\"et_pb_section_4 et_pb_section et_section_regular et_flex_section et-interaction-target-sv718o5v3f preset--group--divi-section--divi-box-shadow--default\" data-interaction-target=\"sv718o5v3f\"><span class=\"et_pb_background_pattern\"><\/span>\n<div class=\"et_pb_row_4 et_pb_row et_flex_row preset--group--divi-row--divi-box-shadow--default\">\n<div class=\"et_pb_column_4 et_pb_column et-last-child et_flex_column et_pb_css_mix_blend_mode_passthrough et_flex_column_24_24 et_flex_column_24_24_tablet et_flex_column_24_24_phone preset--group--divi-column--divi-box-shadow--default\">\n<div class=\"et_pb_heading_1 et_pb_heading et_pb_module et_block_module preset--group--divi-heading--divi-box-shadow--default\"><div class=\"et_pb_heading_container\"><h5 class=\"et_pb_module_header\">Gr\u00faas p\u00f3rtico motorizadas<\/h5><\/div><\/div>\n\n<div class=\"et_pb_divider_0 et_pb_divider et_pb_space et_pb_divider_position_center et_pb_module preset--group--divi-divider--divi-box-shadow--default\"><div class=\"et_pb_divider_internal\"><\/div><\/div>\n<\/div>\n<\/div>\n\n<div class=\"et_pb_row_5 et_pb_row et_flex_row preset--group--divi-row--divi-box-shadow--default\">\n<div class=\"et_pb_column_5 et_pb_column et-last-child et_flex_column et_pb_css_mix_blend_mode_passthrough et_flex_column_24_24 et_flex_column_24_24_tablet et_flex_column_24_24_phone preset--group--divi-column--divi-box-shadow--default\">\n<div class=\"et_pb_gallery_0 et_pb_gallery et_pb_bg_layout_light et_pb_gallery_grid et_pb_module preset--group--divi-gallery--divi-box-shadow--default\" data-auto-rotate=\"off\" data-auto-rotate-speed=\"\"><div class=\"et_pb_gallery_items et_post_gallery clearfix et_grid_module\" data-per_page=\"4\"><div class=\"et_pb_gallery_item et_pb_grid_item et_pb_gallery_item_0_0\"><div class=\"et_pb_gallery_image landscape\" data-per_page=\"4\"><a href=\"https:\/\/carldora.com\/wp-content\/uploads\/2025\/11\/20-334-PORT-DE-LA-TURBELLE-MURO-DE-COROAMENTO-1-copy.webp\" title=\"Gr\u00faas p\u00f3rtico y encofrados - Port de la Turbelle, Francia\"><img loading=\"lazy\" decoding=\"async\" width=\"400\" height=\"284\" src=\"https:\/\/carldora.com\/wp-content\/uploads\/2025\/11\/20-334-PORT-DE-LA-TURBELLE-MURO-DE-COROAMENTO-1-copy-400x284.webp\" alt=\"\" class=\"wp-image-1380819\" srcset=\"https:\/\/carldora.com\/wp-content\/uploads\/2025\/11\/20-334-PORT-DE-LA-TURBELLE-MURO-DE-COROAMENTO-1-copy.webp 479w, https:\/\/carldora.com\/wp-content\/uploads\/2025\/11\/20-334-PORT-DE-LA-TURBELLE-MURO-DE-COROAMENTO-1-copy-400x284.webp 480w\" sizes=\"(max-width:479px) 479px, 100vw\" \/><span class=\"et_overlay\" data-icon=\"\" data-icon-tablet=\"\" data-icon-phone=\"\"><\/span><\/a><\/div><h3 class=\"et_pb_gallery_title\">Gr\u00faas p\u00f3rtico y encofrados - Port de la Turbelle, Francia<\/h3><\/div><div class=\"et_pb_gallery_item et_pb_grid_item et_pb_gallery_item_0_1\"><div class=\"et_pb_gallery_image landscape\" data-per_page=\"4\"><a href=\"https:\/\/carldora.com\/wp-content\/uploads\/2025\/11\/20241119_092326-copy.webp\" title=\"P\u00f3rticos Rolantes de 120 e 40T, Bejaia, Arg\u00e9lia\"><img loading=\"lazy\" decoding=\"async\" width=\"400\" height=\"284\" src=\"https:\/\/carldora.com\/wp-content\/uploads\/2025\/11\/20241119_092326-copy-400x284.webp\" alt=\"\" class=\"wp-image-1380820\" srcset=\"https:\/\/carldora.com\/wp-content\/uploads\/2025\/11\/20241119_092326-copy.webp 479w, https:\/\/carldora.com\/wp-content\/uploads\/2025\/11\/20241119_092326-copy-400x284.webp 480w\" sizes=\"(max-width:479px) 479px, 100vw\" \/><span class=\"et_overlay\" data-icon=\"\" data-icon-tablet=\"\" data-icon-phone=\"\"><\/span><\/a><\/div><h3 class=\"et_pb_gallery_title\">P\u00f3rticos Rolantes de 120 e 40T, Bejaia, Arg\u00e9lia<\/h3><\/div><\/div><div class=\"et_pb_gallery_pagination\"><\/div><\/div>\n<\/div>\n<\/div>\n<\/div>\n\n<div class=\"et_pb_section_5 et_pb_section et_section_regular et_flex_section et-interaction-target-xh6e1yib9h preset--group--divi-section--divi-box-shadow--default\" data-interaction-target=\"xh6e1yib9h\"><span class=\"et_pb_background_pattern\"><\/span>\n<div class=\"et_pb_row_6 et_pb_row et_flex_row preset--group--divi-row--divi-box-shadow--default\">\n<div class=\"et_pb_column_6 et_pb_column et-last-child et_flex_column et_pb_css_mix_blend_mode_passthrough et_flex_column_24_24 et_flex_column_24_24_tablet et_flex_column_24_24_phone preset--group--divi-column--divi-box-shadow--default\">\n<div class=\"et_pb_heading_2 et_pb_heading et_pb_module et_block_module preset--group--divi-heading--divi-box-shadow--default\"><div class=\"et_pb_heading_container\"><h5 class=\"et_pb_module_header\">Plataformas de trabajo rodantes<\/h5><\/div><\/div>\n\n<div class=\"et_pb_divider_1 et_pb_divider et_pb_space et_pb_divider_position_center et_pb_module preset--group--divi-divider--divi-box-shadow--default\"><div class=\"et_pb_divider_internal\"><\/div><\/div>\n<\/div>\n<\/div>\n\n<div class=\"et_pb_row_7 et_pb_row et_flex_row preset--group--divi-row--divi-box-shadow--default\">\n<div class=\"et_pb_column_7 et_pb_column et-last-child et_flex_column et_pb_css_mix_blend_mode_passthrough et_flex_column_24_24 et_flex_column_24_24_tablet et_flex_column_24_24_phone preset--group--divi-column--divi-box-shadow--default\">\n<div class=\"et_pb_gallery_1 et_pb_gallery et_pb_bg_layout_dark et_pb_text_align_center et_pb_gallery_grid et_pb_module preset--group--divi-gallery--divi-box-shadow--default\" data-auto-rotate=\"off\" data-auto-rotate-speed=\"\"><div class=\"et_pb_gallery_items et_post_gallery clearfix et_grid_module\" data-per_page=\"8\"><div class=\"et_pb_gallery_item et_pb_grid_item et_pb_gallery_item_1_0\"><div class=\"et_pb_gallery_image landscape\" data-per_page=\"8\"><a href=\"https:\/\/carldora.com\/wp-content\/uploads\/2025\/11\/16-698-PLATAFORMA-ROLANTE-SUSPENSA-SOARES-DA-COSTA-1-copy.webp\" title=\"Plataforma rodante suspendida\"><img loading=\"lazy\" decoding=\"async\" width=\"400\" height=\"284\" src=\"https:\/\/carldora.com\/wp-content\/uploads\/2025\/11\/16-698-PLATAFORMA-ROLANTE-SUSPENSA-SOARES-DA-COSTA-1-copy-400x284.webp\" alt=\"\" class=\"wp-image-1380821\" srcset=\"https:\/\/carldora.com\/wp-content\/uploads\/2025\/11\/16-698-PLATAFORMA-ROLANTE-SUSPENSA-SOARES-DA-COSTA-1-copy.webp 479w, https:\/\/carldora.com\/wp-content\/uploads\/2025\/11\/16-698-PLATAFORMA-ROLANTE-SUSPENSA-SOARES-DA-COSTA-1-copy-400x284.webp 480w\" sizes=\"(max-width:479px) 479px, 100vw\" \/><span class=\"et_overlay\" data-icon=\"\" data-icon-tablet=\"\" data-icon-phone=\"\"><\/span><\/a><\/div><h3 class=\"et_pb_gallery_title\">Plataforma rodante suspendida<\/h3><\/div><div class=\"et_pb_gallery_item et_pb_grid_item et_pb_gallery_item_1_1\"><div class=\"et_pb_gallery_image landscape\" data-per_page=\"8\"><a href=\"https:\/\/carldora.com\/wp-content\/uploads\/2025\/11\/19-663-RO-RO-PORTO-INGLES-ILHA-DO-MAIO-CABO-VERDE-15-copy.webp\" title=\"Plataforma para Repara\u00e7\u00e3o do Cais existente - Porto Ingl\u00eas, Ilha do Maio, Cabo Verde\"><img loading=\"lazy\" decoding=\"async\" width=\"400\" height=\"284\" src=\"https:\/\/carldora.com\/wp-content\/uploads\/2025\/11\/19-663-RO-RO-PORTO-INGLES-ILHA-DO-MAIO-CABO-VERDE-15-copy-400x284.webp\" alt=\"\" class=\"wp-image-1380822\" srcset=\"https:\/\/carldora.com\/wp-content\/uploads\/2025\/11\/19-663-RO-RO-PORTO-INGLES-ILHA-DO-MAIO-CABO-VERDE-15-copy.webp 479w, https:\/\/carldora.com\/wp-content\/uploads\/2025\/11\/19-663-RO-RO-PORTO-INGLES-ILHA-DO-MAIO-CABO-VERDE-15-copy-400x284.webp 480w\" sizes=\"(max-width:479px) 479px, 100vw\" \/><span class=\"et_overlay\" data-icon=\"\" data-icon-tablet=\"\" data-icon-phone=\"\"><\/span><\/a><\/div><h3 class=\"et_pb_gallery_title\">Plataforma para Repara\u00e7\u00e3o do Cais existente &#8211; Porto Ingl\u00eas, Ilha do Maio, Cabo Verde<\/h3><\/div><div class=\"et_pb_gallery_item et_pb_grid_item et_pb_gallery_item_1_2\"><div class=\"et_pb_gallery_image landscape\" data-per_page=\"8\"><a href=\"https:\/\/carldora.com\/wp-content\/uploads\/2025\/11\/21-186-CAIS-DE-ALFEITE-\u2013-SA-MACHADO-4-copy.webp\" title=\"Plataformas de Trabalho Rolante Inferior e Lateral, Cais de Alfeite\"><img loading=\"lazy\" decoding=\"async\" width=\"400\" height=\"284\" src=\"https:\/\/carldora.com\/wp-content\/uploads\/2025\/11\/21-186-CAIS-DE-ALFEITE-\u2013-SA-MACHADO-4-copy-400x284.webp\" alt=\"\" class=\"wp-image-1380823\" srcset=\"https:\/\/carldora.com\/wp-content\/uploads\/2025\/11\/21-186-CAIS-DE-ALFEITE-\u2013-SA-MACHADO-4-copy.webp 479w, https:\/\/carldora.com\/wp-content\/uploads\/2025\/11\/21-186-CAIS-DE-ALFEITE-\u2013-SA-MACHADO-4-copy-400x284.webp 480w\" sizes=\"(max-width:479px) 479px, 100vw\" \/><span class=\"et_overlay\" data-icon=\"\" data-icon-tablet=\"\" data-icon-phone=\"\"><\/span><\/a><\/div><h3 class=\"et_pb_gallery_title\">Plataformas de Trabalho Rolante Inferior e Lateral, Cais de Alfeite<\/h3><\/div><div class=\"et_pb_gallery_item et_pb_grid_item et_pb_gallery_item_1_3\"><div class=\"et_pb_gallery_image landscape\" data-per_page=\"8\"><a href=\"https:\/\/carldora.com\/wp-content\/uploads\/2025\/11\/22-282-PLATAFORMA-ROLANTE-SUSPENSA-ZEZERE-VSL-4-copy.webp\" title=\"Plataforma rodante suspendida, r\u00edo Z\u00eazere, Portugal\"><img loading=\"lazy\" decoding=\"async\" width=\"400\" height=\"284\" src=\"https:\/\/carldora.com\/wp-content\/uploads\/2025\/11\/22-282-PLATAFORMA-ROLANTE-SUSPENSA-ZEZERE-VSL-4-copy-400x284.webp\" alt=\"\" class=\"wp-image-1380824\" srcset=\"https:\/\/carldora.com\/wp-content\/uploads\/2025\/11\/22-282-PLATAFORMA-ROLANTE-SUSPENSA-ZEZERE-VSL-4-copy.webp 479w, https:\/\/carldora.com\/wp-content\/uploads\/2025\/11\/22-282-PLATAFORMA-ROLANTE-SUSPENSA-ZEZERE-VSL-4-copy-400x284.webp 480w\" sizes=\"(max-width:479px) 479px, 100vw\" \/><span class=\"et_overlay\" data-icon=\"\" data-icon-tablet=\"\" data-icon-phone=\"\"><\/span><\/a><\/div><h3 class=\"et_pb_gallery_title\">Plataforma rodante suspendida, r\u00edo Z\u00eazere, Portugal<\/h3><\/div><div class=\"et_pb_gallery_item et_pb_grid_item et_pb_gallery_item_1_4\"><div class=\"et_pb_gallery_image landscape\" data-per_page=\"8\"><a href=\"https:\/\/carldora.com\/wp-content\/uploads\/2025\/11\/2004-REABILITACAO-PONTE-FIGUEIRA-DA-FOZ-2-copy.webp\" title=\"Plataformas de Trabalho com Basculagem Hidr\u00e1ulica - Reabilita\u00e7\u00e3o Ponte Figueira da Foz, Portugal\"><img loading=\"lazy\" decoding=\"async\" width=\"400\" height=\"284\" src=\"https:\/\/carldora.com\/wp-content\/uploads\/2025\/11\/2004-REABILITACAO-PONTE-FIGUEIRA-DA-FOZ-2-copy-400x284.webp\" alt=\"\" class=\"wp-image-1380825\" srcset=\"https:\/\/carldora.com\/wp-content\/uploads\/2025\/11\/2004-REABILITACAO-PONTE-FIGUEIRA-DA-FOZ-2-copy.webp 479w, https:\/\/carldora.com\/wp-content\/uploads\/2025\/11\/2004-REABILITACAO-PONTE-FIGUEIRA-DA-FOZ-2-copy-400x284.webp 480w\" sizes=\"(max-width:479px) 479px, 100vw\" \/><span class=\"et_overlay\" data-icon=\"\" data-icon-tablet=\"\" data-icon-phone=\"\"><\/span><\/a><\/div><h3 class=\"et_pb_gallery_title\">Plataformas de Trabalho com Basculagem Hidr\u00e1ulica &#8211; Reabilita\u00e7\u00e3o Ponte Figueira da Foz, Portugal<\/h3><\/div><\/div><div class=\"et_pb_gallery_pagination\"><\/div><\/div>\n<\/div>\n<\/div>\n<\/div>\n\n<div class=\"et_pb_section_6 et_pb_section et_section_regular et_flex_section et-interaction-target-zwapw0hgbd preset--group--divi-section--divi-box-shadow--default\" data-interaction-target=\"zwapw0hgbd\"><span class=\"et_pb_background_pattern\"><\/span>\n<div class=\"et_pb_row_8 et_pb_row et_flex_row preset--group--divi-row--divi-box-shadow--default\">\n<div class=\"et_pb_column_8 et_pb_column et-last-child et_flex_column et_pb_css_mix_blend_mode_passthrough et_flex_column_24_24 et_flex_column_24_24_tablet et_flex_column_24_24_phone preset--group--divi-column--divi-box-shadow--default\">\n<div class=\"et_pb_heading_3 et_pb_heading et_pb_module et_block_module preset--group--divi-heading--divi-box-shadow--default\"><div class=\"et_pb_heading_container\"><h5 class=\"et_pb_module_header\">Encofrado trepante hidr\u00e1ulico<\/h5><\/div><\/div>\n\n<div class=\"et_pb_divider_2 et_pb_divider et_pb_space et_pb_divider_position_center et_pb_module preset--group--divi-divider--divi-box-shadow--default\"><div class=\"et_pb_divider_internal\"><\/div><\/div>\n<\/div>\n<\/div>\n\n<div class=\"et_pb_row_9 et_pb_row et_flex_row preset--group--divi-row--divi-box-shadow--default\">\n<div class=\"et_pb_column_9 et_pb_column et-last-child et_flex_column et_pb_css_mix_blend_mode_passthrough et_flex_column_24_24 et_flex_column_24_24_tablet et_flex_column_24_24_phone preset--group--divi-column--divi-box-shadow--default\">\n<div class=\"et_pb_gallery_2 et_pb_gallery et_pb_bg_layout_dark et_pb_text_align_center et_pb_gallery_grid et_pb_module preset--group--divi-gallery--divi-box-shadow--default\" data-auto-rotate=\"off\" data-auto-rotate-speed=\"\"><div class=\"et_pb_gallery_items et_post_gallery clearfix et_grid_module\" data-per_page=\"8\"><div class=\"et_pb_gallery_item et_pb_grid_item et_pb_gallery_item_2_0\"><div class=\"et_pb_gallery_image landscape\" data-per_page=\"8\"><a href=\"https:\/\/carldora.com\/wp-content\/uploads\/2025\/11\/07-054-PILAR-TECNOVIA-MARROCOS-copy.webp\" title=\"Cofragem Auto Trepante para Pilares, Marrocos\"><img loading=\"lazy\" decoding=\"async\" width=\"400\" height=\"284\" src=\"https:\/\/carldora.com\/wp-content\/uploads\/2025\/11\/07-054-PILAR-TECNOVIA-MARROCOS-copy-400x284.webp\" alt=\"\" class=\"wp-image-1380826\" srcset=\"https:\/\/carldora.com\/wp-content\/uploads\/2025\/11\/07-054-PILAR-TECNOVIA-MARROCOS-copy.webp 479w, https:\/\/carldora.com\/wp-content\/uploads\/2025\/11\/07-054-PILAR-TECNOVIA-MARROCOS-copy-400x284.webp 480w\" sizes=\"(max-width:479px) 479px, 100vw\" \/><span class=\"et_overlay\" data-icon=\"\" data-icon-tablet=\"\" data-icon-phone=\"\"><\/span><\/a><\/div><h3 class=\"et_pb_gallery_title\">Cofragem Auto Trepante para Pilares, Marrocos<\/h3><\/div><div class=\"et_pb_gallery_item et_pb_grid_item et_pb_gallery_item_2_1\"><div class=\"et_pb_gallery_image landscape\" data-per_page=\"8\"><a href=\"https:\/\/carldora.com\/wp-content\/uploads\/2025\/11\/08-011-COFRAGEM-AUTO-TREPANTE-BARRAGEM-DO-PICOTE-3-copy.webp\" title=\"Encofrado autotrepante, presa de Picote, Portugal\"><img loading=\"lazy\" decoding=\"async\" width=\"400\" height=\"284\" src=\"https:\/\/carldora.com\/wp-content\/uploads\/2025\/11\/08-011-COFRAGEM-AUTO-TREPANTE-BARRAGEM-DO-PICOTE-3-copy-400x284.webp\" alt=\"\" class=\"wp-image-1380827\" srcset=\"https:\/\/carldora.com\/wp-content\/uploads\/2025\/11\/08-011-COFRAGEM-AUTO-TREPANTE-BARRAGEM-DO-PICOTE-3-copy.webp 479w, https:\/\/carldora.com\/wp-content\/uploads\/2025\/11\/08-011-COFRAGEM-AUTO-TREPANTE-BARRAGEM-DO-PICOTE-3-copy-400x284.webp 480w\" sizes=\"(max-width:479px) 479px, 100vw\" \/><span class=\"et_overlay\" data-icon=\"\" data-icon-tablet=\"\" data-icon-phone=\"\"><\/span><\/a><\/div><h3 class=\"et_pb_gallery_title\">Encofrado autotrepante, presa de Picote, Portugal<\/h3><\/div><div class=\"et_pb_gallery_item et_pb_grid_item et_pb_gallery_item_2_2\"><div class=\"et_pb_gallery_image landscape\" data-per_page=\"8\"><a href=\"https:\/\/carldora.com\/wp-content\/uploads\/2025\/11\/13-008-QUEIROZ-DE-GALVAO_-EDITADA-copy.webp\" title=\"Cofragem Auto Trepante para Fuste\"><img loading=\"lazy\" decoding=\"async\" width=\"400\" height=\"284\" src=\"https:\/\/carldora.com\/wp-content\/uploads\/2025\/11\/13-008-QUEIROZ-DE-GALVAO_-EDITADA-copy-400x284.webp\" alt=\"\" class=\"wp-image-1380828\" srcset=\"https:\/\/carldora.com\/wp-content\/uploads\/2025\/11\/13-008-QUEIROZ-DE-GALVAO_-EDITADA-copy.webp 479w, https:\/\/carldora.com\/wp-content\/uploads\/2025\/11\/13-008-QUEIROZ-DE-GALVAO_-EDITADA-copy-400x284.webp 480w\" sizes=\"(max-width:479px) 479px, 100vw\" \/><span class=\"et_overlay\" data-icon=\"\" data-icon-tablet=\"\" data-icon-phone=\"\"><\/span><\/a><\/div><h3 class=\"et_pb_gallery_title\">Cofragem Auto Trepante para Fuste<\/h3><\/div><div class=\"et_pb_gallery_item et_pb_grid_item et_pb_gallery_item_2_3\"><div class=\"et_pb_gallery_image landscape\" data-per_page=\"8\"><a href=\"https:\/\/carldora.com\/wp-content\/uploads\/2025\/11\/14-\u2013-098-COFRAGEM-AUTO-TREPANTE-HIDROELETRICA-DE-FOZ-DO-TUA-1-copy.webp\" title=\"Cofragem Auto Trepante Hidroel\u00e9trica, Foz do Tua, Portugal\"><img loading=\"lazy\" decoding=\"async\" width=\"400\" height=\"284\" src=\"https:\/\/carldora.com\/wp-content\/uploads\/2025\/11\/14-\u2013-098-COFRAGEM-AUTO-TREPANTE-HIDROELETRICA-DE-FOZ-DO-TUA-1-copy-400x284.webp\" alt=\"\" class=\"wp-image-1380829\" srcset=\"https:\/\/carldora.com\/wp-content\/uploads\/2025\/11\/14-\u2013-098-COFRAGEM-AUTO-TREPANTE-HIDROELETRICA-DE-FOZ-DO-TUA-1-copy.webp 479w, https:\/\/carldora.com\/wp-content\/uploads\/2025\/11\/14-\u2013-098-COFRAGEM-AUTO-TREPANTE-HIDROELETRICA-DE-FOZ-DO-TUA-1-copy-400x284.webp 480w\" sizes=\"(max-width:479px) 479px, 100vw\" \/><span class=\"et_overlay\" data-icon=\"\" data-icon-tablet=\"\" data-icon-phone=\"\"><\/span><\/a><\/div><h3 class=\"et_pb_gallery_title\">Cofragem Auto Trepante Hidroel\u00e9trica, Foz do Tua, Portugal<\/h3><\/div><\/div><div class=\"et_pb_gallery_pagination\"><\/div><\/div>\n<\/div>\n<\/div>\n<\/div>\n\n<div class=\"et_pb_section_7 et_pb_section et_section_regular et_flex_section et-interaction-target-n5xycmaame preset--group--divi-section--divi-box-shadow--default\" data-interaction-target=\"n5xycmaame\"><span class=\"et_pb_background_pattern\"><\/span>\n<div class=\"et_pb_row_10 et_pb_row et_flex_row preset--group--divi-row--divi-box-shadow--default\">\n<div class=\"et_pb_column_10 et_pb_column et-last-child et_flex_column et_pb_css_mix_blend_mode_passthrough et_flex_column_24_24 et_flex_column_24_24_tablet et_flex_column_24_24_phone preset--group--divi-column--divi-box-shadow--default\">\n<div class=\"et_pb_heading_4 et_pb_heading et_pb_module et_block_module preset--group--divi-heading--divi-box-shadow--default\"><div class=\"et_pb_heading_container\"><h5 class=\"et_pb_module_header\">Estructuras para eventos<\/h5><\/div><\/div>\n\n<div class=\"et_pb_divider_3 et_pb_divider et_pb_space et_pb_divider_position_center et_pb_module preset--group--divi-divider--divi-box-shadow--default\"><div class=\"et_pb_divider_internal\"><\/div><\/div>\n<\/div>\n<\/div>\n\n<div class=\"et_pb_row_11 et_pb_row et_flex_row preset--group--divi-row--divi-box-shadow--default\">\n<div class=\"et_pb_column_11 et_pb_column et-last-child et_flex_column et_pb_css_mix_blend_mode_passthrough et_flex_column_24_24 et_flex_column_24_24_tablet et_flex_column_24_24_phone preset--group--divi-column--divi-box-shadow--default\">\n<div class=\"et_pb_gallery_3 et_pb_gallery et_pb_bg_layout_light et_pb_gallery_grid et_pb_module preset--group--divi-gallery--divi-box-shadow--default\" data-auto-rotate=\"off\" data-auto-rotate-speed=\"\"><div class=\"et_pb_gallery_items et_post_gallery clearfix et_grid_module\" data-per_page=\"8\"><div class=\"et_pb_gallery_item et_pb_grid_item et_pb_gallery_item_3_0\"><div class=\"et_pb_gallery_image landscape\" data-per_page=\"8\"><a href=\"https:\/\/carldora.com\/wp-content\/uploads\/2025\/11\/2017-LEIRIA-SOBRE-RODAS-copy.webp\" title=\"Leiria sobre ruedas, Portugal\"><img loading=\"lazy\" decoding=\"async\" width=\"400\" height=\"284\" src=\"https:\/\/carldora.com\/wp-content\/uploads\/2025\/11\/2017-LEIRIA-SOBRE-RODAS-copy-400x284.webp\" alt=\"\" class=\"wp-image-1380833\" srcset=\"https:\/\/carldora.com\/wp-content\/uploads\/2025\/11\/2017-LEIRIA-SOBRE-RODAS-copy.webp 479w, https:\/\/carldora.com\/wp-content\/uploads\/2025\/11\/2017-LEIRIA-SOBRE-RODAS-copy-400x284.webp 480w\" sizes=\"(max-width:479px) 479px, 100vw\" \/><span class=\"et_overlay\" data-icon=\"\" data-icon-tablet=\"\" data-icon-phone=\"\"><\/span><\/a><\/div><h3 class=\"et_pb_gallery_title\">Leiria sobre ruedas, Portugal<\/h3><\/div><div class=\"et_pb_gallery_item et_pb_grid_item et_pb_gallery_item_3_1\"><div class=\"et_pb_gallery_image landscape\" data-per_page=\"8\"><a href=\"https:\/\/carldora.com\/wp-content\/uploads\/2025\/11\/2004-.-ESTRUTURA-P-EVENTOS-GOOD-MOOD-FESTIVAL-1-copy.webp\" title=\"Festival Good Mood\"><img loading=\"lazy\" decoding=\"async\" width=\"400\" height=\"284\" src=\"https:\/\/carldora.com\/wp-content\/uploads\/2025\/11\/2004-.-ESTRUTURA-P-EVENTOS-GOOD-MOOD-FESTIVAL-1-copy-400x284.webp\" alt=\"\" class=\"wp-image-1380831\" srcset=\"https:\/\/carldora.com\/wp-content\/uploads\/2025\/11\/2004-.-ESTRUTURA-P-EVENTOS-GOOD-MOOD-FESTIVAL-1-copy.webp 479w, https:\/\/carldora.com\/wp-content\/uploads\/2025\/11\/2004-.-ESTRUTURA-P-EVENTOS-GOOD-MOOD-FESTIVAL-1-copy-400x284.webp 480w\" sizes=\"(max-width:479px) 479px, 100vw\" \/><span class=\"et_overlay\" data-icon=\"\" data-icon-tablet=\"\" data-icon-phone=\"\"><\/span><\/a><\/div><h3 class=\"et_pb_gallery_title\">Festival Good Mood<\/h3><\/div><div class=\"et_pb_gallery_item et_pb_grid_item et_pb_gallery_item_3_2\"><div class=\"et_pb_gallery_image landscape\" data-per_page=\"8\"><a href=\"https:\/\/carldora.com\/wp-content\/uploads\/2025\/11\/2001-\u2013-EDIFICIO-EFEMERO-\u2013-MOSTRA-POETUGAL-2000-4-copy.webp\" title=\"Edif\u00edcio Ef\u00e9mero - Mostra Portugal, Espa\u00f1a\"><img loading=\"lazy\" decoding=\"async\" width=\"400\" height=\"284\" src=\"https:\/\/carldora.com\/wp-content\/uploads\/2025\/11\/2001-\u2013-EDIFICIO-EFEMERO-\u2013-MOSTRA-POETUGAL-2000-4-copy-400x284.webp\" alt=\"\" class=\"wp-image-1380830\" srcset=\"https:\/\/carldora.com\/wp-content\/uploads\/2025\/11\/2001-\u2013-EDIFICIO-EFEMERO-\u2013-MOSTRA-POETUGAL-2000-4-copy.webp 479w, https:\/\/carldora.com\/wp-content\/uploads\/2025\/11\/2001-\u2013-EDIFICIO-EFEMERO-\u2013-MOSTRA-POETUGAL-2000-4-copy-400x284.webp 480w\" sizes=\"(max-width:479px) 479px, 100vw\" \/><span class=\"et_overlay\" data-icon=\"\" data-icon-tablet=\"\" data-icon-phone=\"\"><\/span><\/a><\/div><h3 class=\"et_pb_gallery_title\">Edif\u00edcio Ef\u00e9mero - Mostra Portugal, Espa\u00f1a<\/h3><\/div><div class=\"et_pb_gallery_item et_pb_grid_item et_pb_gallery_item_3_3\"><div class=\"et_pb_gallery_image landscape\" data-per_page=\"8\"><a href=\"https:\/\/carldora.com\/wp-content\/uploads\/2025\/10\/10_2000-MADRID-ESPANHA-11-2.webp\" title=\"Edif\u00edcio Ef\u00e9mero - Mostra Portugal, Espa\u00f1a\"><img loading=\"lazy\" decoding=\"async\" width=\"400\" height=\"284\" src=\"https:\/\/carldora.com\/wp-content\/uploads\/2025\/10\/10_2000-MADRID-ESPANHA-11-2-400x284.webp\" alt=\"\" class=\"wp-image-1380627\" srcset=\"https:\/\/carldora.com\/wp-content\/uploads\/2025\/10\/10_2000-MADRID-ESPANHA-11-2.webp 479w, https:\/\/carldora.com\/wp-content\/uploads\/2025\/10\/10_2000-MADRID-ESPANHA-11-2-400x284.webp 480w\" sizes=\"(max-width:479px) 479px, 100vw\" \/><span class=\"et_overlay\" data-icon=\"\" data-icon-tablet=\"\" data-icon-phone=\"\"><\/span><\/a><\/div><h3 class=\"et_pb_gallery_title\">Edif\u00edcio Ef\u00e9mero - Mostra Portugal, Espa\u00f1a<\/h3><\/div><div class=\"et_pb_gallery_item et_pb_grid_item et_pb_gallery_item_3_4\"><div class=\"et_pb_gallery_image landscape\" data-per_page=\"8\"><a href=\"https:\/\/carldora.com\/wp-content\/uploads\/2025\/11\/2013-AIRBIKE-1-copy.webp\" title=\"Airbike, Portugal\"><img loading=\"lazy\" decoding=\"async\" width=\"400\" height=\"284\" src=\"https:\/\/carldora.com\/wp-content\/uploads\/2025\/11\/2013-AIRBIKE-1-copy-400x284.webp\" alt=\"\" class=\"wp-image-1380832\" srcset=\"https:\/\/carldora.com\/wp-content\/uploads\/2025\/11\/2013-AIRBIKE-1-copy.webp 479w, https:\/\/carldora.com\/wp-content\/uploads\/2025\/11\/2013-AIRBIKE-1-copy-400x284.webp 480w\" sizes=\"(max-width:479px) 479px, 100vw\" \/><span class=\"et_overlay\" data-icon=\"\" data-icon-tablet=\"\" data-icon-phone=\"\"><\/span><\/a><\/div><h3 class=\"et_pb_gallery_title\">Airbike, Portugal<\/h3><\/div><div class=\"et_pb_gallery_item et_pb_grid_item et_pb_gallery_item_3_5\"><div class=\"et_pb_gallery_image landscape\" data-per_page=\"8\"><a href=\"https:\/\/carldora.com\/wp-content\/uploads\/2025\/11\/2018-FEIRA-DE-MAIO-copy.webp\" title=\"Feira de Maio, Leiria, Portugal\"><img loading=\"lazy\" decoding=\"async\" width=\"400\" height=\"284\" src=\"https:\/\/carldora.com\/wp-content\/uploads\/2025\/11\/2018-FEIRA-DE-MAIO-copy-400x284.webp\" alt=\"\" class=\"wp-image-1380834\" srcset=\"https:\/\/carldora.com\/wp-content\/uploads\/2025\/11\/2018-FEIRA-DE-MAIO-copy.webp 479w, https:\/\/carldora.com\/wp-content\/uploads\/2025\/11\/2018-FEIRA-DE-MAIO-copy-400x284.webp 480w\" sizes=\"(max-width:479px) 479px, 100vw\" \/><span class=\"et_overlay\" data-icon=\"\" data-icon-tablet=\"\" data-icon-phone=\"\"><\/span><\/a><\/div><h3 class=\"et_pb_gallery_title\">Feira de Maio, Leiria, Portugal<\/h3><\/div><\/div><div class=\"et_pb_gallery_pagination\"><\/div><\/div>\n<\/div>\n<\/div>\n<\/div>\n\n<div class=\"et_pb_section_8 et_pb_section et_section_regular et_flex_section et_pb_section_parallax preset--group--divi-section--divi-box-shadow--default\"><span class=\"et-pb-parallax-wrapper\"><span class=\"et-pb-parallax-background et-pb-parallax-background--css et-pb-parallax-background-module--divi-section-8\" style=\"background-image:url(https:\/\/carldora.com\/wp-content\/uploads\/2024\/12\/cast-iron-formwork-for-large-concrete-columns-stru-2023-11-27-05-24-11-utc-PB.jpg)\"><\/span><span class=\"et_parallax_gradient et_pb_parallax_css\" style=\"background-image:linear-gradient(25deg, rgba(77, 34, 0, 0.85) 10%,rgba(77, 34, 0, 0.45) 99% 110%)\"><\/span><\/span><div class=\"et_pb_row_12 et_pb_row et_flex_row preset--group--divi-row--divi-box-shadow--default\"><div class=\"et_pb_column_12 et_pb_column et-last-child et_flex_column et_pb_css_mix_blend_mode_passthrough et_flex_column_24_24 et_flex_column_24_24_tablet et_flex_column_24_24_phone preset--group--divi-column--divi-box-shadow--default\"><div class=\"et_pb_cta_0 et_pb_promo et_pb_bg_layout_dark et_pb_module et_flex_module preset--group--divi-cta--divi-box-shadow--default preset--group--divi-cta--divi-font-body--default\"><div class=\"et_pb_promo_description\"><h2 class=\"et_pb_module_header\">Soluciones de calidad, probadas y certificadas<\/h2><div class=\"et_pb_promo_content\"><p style=\"text-align: center;\">Desarrollamos soluciones a medida, garantizando la mejor respuesta a las necesidades de cada proyecto. Dise\u00f1amos, construimos y montamos estructuras en cualquier parte del mundo.<\/p>\n<\/div><\/div><div class=\"et_pb_button_wrapper\"><a class=\"et_pb_button et_pb_promo_button\" href=\"https:\/\/carldora.com\/es\/contactos\/\">Solicitar un presupuesto<\/a><\/div><\/div><\/div><\/div><\/div>","protected":false},"excerpt":{"rendered":"","protected":false},"author":1,"featured_media":0,"parent":0,"menu_order":0,"comment_status":"closed","ping_status":"closed","template":"","meta":{"_acf_changed":false,"_vp_format_video_url":"","_vp_image_focal_point":[],"footnotes":""},"class_list":["post-1378861","page","type-page","status-publish","hentry"],"acf":[],"yoast_head":"<!-- This site is optimized with the Yoast SEO plugin v28.0 - https:\/\/yoast.com\/product\/yoast-seo-wordpress\/ -->\n<title>Estruturas Especiais - CARLDORA<\/title>\n<meta name=\"robots\" content=\"index, follow, max-snippet:-1, max-image-preview:large, max-video-preview:-1\" \/>\n<link rel=\"canonical\" href=\"https:\/\/carldora.com\/es\/estruturas-especiais\/\" \/>\n<meta property=\"og:locale\" content=\"es_ES\" \/>\n<meta property=\"og:type\" content=\"article\" \/>\n<meta property=\"og:title\" content=\"Estruturas Especiais - CARLDORA\" \/>\n<meta property=\"og:url\" content=\"https:\/\/carldora.com\/es\/estruturas-especiais\/\" \/>\n<meta property=\"og:site_name\" content=\"CARLDORA\" \/>\n<meta property=\"article:modified_time\" content=\"2026-03-06T16:04:57+00:00\" \/>\n<meta name=\"twitter:card\" content=\"summary_large_image\" \/>\n<script type=\"application\/ld+json\" class=\"yoast-schema-graph\">{\"@context\":\"https:\\\/\\\/schema.org\",\"@graph\":[{\"@type\":\"WebPage\",\"@id\":\"https:\\\/\\\/carldora.com\\\/estruturas-especiais\\\/\",\"url\":\"https:\\\/\\\/carldora.com\\\/estruturas-especiais\\\/\",\"name\":\"Estruturas Especiais - CARLDORA\",\"isPartOf\":{\"@id\":\"https:\\\/\\\/carldora.com\\\/#website\"},\"datePublished\":\"2025-09-19T19:44:52+00:00\",\"dateModified\":\"2026-03-06T16:04:57+00:00\",\"breadcrumb\":{\"@id\":\"https:\\\/\\\/carldora.com\\\/estruturas-especiais\\\/#breadcrumb\"},\"inLanguage\":\"es\",\"potentialAction\":[{\"@type\":\"ReadAction\",\"target\":[\"https:\\\/\\\/carldora.com\\\/estruturas-especiais\\\/\"]}]},{\"@type\":\"BreadcrumbList\",\"@id\":\"https:\\\/\\\/carldora.com\\\/estruturas-especiais\\\/#breadcrumb\",\"itemListElement\":[{\"@type\":\"ListItem\",\"position\":1,\"name\":\"In\u00edcio\",\"item\":\"https:\\\/\\\/carldora.com\\\/\"},{\"@type\":\"ListItem\",\"position\":2,\"name\":\"Estruturas Especiais\"}]},{\"@type\":\"WebSite\",\"@id\":\"https:\\\/\\\/carldora.com\\\/#website\",\"url\":\"https:\\\/\\\/carldora.com\\\/\",\"name\":\"CARLDORA\",\"description\":\"Pioneiros em Portugal no fabrico de Cofragens, Andaimes, Escoramentos, Entiva\u00e7\u00f5es de Valas e Estruturas Especiais.\",\"potentialAction\":[{\"@type\":\"SearchAction\",\"target\":{\"@type\":\"EntryPoint\",\"urlTemplate\":\"https:\\\/\\\/carldora.com\\\/?s={search_term_string}\"},\"query-input\":{\"@type\":\"PropertyValueSpecification\",\"valueRequired\":true,\"valueName\":\"search_term_string\"}}],\"inLanguage\":\"es\"}]}<\/script>\n<!-- \/ Yoast SEO plugin. -->","yoast_head_json":{"title":"Estruturas Especiais - CARLDORA","robots":{"index":"index","follow":"follow","max-snippet":"max-snippet:-1","max-image-preview":"max-image-preview:large","max-video-preview":"max-video-preview:-1"},"canonical":"https:\/\/carldora.com\/es\/estruturas-especiais\/","og_locale":"es_ES","og_type":"article","og_title":"Estruturas Especiais - CARLDORA","og_url":"https:\/\/carldora.com\/es\/estruturas-especiais\/","og_site_name":"CARLDORA","article_modified_time":"2026-03-06T16:04:57+00:00","twitter_card":"summary_large_image","schema":{"@context":"https:\/\/schema.org","@graph":[{"@type":"WebPage","@id":"https:\/\/carldora.com\/estruturas-especiais\/","url":"https:\/\/carldora.com\/estruturas-especiais\/","name":"Estruturas Especiais - CARLDORA","isPartOf":{"@id":"https:\/\/carldora.com\/#website"},"datePublished":"2025-09-19T19:44:52+00:00","dateModified":"2026-03-06T16:04:57+00:00","breadcrumb":{"@id":"https:\/\/carldora.com\/estruturas-especiais\/#breadcrumb"},"inLanguage":"es","potentialAction":[{"@type":"ReadAction","target":["https:\/\/carldora.com\/estruturas-especiais\/"]}]},{"@type":"BreadcrumbList","@id":"https:\/\/carldora.com\/estruturas-especiais\/#breadcrumb","itemListElement":[{"@type":"ListItem","position":1,"name":"In\u00edcio","item":"https:\/\/carldora.com\/"},{"@type":"ListItem","position":2,"name":"Estruturas Especiais"}]},{"@type":"WebSite","@id":"https:\/\/carldora.com\/#website","url":"https:\/\/carldora.com\/","name":"CARLDORA","description":"Pioneiros em Portugal no fabrico de Cofragens, Andaimes, Escoramentos, Entiva\u00e7\u00f5es de Valas e Estruturas Especiais.","potentialAction":[{"@type":"SearchAction","target":{"@type":"EntryPoint","urlTemplate":"https:\/\/carldora.com\/?s={search_term_string}"},"query-input":{"@type":"PropertyValueSpecification","valueRequired":true,"valueName":"search_term_string"}}],"inLanguage":"es"}]}},"_links":{"self":[{"href":"https:\/\/carldora.com\/es\/wp-json\/wp\/v2\/pages\/1378861","targetHints":{"allow":["GET"]}}],"collection":[{"href":"https:\/\/carldora.com\/es\/wp-json\/wp\/v2\/pages"}],"about":[{"href":"https:\/\/carldora.com\/es\/wp-json\/wp\/v2\/types\/page"}],"author":[{"embeddable":true,"href":"https:\/\/carldora.com\/es\/wp-json\/wp\/v2\/users\/1"}],"replies":[{"embeddable":true,"href":"https:\/\/carldora.com\/es\/wp-json\/wp\/v2\/comments?post=1378861"}],"version-history":[{"count":39,"href":"https:\/\/carldora.com\/es\/wp-json\/wp\/v2\/pages\/1378861\/revisions"}],"predecessor-version":[{"id":1381842,"href":"https:\/\/carldora.com\/es\/wp-json\/wp\/v2\/pages\/1378861\/revisions\/1381842"}],"wp:attachment":[{"href":"https:\/\/carldora.com\/es\/wp-json\/wp\/v2\/media?parent=1378861"}],"curies":[{"name":"wp","href":"https:\/\/api.w.org\/{rel}","templated":true}]}}