{"id":1380437,"date":"2025-10-31T11:43:34","date_gmt":"2025-10-31T11:43:34","guid":{"rendered":"https:\/\/carldora.slideshow.com.pt\/?page_id=1380437"},"modified":"2025-10-31T12:33:03","modified_gmt":"2025-10-31T12:33:03","slug":"portugal","status":"publish","type":"page","link":"https:\/\/carldora.com\/en\/portugal\/","title":{"rendered":"Portugal"},"content":{"rendered":"<div class=\"et_pb_section_0 et_pb_section et_section_regular et_flex_section preset--group--divi-section--divi-box-shadow--default\"><span class=\"et_pb_background_pattern\"><\/span>\n<div class=\"et_pb_row_0 et_pb_row et_flex_row preset--group--divi-row--divi-box-shadow--default\">\n<div class=\"et_pb_column_0 et_pb_column et-last-child et_flex_column et_pb_css_mix_blend_mode_passthrough et_flex_column_24_24 et_flex_column_24_24_tablet et_flex_column_24_24_phone preset--group--divi-column--divi-box-shadow--default\">\n<div class=\"et_pb_portfolio_0 et_pb_portfolio et_pb_bg_layout_light clearfix et_pb_module preset--group--divi-portfolio--divi-box-shadow--default\"><div class=\"et_pb_ajax_pagination_container\"><div class=\"et_pb_posts et_grid_module\"><div id=\"post-1380013\" class=\"et_pb_grid_item et_pb_portfolio_item post-1380013 project type-project status-publish has-post-thumbnail hentry project_category-europa project_category-portugal project_tag-europa project_tag-portugal et_pb_portfolio_item_0_0\">\n\t\t\t\t\t\t\n\t\t\t\t<a href=\"https:\/\/carldora.com\/en\/project\/aproveitamento-hidroeletrico-gouvaes\/\" title=\"Aproveitamento Hidroel\u00e9trico Gouv\u00e3es\">\n\t\t\t\t\t<span class=\"et_portfolio_image\">\n\t\t\t\t\t\t<img loading=\"lazy\" decoding=\"async\" src=\"https:\/\/carldora.com\/wp-content\/uploads\/2025\/10\/01_17-448-CENTRAL-H.-GOUVAES-PORTUGAL-5-5-400x284.webp\" width=\"400\" height=\"284\" alt=\"\" class=\"et_pb_post_main_image\" \/>\n\t\t\t\t\t\t<span class=\"et_overlay\"><\/span>\n\t\t\t\t\t<\/span>\n\t\t\t\t<\/a>\n\t\t\t\t\t\t<h2 class=\"et_pb_module_header\"><a href=\"https:\/\/carldora.com\/en\/project\/aproveitamento-hidroeletrico-gouvaes\/\" title=\"Aproveitamento Hidroel\u00e9trico Gouv\u00e3es\">Aproveitamento Hidroel\u00e9trico Gouv\u00e3es<\/a><\/h2>\n\t\t\t\t\t\t<p class=\"post-meta\"><a href=\"https:\/\/carldora.com\/en\/project_category\/europa\/\" title=\"Europe\">Europe<\/a>, <a href=\"https:\/\/carldora.com\/en\/project_category\/portugal\/\" title=\"Portugal\">Portugal<\/a><\/p>\n\t\t\t\t\t<\/div>\n\t\t\t\t\t<div id=\"post-1379996\" class=\"et_pb_grid_item et_pb_portfolio_item post-1379996 project type-project status-publish has-post-thumbnail hentry project_category-europa project_category-portugal project_tag-europa project_tag-portugal et_pb_portfolio_item_0_1\">\n\t\t\t\t\t\t\n\t\t\t\t<a href=\"https:\/\/carldora.com\/en\/project\/barragem-do-alqueva\/\" title=\"Barragem do Alqueva \u00a0\">\n\t\t\t\t\t<span class=\"et_portfolio_image\">\n\t\t\t\t\t\t<img loading=\"lazy\" decoding=\"async\" src=\"https:\/\/carldora.com\/wp-content\/uploads\/2025\/10\/02_2002-ALQUEVA-PORTUGAL-5-3-400x284.webp\" width=\"400\" height=\"284\" alt=\"\" class=\"et_pb_post_main_image\" \/>\n\t\t\t\t\t\t<span class=\"et_overlay\"><\/span>\n\t\t\t\t\t<\/span>\n\t\t\t\t<\/a>\n\t\t\t\t\t\t<h2 class=\"et_pb_module_header\"><a href=\"https:\/\/carldora.com\/en\/project\/barragem-do-alqueva\/\" title=\"Barragem do Alqueva \u00a0\">Barragem do Alqueva \u00a0<\/a><\/h2>\n\t\t\t\t\t\t<p class=\"post-meta\"><a href=\"https:\/\/carldora.com\/en\/project_category\/europa\/\" title=\"Europe\">Europe<\/a>, <a href=\"https:\/\/carldora.com\/en\/project_category\/portugal\/\" title=\"Portugal\">Portugal<\/a><\/p>\n\t\t\t\t\t<\/div>\n\t\t\t\t\t<div id=\"post-1380111\" class=\"et_pb_grid_item et_pb_portfolio_item post-1380111 project type-project status-publish has-post-thumbnail hentry project_category-europa project_category-portugal project_tag-europa project_tag-portugal et_pb_portfolio_item_0_2\">\n\t\t\t\t\t\t\n\t\t\t\t<a href=\"https:\/\/carldora.com\/en\/project\/viaduto-baixo-tejo\/\" title=\"Subconcess\u00e3o Viaduto Baixo Tejo \u2013 Viaduto Belverde\">\n\t\t\t\t\t<span class=\"et_portfolio_image\">\n\t\t\t\t\t\t<img loading=\"lazy\" decoding=\"async\" src=\"https:\/\/carldora.com\/wp-content\/uploads\/2025\/10\/03_09-435-VIADUTO-BAIXO-TEJO-ODEBRECHT-PORTUGAL-15-17-400x284.webp\" width=\"400\" height=\"284\" alt=\"\" class=\"et_pb_post_main_image\" \/>\n\t\t\t\t\t\t<span class=\"et_overlay\"><\/span>\n\t\t\t\t\t<\/span>\n\t\t\t\t<\/a>\n\t\t\t\t\t\t<h2 class=\"et_pb_module_header\"><a href=\"https:\/\/carldora.com\/en\/project\/viaduto-baixo-tejo\/\" title=\"Subconcess\u00e3o Viaduto Baixo Tejo \u2013 Viaduto Belverde\">Subconcess\u00e3o Viaduto Baixo Tejo \u2013 Viaduto Belverde<\/a><\/h2>\n\t\t\t\t\t\t<p class=\"post-meta\"><a href=\"https:\/\/carldora.com\/en\/project_category\/europa\/\" title=\"Europe\">Europe<\/a>, <a href=\"https:\/\/carldora.com\/en\/project_category\/portugal\/\" title=\"Portugal\">Portugal<\/a><\/p>\n\t\t\t\t\t<\/div>\n\t\t\t\t\t<div id=\"post-1380061\" class=\"et_pb_grid_item et_pb_portfolio_item post-1380061 project type-project status-publish has-post-thumbnail hentry project_category-europa project_category-portugal project_tag-europa project_tag-portugal et_pb_portfolio_item_0_3\">\n\t\t\t\t\t\t\n\t\t\t\t<a href=\"https:\/\/carldora.com\/en\/project\/reservatorio-castro-verde\/\" title=\"Subconcess\u00e3o Remodela\u00e7\u00e3o do Monte da Rocha \u2013 Refor\u00e7o Adu\u00e7\u00e3o a Castro Verde\">\n\t\t\t\t\t<span class=\"et_portfolio_image\">\n\t\t\t\t\t\t<img loading=\"lazy\" decoding=\"async\" src=\"https:\/\/carldora.com\/wp-content\/uploads\/2025\/10\/04_18-235-RES.-CASTRO-VERDE-PORTUGAL-1-1-400x284.webp\" width=\"400\" height=\"284\" alt=\"\" class=\"et_pb_post_main_image\" \/>\n\t\t\t\t\t\t<span class=\"et_overlay\"><\/span>\n\t\t\t\t\t<\/span>\n\t\t\t\t<\/a>\n\t\t\t\t\t\t<h2 class=\"et_pb_module_header\"><a href=\"https:\/\/carldora.com\/en\/project\/reservatorio-castro-verde\/\" title=\"Subconcess\u00e3o Remodela\u00e7\u00e3o do Monte da Rocha \u2013 Refor\u00e7o Adu\u00e7\u00e3o a Castro Verde\">Subconcess\u00e3o Remodela\u00e7\u00e3o do Monte da Rocha \u2013 Refor\u00e7o Adu\u00e7\u00e3o a Castro Verde<\/a><\/h2>\n\t\t\t\t\t\t<p class=\"post-meta\"><a href=\"https:\/\/carldora.com\/en\/project_category\/europa\/\" title=\"Europe\">Europe<\/a>, <a href=\"https:\/\/carldora.com\/en\/project_category\/portugal\/\" title=\"Portugal\">Portugal<\/a><\/p>\n\t\t\t\t\t<\/div>\n\t\t\t\t\t<div id=\"post-1380070\" class=\"et_pb_grid_item et_pb_portfolio_item post-1380070 project type-project status-publish has-post-thumbnail hentry project_category-europa project_category-portugal project_tag-europa project_tag-portugal et_pb_portfolio_item_0_4\">\n\t\t\t\t\t\t\n\t\t\t\t<a href=\"https:\/\/carldora.com\/en\/project\/resevatorio-da-guarda\/\" title=\"Castanheira Elevated Reservoir Subconcession - Guarda \u00a0\">\n\t\t\t\t\t<span class=\"et_portfolio_image\">\n\t\t\t\t\t\t<img loading=\"lazy\" decoding=\"async\" src=\"https:\/\/carldora.com\/wp-content\/uploads\/2025\/10\/05_18-124-RESERVATORIO-DA-GUARDA-PORTUGAL-1-1-400x284.webp\" width=\"400\" height=\"284\" alt=\"\" class=\"et_pb_post_main_image\" \/>\n\t\t\t\t\t\t<span class=\"et_overlay\"><\/span>\n\t\t\t\t\t<\/span>\n\t\t\t\t<\/a>\n\t\t\t\t\t\t<h2 class=\"et_pb_module_header\"><a href=\"https:\/\/carldora.com\/en\/project\/resevatorio-da-guarda\/\" title=\"Castanheira Elevated Reservoir Subconcession - Guarda \u00a0\">Castanheira Elevated Reservoir Subconcession - Guarda \u00a0<\/a><\/h2>\n\t\t\t\t\t\t<p class=\"post-meta\"><a href=\"https:\/\/carldora.com\/en\/project_category\/europa\/\" title=\"Europe\">Europe<\/a>, <a href=\"https:\/\/carldora.com\/en\/project_category\/portugal\/\" title=\"Portugal\">Portugal<\/a><\/p>\n\t\t\t\t\t<\/div>\n\t\t\t\t\t<div id=\"post-1380079\" class=\"et_pb_grid_item et_pb_portfolio_item post-1380079 project type-project status-publish has-post-thumbnail hentry project_category-europa project_category-portugal project_tag-europa project_tag-portugal et_pb_portfolio_item_0_5\">\n\t\t\t\t\t\t\n\t\t\t\t<a href=\"https:\/\/carldora.com\/en\/project\/reservatorio-tecnorem\/\" title=\"Water supply to Ermidas and Fornalhas Velhas\">\n\t\t\t\t\t<span class=\"et_portfolio_image\">\n\t\t\t\t\t\t<img loading=\"lazy\" decoding=\"async\" src=\"https:\/\/carldora.com\/wp-content\/uploads\/2025\/10\/06_17-434-RESERVATORIOS-TECNOREM-2-4-400x284.webp\" width=\"400\" height=\"284\" alt=\"\" class=\"et_pb_post_main_image\" \/>\n\t\t\t\t\t\t<span class=\"et_overlay\"><\/span>\n\t\t\t\t\t<\/span>\n\t\t\t\t<\/a>\n\t\t\t\t\t\t<h2 class=\"et_pb_module_header\"><a href=\"https:\/\/carldora.com\/en\/project\/reservatorio-tecnorem\/\" title=\"Water supply to Ermidas and Fornalhas Velhas\">Water supply to Ermidas and Fornalhas Velhas<\/a><\/h2>\n\t\t\t\t\t\t<p class=\"post-meta\"><a href=\"https:\/\/carldora.com\/en\/project_category\/europa\/\" title=\"Europe\">Europe<\/a>, <a href=\"https:\/\/carldora.com\/en\/project_category\/portugal\/\" title=\"Portugal\">Portugal<\/a><\/p>\n\t\t\t\t\t<\/div>\n\t\t\t\t\t<div id=\"post-1380052\" class=\"et_pb_grid_item et_pb_portfolio_item post-1380052 project type-project status-publish has-post-thumbnail hentry project_category-europa project_category-portugal project_tag-europa project_tag-portugal et_pb_portfolio_item_0_6\">\n\t\t\t\t\t\t\n\t\t\t\t<a href=\"https:\/\/carldora.com\/en\/project\/ponte-rio-zezere\/\" title=\"Rehabilitation of the bridge over the River Z\u00eazere - ER 348 Km 87+690\">\n\t\t\t\t\t<span class=\"et_portfolio_image\">\n\t\t\t\t\t\t<img loading=\"lazy\" decoding=\"async\" src=\"https:\/\/carldora.com\/wp-content\/uploads\/2025\/10\/07_22-282-PONTE-RIO-ZEZERE-PORTUGAL-5-1-400x284.webp\" width=\"400\" height=\"284\" alt=\"\" class=\"et_pb_post_main_image\" \/>\n\t\t\t\t\t\t<span class=\"et_overlay\"><\/span>\n\t\t\t\t\t<\/span>\n\t\t\t\t<\/a>\n\t\t\t\t\t\t<h2 class=\"et_pb_module_header\"><a href=\"https:\/\/carldora.com\/en\/project\/ponte-rio-zezere\/\" title=\"Rehabilitation of the bridge over the River Z\u00eazere - ER 348 Km 87+690\">Rehabilitation of the bridge over the River Z\u00eazere - ER 348 Km 87+690<\/a><\/h2>\n\t\t\t\t\t\t<p class=\"post-meta\"><a href=\"https:\/\/carldora.com\/en\/project_category\/europa\/\" title=\"Europe\">Europe<\/a>, <a href=\"https:\/\/carldora.com\/en\/project_category\/portugal\/\" title=\"Portugal\">Portugal<\/a><\/p>\n\t\t\t\t\t<\/div>\n\t\t\t\t\t<div id=\"post-1380106\" class=\"et_pb_grid_item et_pb_portfolio_item post-1380106 project type-project status-publish has-post-thumbnail hentry project_category-europa project_category-portugal project_tag-europa project_tag-portugal et_pb_portfolio_item_0_7\">\n\t\t\t\t\t\t\n\t\t\t\t<a href=\"https:\/\/carldora.com\/en\/project\/viaduto-agodim\/\" title=\"Rehabilitation of the Agodim Viaduct -A1 Leiria\/Pombal section over the Agodim Stream\">\n\t\t\t\t\t<span class=\"et_portfolio_image\">\n\t\t\t\t\t\t<img loading=\"lazy\" decoding=\"async\" src=\"https:\/\/carldora.com\/wp-content\/uploads\/2025\/10\/08_17-646-VIADUTO-AGODIM-VSL-PORTUGAL-1-3-400x284.webp\" width=\"400\" height=\"284\" alt=\"\" class=\"et_pb_post_main_image\" \/>\n\t\t\t\t\t\t<span class=\"et_overlay\"><\/span>\n\t\t\t\t\t<\/span>\n\t\t\t\t<\/a>\n\t\t\t\t\t\t<h2 class=\"et_pb_module_header\"><a href=\"https:\/\/carldora.com\/en\/project\/viaduto-agodim\/\" title=\"Rehabilitation of the Agodim Viaduct -A1 Leiria\/Pombal section over the Agodim Stream\">Rehabilitation of the Agodim Viaduct -A1 Leiria\/Pombal section over the Agodim Stream<\/a><\/h2>\n\t\t\t\t\t\t<p class=\"post-meta\"><a href=\"https:\/\/carldora.com\/en\/project_category\/europa\/\" title=\"Europe\">Europe<\/a>, <a href=\"https:\/\/carldora.com\/en\/project_category\/portugal\/\" title=\"Portugal\">Portugal<\/a><\/p>\n\t\t\t\t\t<\/div>\n\t\t\t\t\t<div id=\"post-1380087\" class=\"et_pb_grid_item et_pb_portfolio_item post-1380087 project type-project status-publish has-post-thumbnail hentry project_category-europa project_category-portugal project_tag-europa project_tag-portugal et_pb_portfolio_item_0_8\">\n\t\t\t\t\t\t\n\t\t\t\t<a href=\"https:\/\/carldora.com\/en\/project\/conversores-de-energia-eolica\/\" title=\"Building Wind Energy Converters\">\n\t\t\t\t\t<span class=\"et_portfolio_image\">\n\t\t\t\t\t\t<img loading=\"lazy\" decoding=\"async\" src=\"https:\/\/carldora.com\/wp-content\/uploads\/2025\/10\/09_08-028-SAPATAS-TORRES-EOLICAS-PORTUGAL-3-4-400x284.webp\" width=\"400\" height=\"284\" alt=\"\" class=\"et_pb_post_main_image\" \/>\n\t\t\t\t\t\t<span class=\"et_overlay\"><\/span>\n\t\t\t\t\t<\/span>\n\t\t\t\t<\/a>\n\t\t\t\t\t\t<h2 class=\"et_pb_module_header\"><a href=\"https:\/\/carldora.com\/en\/project\/conversores-de-energia-eolica\/\" title=\"Building Wind Energy Converters\">Building Wind Energy Converters<\/a><\/h2>\n\t\t\t\t\t\t<p class=\"post-meta\"><a href=\"https:\/\/carldora.com\/en\/project_category\/europa\/\" title=\"Europe\">Europe<\/a>, <a href=\"https:\/\/carldora.com\/en\/project_category\/portugal\/\" title=\"Portugal\">Portugal<\/a><\/p>\n\t\t\t\t\t<\/div>\n\t\t\t\t\t<div id=\"post-1380097\" class=\"et_pb_grid_item et_pb_portfolio_item post-1380097 project type-project status-publish has-post-thumbnail hentry project_category-europa project_category-portugal project_tag-europa project_tag-portugal et_pb_portfolio_item_0_9\">\n\t\t\t\t\t\t\n\t\t\t\t<a href=\"https:\/\/carldora.com\/en\/project\/tunel-do-marao\/\" title=\"Mar\u00e3o Motorway - A4\/IP4 - Amarante - Vila Real - Mar\u00e3o Tunnel\">\n\t\t\t\t\t<span class=\"et_portfolio_image\">\n\t\t\t\t\t\t<img loading=\"lazy\" decoding=\"async\" src=\"https:\/\/carldora.com\/wp-content\/uploads\/2025\/10\/10_14-467-TUNEL-DO-MARAO-PORTUGAL-5-3-400x284.webp\" width=\"400\" height=\"284\" alt=\"\" class=\"et_pb_post_main_image\" \/>\n\t\t\t\t\t\t<span class=\"et_overlay\"><\/span>\n\t\t\t\t\t<\/span>\n\t\t\t\t<\/a>\n\t\t\t\t\t\t<h2 class=\"et_pb_module_header\"><a href=\"https:\/\/carldora.com\/en\/project\/tunel-do-marao\/\" title=\"Mar\u00e3o Motorway - A4\/IP4 - Amarante - Vila Real - Mar\u00e3o Tunnel\">Mar\u00e3o Motorway - A4\/IP4 - Amarante - Vila Real - Mar\u00e3o Tunnel<\/a><\/h2>\n\t\t\t\t\t\t<p class=\"post-meta\"><a href=\"https:\/\/carldora.com\/en\/project_category\/europa\/\" title=\"Europe\">Europe<\/a>, <a href=\"https:\/\/carldora.com\/en\/project_category\/portugal\/\" title=\"Portugal\">Portugal<\/a><\/p>\n\t\t\t\t\t<\/div>\n\t\t\t\t\t<\/div><div class=\"pagination clearfix\"><div class=\"alignleft\">\n\t\t\t\t<a href=\"https:\/\/carldora.com\/wp-json\/wp\/v2\/pages\/1380437\/page\/2\/\" >&laquo; Older Entries<\/a>\n\t\t\t<\/div><\/div><\/div><\/div>\n<\/div>\n<\/div>\n<\/div>","protected":false},"excerpt":{"rendered":"","protected":false},"author":6,"featured_media":0,"parent":0,"menu_order":0,"comment_status":"closed","ping_status":"closed","template":"page-template-blank.php","meta":{"_acf_changed":false,"_vp_format_video_url":"","_vp_image_focal_point":[],"footnotes":""},"class_list":["post-1380437","page","type-page","status-publish","hentry"],"acf":[],"yoast_head":"<!-- This site is optimized with the Yoast SEO plugin v27.1.1 - https:\/\/yoast.com\/product\/yoast-seo-wordpress\/ -->\n<title>Portugal - CARLDORA<\/title>\n<meta name=\"robots\" content=\"index, follow, max-snippet:-1, max-image-preview:large, max-video-preview:-1\" \/>\n<link rel=\"canonical\" href=\"https:\/\/carldora.com\/en\/portugal\/\" \/>\n<meta property=\"og:locale\" content=\"en_GB\" \/>\n<meta property=\"og:type\" content=\"article\" \/>\n<meta property=\"og:title\" content=\"Portugal - CARLDORA\" \/>\n<meta property=\"og:url\" content=\"https:\/\/carldora.com\/en\/portugal\/\" \/>\n<meta property=\"og:site_name\" content=\"CARLDORA\" \/>\n<meta property=\"article:modified_time\" content=\"2025-10-31T12:33:03+00:00\" \/>\n<meta name=\"twitter:card\" content=\"summary_large_image\" \/>\n<script type=\"application\/ld+json\" class=\"yoast-schema-graph\">{\"@context\":\"https:\/\/schema.org\",\"@graph\":[{\"@type\":\"WebPage\",\"@id\":\"https:\/\/carldora.com\/portugal\/\",\"url\":\"https:\/\/carldora.com\/portugal\/\",\"name\":\"Portugal - CARLDORA\",\"isPartOf\":{\"@id\":\"https:\/\/carldora.com\/#website\"},\"datePublished\":\"2025-10-31T11:43:34+00:00\",\"dateModified\":\"2025-10-31T12:33:03+00:00\",\"breadcrumb\":{\"@id\":\"https:\/\/carldora.com\/portugal\/#breadcrumb\"},\"inLanguage\":\"en-GB\",\"potentialAction\":[{\"@type\":\"ReadAction\",\"target\":[\"https:\/\/carldora.com\/portugal\/\"]}]},{\"@type\":\"BreadcrumbList\",\"@id\":\"https:\/\/carldora.com\/portugal\/#breadcrumb\",\"itemListElement\":[{\"@type\":\"ListItem\",\"position\":1,\"name\":\"In\u00edcio\",\"item\":\"https:\/\/carldora.com\/\"},{\"@type\":\"ListItem\",\"position\":2,\"name\":\"Portugal\"}]},{\"@type\":\"WebSite\",\"@id\":\"https:\/\/carldora.com\/#website\",\"url\":\"https:\/\/carldora.com\/\",\"name\":\"CARLDORA\",\"description\":\"Pioneiros em Portugal no fabrico de Cofragens, Andaimes, Escoramentos, Entiva\u00e7\u00f5es de Valas e Estruturas Especiais.\",\"potentialAction\":[{\"@type\":\"SearchAction\",\"target\":{\"@type\":\"EntryPoint\",\"urlTemplate\":\"https:\/\/carldora.com\/?s={search_term_string}\"},\"query-input\":{\"@type\":\"PropertyValueSpecification\",\"valueRequired\":true,\"valueName\":\"search_term_string\"}}],\"inLanguage\":\"en-GB\"}]}<\/script>\n<!-- \/ Yoast SEO plugin. -->","yoast_head_json":{"title":"Portugal - CARLDORA","robots":{"index":"index","follow":"follow","max-snippet":"max-snippet:-1","max-image-preview":"max-image-preview:large","max-video-preview":"max-video-preview:-1"},"canonical":"https:\/\/carldora.com\/en\/portugal\/","og_locale":"en_GB","og_type":"article","og_title":"Portugal - CARLDORA","og_url":"https:\/\/carldora.com\/en\/portugal\/","og_site_name":"CARLDORA","article_modified_time":"2025-10-31T12:33:03+00:00","twitter_card":"summary_large_image","schema":{"@context":"https:\/\/schema.org","@graph":[{"@type":"WebPage","@id":"https:\/\/carldora.com\/portugal\/","url":"https:\/\/carldora.com\/portugal\/","name":"Portugal - CARLDORA","isPartOf":{"@id":"https:\/\/carldora.com\/#website"},"datePublished":"2025-10-31T11:43:34+00:00","dateModified":"2025-10-31T12:33:03+00:00","breadcrumb":{"@id":"https:\/\/carldora.com\/portugal\/#breadcrumb"},"inLanguage":"en-GB","potentialAction":[{"@type":"ReadAction","target":["https:\/\/carldora.com\/portugal\/"]}]},{"@type":"BreadcrumbList","@id":"https:\/\/carldora.com\/portugal\/#breadcrumb","itemListElement":[{"@type":"ListItem","position":1,"name":"In\u00edcio","item":"https:\/\/carldora.com\/"},{"@type":"ListItem","position":2,"name":"Portugal"}]},{"@type":"WebSite","@id":"https:\/\/carldora.com\/#website","url":"https:\/\/carldora.com\/","name":"CARLDORA","description":"Pioneiros em Portugal no fabrico de Cofragens, Andaimes, Escoramentos, Entiva\u00e7\u00f5es de Valas e Estruturas Especiais.","potentialAction":[{"@type":"SearchAction","target":{"@type":"EntryPoint","urlTemplate":"https:\/\/carldora.com\/?s={search_term_string}"},"query-input":{"@type":"PropertyValueSpecification","valueRequired":true,"valueName":"search_term_string"}}],"inLanguage":"en-GB"}]}},"_links":{"self":[{"href":"https:\/\/carldora.com\/en\/wp-json\/wp\/v2\/pages\/1380437","targetHints":{"allow":["GET"]}}],"collection":[{"href":"https:\/\/carldora.com\/en\/wp-json\/wp\/v2\/pages"}],"about":[{"href":"https:\/\/carldora.com\/en\/wp-json\/wp\/v2\/types\/page"}],"author":[{"embeddable":true,"href":"https:\/\/carldora.com\/en\/wp-json\/wp\/v2\/users\/6"}],"replies":[{"embeddable":true,"href":"https:\/\/carldora.com\/en\/wp-json\/wp\/v2\/comments?post=1380437"}],"version-history":[{"count":3,"href":"https:\/\/carldora.com\/en\/wp-json\/wp\/v2\/pages\/1380437\/revisions"}],"predecessor-version":[{"id":1380484,"href":"https:\/\/carldora.com\/en\/wp-json\/wp\/v2\/pages\/1380437\/revisions\/1380484"}],"wp:attachment":[{"href":"https:\/\/carldora.com\/en\/wp-json\/wp\/v2\/media?parent=1380437"}],"curies":[{"name":"wp","href":"https:\/\/api.w.org\/{rel}","templated":true}]}}