{"id":1378854,"date":"2025-09-19T19:42:55","date_gmt":"2025-09-19T19:42:55","guid":{"rendered":"https:\/\/carldora.slideshow.com.pt\/?page_id=1378854"},"modified":"2026-03-06T15:47:23","modified_gmt":"2026-03-06T15:47:23","slug":"reforco-estrutural-e-estabilizacao","status":"publish","type":"page","link":"https:\/\/carldora.com\/en\/reforco-estrutural-e-estabilizacao\/","title":{"rendered":"Structural Strengthening and Stabilisation"},"content":{"rendered":"<div class=\"et_pb_section_0 et_pb_section et_section_regular et_block_section section_has_divider et_pb_bottom_divider preset--group--divi-section--divi-box-shadow--default\"><span class=\"et_pb_background_pattern\"><\/span>\n<div class=\"et_pb_row_0 et_pb_row et_block_row preset--group--divi-row--divi-box-shadow--default\" id=\"mensagem\">\n<div class=\"et_pb_column_0 et_pb_column et_pb_column_4_4 et-last-child et_block_column et_pb_css_mix_blend_mode_passthrough preset--group--divi-column--divi-box-shadow--default\">\n<div class=\"et_pb_heading_0 et_pb_heading et_pb_module et_block_module preset--group--divi-heading--divi-box-shadow--default\"><div class=\"et_pb_heading_container\"><h1 class=\"et_pb_module_header\">Structural Strengthening and Stabilisation<\/h1><\/div><\/div>\n<\/div>\n<\/div>\n<div class=\"et_pb_bottom_inside_divider et-no-transition\"><\/div><\/div>\n\n<div class=\"et_pb_section_1 et_pb_section et_section_regular et_block_section preset--group--divi-section--divi-box-shadow--default\">\n<div class=\"et_pb_row_1 et_pb_row et_block_row preset--group--divi-row--divi-box-shadow--default\">\n<div class=\"et_pb_column_1 et_pb_column et_pb_column_4_4 et-last-child et_block_column et_pb_css_mix_blend_mode_passthrough preset--group--divi-column--divi-box-shadow--default\">\n<div class=\"et_pb_text_0 et_pb_text et_pb_bg_layout_dark et_pb_module et_block_module preset--group--divi-text--divi-box-shadow--default preset--group--divi-text--divi-font-body--default\"><div class=\"et_pb_text_inner\"><pre><code>\t\t\t<!-- Flexy Breadcrumb -->\r\n\t\t\t<div class=\"fbc fbc-page\">\r\n\r\n\t\t\t\t<!-- Breadcrumb wrapper -->\r\n\t\t\t\t<div class=\"fbc-wrap\">\r\n\r\n\t\t\t\t\t<!-- Ordered list-->\r\n\t\t\t\t\t<ol class=\"fbc-items\" itemscope itemtype=\"https:\/\/schema.org\/BreadcrumbList\">\r\n\t\t\t\t\t\t            <li itemprop=\"itemListElement\" itemscope itemtype=\"https:\/\/schema.org\/ListItem\">\r\n                <span itemprop=\"name\">\r\n                    <!-- Home Link -->\r\n                    <a itemprop=\"item\" href=\"https:\/\/carldora.com\/en\/\">\r\n                    \r\n                                                    <i class=\"fa fa-home\" aria-hidden=\"true\"><\/i>                    <\/a>\r\n                <\/span>\r\n                <meta itemprop=\"position\" content=\"1\" \/><!-- Meta Position-->\r\n             <\/li><li><span class=\"fbc-separator\">><\/span><\/li><li class=\"active\" itemprop=\"itemListElement\" itemscope itemtype=\"https:\/\/schema.org\/ListItem\"><span itemprop=\"name\" title=\"Structural Strengthening and Stabilisation\">Structural Strengthening and Stabilisation<\/span><meta itemprop=\"position\" content=\"2\" \/><\/li>\t\t\t\t\t<\/ol>\r\n\t\t\t\t\t<div class=\"clearfix\"><\/div>\r\n\t\t\t\t<\/div>\r\n\t\t\t<\/div>\r\n\t\t\t<\/code><\/pre>\n<\/div><\/div>\n<\/div>\n<\/div>\n<\/div>\n\n<div class=\"et_pb_section_2 et_pb_section et_section_regular et_block_section preset--group--divi-section--divi-box-shadow--default\">\n<div class=\"et_pb_row_2 et_pb_row et_block_row preset--group--divi-row--divi-box-shadow--default\">\n<div class=\"et_pb_column_2 et_pb_column et_pb_column_4_4 et-last-child et_block_column et_pb_css_mix_blend_mode_passthrough preset--group--divi-column--divi-box-shadow--default\">\n<div class=\"et_pb_text_1 et_pb_text et_pb_bg_layout_dark et_pb_module et_block_module preset--group--divi-text--divi-box-shadow--default preset--group--divi-text--divi-font-body--default\"><div class=\"et_pb_text_inner\"><p>Facade shoring is used in the construction industry to ensure the stability and safety of facades whilst construction work is being carried out, particularly during building refurbishments and renovations. Its main purpose, much like that of shoring, is to prevent the collapse or displacement of external walls whilst the structure is being reinforced or altered. The fa\u00e7ade shoring system is essential for the protection of workers, as well as ensuring the integrity of the building, preventing deformation and damage during the process of...<\/p>\n<\/div><\/div>\n<\/div>\n<\/div>\n<\/div>\n\n<div class=\"et_pb_section_3 et_pb_section et_section_regular et_flex_section preset--group--divi-section--divi-box-shadow--default\"><span class=\"et_pb_background_pattern\"><\/span>\n<div class=\"et_pb_row_3 et_pb_row et_flex_row preset--group--divi-row--divi-box-shadow--default\">\n<div class=\"et_pb_column_3 et_pb_column et-last-child et_flex_column et_pb_css_mix_blend_mode_passthrough et_flex_column_24_24 et_flex_column_24_24_tablet et_flex_column_24_24_phone preset--group--divi-column--divi-box-shadow--default\">\n<div class=\"et_pb_text_2 et_pb_text et_pb_bg_layout_dark et_pb_module et_block_module preset--group--divi-text--divi-box-shadow--default preset--group--divi-text--divi-font-body--default\" data-interaction-trigger=\"dg4hjg20zu\"><div class=\"et_pb_text_inner\"><p>Facade bracing<\/p>\n<\/div><\/div>\n\n<div class=\"et_pb_text_3 et_pb_text et_pb_bg_layout_dark et_pb_module et_block_module preset--group--divi-text--divi-box-shadow--default preset--group--divi-text--divi-font-body--default\" data-interaction-trigger=\"ttyfchqr7w\"><div class=\"et_pb_text_inner\"><p>Shoring<\/p>\n<\/div><\/div>\n<\/div>\n<\/div>\n<\/div>\n\n<div class=\"et_pb_section_4 et_pb_section et_section_regular et_flex_section et-interaction-target-ghqk0uljvt preset--group--divi-section--divi-box-shadow--default\" data-interaction-target=\"ghqk0uljvt\"><span class=\"et_pb_background_pattern\"><\/span>\n<div class=\"et_pb_row_4 et_pb_row et_flex_row preset--group--divi-row--divi-box-shadow--default\">\n<div class=\"et_pb_column_4 et_pb_column et-last-child et_flex_column et_pb_css_mix_blend_mode_passthrough et_flex_column_24_24 et_flex_column_24_24_tablet et_flex_column_24_24_phone preset--group--divi-column--divi-box-shadow--default\">\n<div class=\"et_pb_heading_1 et_pb_heading et_pb_module et_block_module preset--group--divi-heading--divi-box-shadow--default\"><div class=\"et_pb_heading_container\"><h5 class=\"et_pb_module_header\">Facade bracing<\/h5><\/div><\/div>\n\n<div class=\"et_pb_divider_0 et_pb_divider et_pb_space et_pb_divider_position_center et_pb_module preset--group--divi-divider--divi-box-shadow--default\"><div class=\"et_pb_divider_internal\"><\/div><\/div>\n<\/div>\n<\/div>\n\n<div class=\"et_pb_row_5 et_pb_row et_flex_row preset--group--divi-row--divi-box-shadow--default\">\n<div class=\"et_pb_column_5 et_pb_column et-last-child et_flex_column et_pb_css_mix_blend_mode_passthrough et_flex_column_24_24 et_flex_column_24_24_tablet et_flex_column_24_24_phone preset--group--divi-column--divi-box-shadow--default\">\n<div class=\"et_pb_gallery_0 et_pb_gallery et_pb_bg_layout_dark et_pb_text_align_center et_pb_gallery_grid et_pb_module preset--group--divi-gallery--divi-box-shadow--default\" data-auto-rotate=\"off\" data-auto-rotate-speed=\"\"><div class=\"et_pb_gallery_items et_post_gallery clearfix et_grid_module\" data-per_page=\"8\"><div class=\"et_pb_gallery_item et_pb_grid_item et_pb_gallery_item_0_0\"><div class=\"et_pb_gallery_image landscape\" data-per_page=\"8\"><a href=\"https:\/\/carldora.com\/wp-content\/uploads\/2025\/11\/10-014-ESCORAMENTO-DE-ARCOS-AGUAS-DO-AVE-1-copy.webp\" title=\"Escoramento de Arcos - \u00c1guas do Ave, Portugal\"><img loading=\"lazy\" decoding=\"async\" width=\"400\" height=\"284\" src=\"https:\/\/carldora.com\/wp-content\/uploads\/2025\/11\/10-014-ESCORAMENTO-DE-ARCOS-AGUAS-DO-AVE-1-copy-400x284.webp\" alt=\"\" class=\"wp-image-1380809\" srcset=\"https:\/\/carldora.com\/wp-content\/uploads\/2025\/11\/10-014-ESCORAMENTO-DE-ARCOS-AGUAS-DO-AVE-1-copy.webp 479w, https:\/\/carldora.com\/wp-content\/uploads\/2025\/11\/10-014-ESCORAMENTO-DE-ARCOS-AGUAS-DO-AVE-1-copy-400x284.webp 480w\" sizes=\"(max-width:479px) 479px, 100vw\" \/><span class=\"et_overlay\" data-icon=\"\" data-icon-tablet=\"\" data-icon-phone=\"\"><\/span><\/a><\/div><h3 class=\"et_pb_gallery_title\">Escoramento de Arcos &#8211; \u00c1guas do Ave, Portugal<\/h3><\/div><div class=\"et_pb_gallery_item et_pb_grid_item et_pb_gallery_item_0_1\"><div class=\"et_pb_gallery_image landscape\" data-per_page=\"8\"><a href=\"https:\/\/carldora.com\/wp-content\/uploads\/2025\/11\/10-066-CONTENCAO-DE-FACHADA-ED.-R.-TOMAS-RIBEIRO-3-copy.webp\" title=\"Conten\u00e7\u00e3o de Fachada - Ed. R. Tom\u00e1s Ribeiro, Lisboa, Portugal\"><img loading=\"lazy\" decoding=\"async\" width=\"400\" height=\"284\" src=\"https:\/\/carldora.com\/wp-content\/uploads\/2025\/11\/10-066-CONTENCAO-DE-FACHADA-ED.-R.-TOMAS-RIBEIRO-3-copy-400x284.webp\" alt=\"\" class=\"wp-image-1380810\" srcset=\"https:\/\/carldora.com\/wp-content\/uploads\/2025\/11\/10-066-CONTENCAO-DE-FACHADA-ED.-R.-TOMAS-RIBEIRO-3-copy.webp 479w, https:\/\/carldora.com\/wp-content\/uploads\/2025\/11\/10-066-CONTENCAO-DE-FACHADA-ED.-R.-TOMAS-RIBEIRO-3-copy-400x284.webp 480w\" sizes=\"(max-width:479px) 479px, 100vw\" \/><span class=\"et_overlay\" data-icon=\"\" data-icon-tablet=\"\" data-icon-phone=\"\"><\/span><\/a><\/div><h3 class=\"et_pb_gallery_title\">Conten\u00e7\u00e3o de Fachada &#8211; Ed. R. Tom\u00e1s Ribeiro, Lisboa, Portugal<\/h3><\/div><div class=\"et_pb_gallery_item et_pb_grid_item et_pb_gallery_item_0_2\"><div class=\"et_pb_gallery_image landscape\" data-per_page=\"8\"><a href=\"https:\/\/carldora.com\/wp-content\/uploads\/2025\/11\/23-451-CONTENCAO-DE-FACHADAS-PORTO-FULLPROJEKTS-copy.webp\" title=\"Conten\u00e7\u00e3o de Fachada, Porto, Portugal\"><img loading=\"lazy\" decoding=\"async\" width=\"400\" height=\"284\" src=\"https:\/\/carldora.com\/wp-content\/uploads\/2025\/11\/23-451-CONTENCAO-DE-FACHADAS-PORTO-FULLPROJEKTS-copy-400x284.webp\" alt=\"\" class=\"wp-image-1380811\" srcset=\"https:\/\/carldora.com\/wp-content\/uploads\/2025\/11\/23-451-CONTENCAO-DE-FACHADAS-PORTO-FULLPROJEKTS-copy.webp 479w, https:\/\/carldora.com\/wp-content\/uploads\/2025\/11\/23-451-CONTENCAO-DE-FACHADAS-PORTO-FULLPROJEKTS-copy-400x284.webp 480w\" sizes=\"(max-width:479px) 479px, 100vw\" \/><span class=\"et_overlay\" data-icon=\"\" data-icon-tablet=\"\" data-icon-phone=\"\"><\/span><\/a><\/div><h3 class=\"et_pb_gallery_title\">Conten\u00e7\u00e3o de Fachada, Porto, Portugal<\/h3><\/div><div class=\"et_pb_gallery_item et_pb_grid_item et_pb_gallery_item_0_3\"><div class=\"et_pb_gallery_image landscape\" data-per_page=\"8\"><a href=\"https:\/\/carldora.com\/wp-content\/uploads\/2025\/11\/12-686-LARGO-DO-INTENDENTE-LISBOA-AMBISIDER-copy.webp\" title=\"Conten\u00e7\u00e3o de Fachada - Largo do Intendente, Lisboa, Portugal\"><img loading=\"lazy\" decoding=\"async\" width=\"1080\" height=\"248\" src=\"https:\/\/carldora.com\/wp-content\/uploads\/2025\/11\/12-686-LARGO-DO-INTENDENTE-LISBOA-AMBISIDER-copy.webp\" alt=\"\" class=\"wp-image-1380812\" srcset=\"https:\/\/carldora.com\/wp-content\/uploads\/2025\/11\/12-686-LARGO-DO-INTENDENTE-LISBOA-AMBISIDER-copy.webp 479w, https:\/\/carldora.com\/wp-content\/uploads\/2025\/11\/12-686-LARGO-DO-INTENDENTE-LISBOA-AMBISIDER-copy.webp 480w\" sizes=\"(max-width:479px) 479px, 100vw\" \/><span class=\"et_overlay\" data-icon=\"\" data-icon-tablet=\"\" data-icon-phone=\"\"><\/span><\/a><\/div><h3 class=\"et_pb_gallery_title\">Conten\u00e7\u00e3o de Fachada &#8211; Largo do Intendente, Lisboa, Portugal<\/h3><\/div><\/div><div class=\"et_pb_gallery_pagination\"><\/div><\/div>\n<\/div>\n<\/div>\n<\/div>\n\n<div class=\"et_pb_section_5 et_pb_section et_section_regular et_flex_section et-interaction-target-uztu9cbkro preset--group--divi-section--divi-box-shadow--default\" data-interaction-target=\"uztu9cbkro\"><span class=\"et_pb_background_pattern\"><\/span>\n<div class=\"et_pb_row_6 et_pb_row et_flex_row preset--group--divi-row--divi-box-shadow--default\">\n<div class=\"et_pb_column_6 et_pb_column et-last-child et_flex_column et_pb_css_mix_blend_mode_passthrough et_flex_column_24_24 et_flex_column_24_24_tablet et_flex_column_24_24_phone preset--group--divi-column--divi-box-shadow--default\">\n<div class=\"et_pb_heading_2 et_pb_heading et_pb_module et_block_module preset--group--divi-heading--divi-box-shadow--default\"><div class=\"et_pb_heading_container\"><h5 class=\"et_pb_module_header\">Shoring<\/h5><\/div><\/div>\n\n<div class=\"et_pb_divider_1 et_pb_divider et_pb_space et_pb_divider_position_center et_pb_module preset--group--divi-divider--divi-box-shadow--default\"><div class=\"et_pb_divider_internal\"><\/div><\/div>\n<\/div>\n<\/div>\n\n<div class=\"et_pb_row_7 et_pb_row et_flex_row preset--group--divi-row--divi-box-shadow--default\">\n<div class=\"et_pb_column_7 et_pb_column et-last-child et_flex_column et_pb_css_mix_blend_mode_passthrough et_flex_column_24_24 et_flex_column_24_24_tablet et_flex_column_24_24_phone preset--group--divi-column--divi-box-shadow--default\">\n<div class=\"et_pb_gallery_1 et_pb_gallery et_pb_bg_layout_dark et_pb_text_align_center et_pb_gallery_grid et_pb_module preset--group--divi-gallery--divi-box-shadow--default\" data-auto-rotate=\"off\" data-auto-rotate-speed=\"\"><div class=\"et_pb_gallery_items et_post_gallery clearfix et_grid_module\" data-per_page=\"8\"><div class=\"et_pb_gallery_item et_pb_grid_item et_pb_gallery_item_1_0\"><div class=\"et_pb_gallery_image landscape\" data-per_page=\"8\"><a href=\"https:\/\/carldora.com\/wp-content\/uploads\/2025\/11\/11-636-ESCORAMENTO-PARA-CIMBRE-TORRES-PRUMADA-MD-CARL-2-copy.webp\" title=\"Prumada MD CARL+\"><img loading=\"lazy\" decoding=\"async\" width=\"400\" height=\"284\" src=\"https:\/\/carldora.com\/wp-content\/uploads\/2025\/11\/11-636-ESCORAMENTO-PARA-CIMBRE-TORRES-PRUMADA-MD-CARL-2-copy-400x284.webp\" alt=\"\" class=\"wp-image-1380815\" srcset=\"https:\/\/carldora.com\/wp-content\/uploads\/2025\/11\/11-636-ESCORAMENTO-PARA-CIMBRE-TORRES-PRUMADA-MD-CARL-2-copy.webp 479w, https:\/\/carldora.com\/wp-content\/uploads\/2025\/11\/11-636-ESCORAMENTO-PARA-CIMBRE-TORRES-PRUMADA-MD-CARL-2-copy-400x284.webp 480w\" sizes=\"(max-width:479px) 479px, 100vw\" \/><span class=\"et_overlay\" data-icon=\"\" data-icon-tablet=\"\" data-icon-phone=\"\"><\/span><\/a><\/div><h3 class=\"et_pb_gallery_title\">Prumada MD CARL+<\/h3><\/div><div class=\"et_pb_gallery_item et_pb_grid_item et_pb_gallery_item_1_1\"><div class=\"et_pb_gallery_image landscape\" data-per_page=\"8\"><a href=\"https:\/\/carldora.com\/wp-content\/uploads\/2025\/11\/PRUMOS-TELESCOPICOS-3-copy.webp\" title=\"Prumos Telesc\u00f3picos\"><img loading=\"lazy\" decoding=\"async\" width=\"400\" height=\"284\" src=\"https:\/\/carldora.com\/wp-content\/uploads\/2025\/11\/PRUMOS-TELESCOPICOS-3-copy-400x284.webp\" alt=\"\" class=\"wp-image-1380816\" srcset=\"https:\/\/carldora.com\/wp-content\/uploads\/2025\/11\/PRUMOS-TELESCOPICOS-3-copy.webp 479w, https:\/\/carldora.com\/wp-content\/uploads\/2025\/11\/PRUMOS-TELESCOPICOS-3-copy-400x284.webp 480w\" sizes=\"(max-width:479px) 479px, 100vw\" \/><span class=\"et_overlay\" data-icon=\"\" data-icon-tablet=\"\" data-icon-phone=\"\"><\/span><\/a><\/div><h3 class=\"et_pb_gallery_title\">Prumos Telesc\u00f3picos<\/h3><\/div><div class=\"et_pb_gallery_item et_pb_grid_item et_pb_gallery_item_1_2\"><div class=\"et_pb_gallery_image landscape\" data-per_page=\"8\"><a href=\"https:\/\/carldora.com\/wp-content\/uploads\/2025\/11\/ESCORAMENTO-MURO-1-copy.webp\" title=\"Escoramento Muro, Our\u00e9m, Portugal\"><img loading=\"lazy\" decoding=\"async\" width=\"400\" height=\"284\" src=\"https:\/\/carldora.com\/wp-content\/uploads\/2025\/11\/ESCORAMENTO-MURO-1-copy-400x284.webp\" alt=\"\" class=\"wp-image-1380817\" srcset=\"https:\/\/carldora.com\/wp-content\/uploads\/2025\/11\/ESCORAMENTO-MURO-1-copy.webp 479w, https:\/\/carldora.com\/wp-content\/uploads\/2025\/11\/ESCORAMENTO-MURO-1-copy-400x284.webp 480w\" sizes=\"(max-width:479px) 479px, 100vw\" \/><span class=\"et_overlay\" data-icon=\"\" data-icon-tablet=\"\" data-icon-phone=\"\"><\/span><\/a><\/div><h3 class=\"et_pb_gallery_title\">Escoramento Muro, Our\u00e9m, Portugal<\/h3><\/div><div class=\"et_pb_gallery_item et_pb_grid_item et_pb_gallery_item_1_3\"><div class=\"et_pb_gallery_image landscape\" data-per_page=\"8\"><a href=\"https:\/\/carldora.com\/wp-content\/uploads\/2025\/11\/09-435-BAIXO-TEJO-ODEBRECHT-3-copy.webp\" title=\"Escoramento Quick EAE \u00d8 70 - Baixo Tejo, Portugal\"><img loading=\"lazy\" decoding=\"async\" width=\"400\" height=\"284\" src=\"https:\/\/carldora.com\/wp-content\/uploads\/2025\/11\/09-435-BAIXO-TEJO-ODEBRECHT-3-copy-400x284.webp\" alt=\"\" class=\"wp-image-1380779\" srcset=\"https:\/\/carldora.com\/wp-content\/uploads\/2025\/11\/09-435-BAIXO-TEJO-ODEBRECHT-3-copy.webp 479w, https:\/\/carldora.com\/wp-content\/uploads\/2025\/11\/09-435-BAIXO-TEJO-ODEBRECHT-3-copy-400x284.webp 480w\" sizes=\"(max-width:479px) 479px, 100vw\" \/><span class=\"et_overlay\" data-icon=\"\" data-icon-tablet=\"\" data-icon-phone=\"\"><\/span><\/a><\/div><h3 class=\"et_pb_gallery_title\">Escoramento Quick EAE \u00d8 70 &#8211; Baixo Tejo, Portugal<\/h3><\/div><\/div><div class=\"et_pb_gallery_pagination\"><\/div><\/div>\n<\/div>\n<\/div>\n<\/div>\n\n<div class=\"et_pb_section_6 et_pb_section et_section_regular et_flex_section et_pb_section_parallax preset--group--divi-section--divi-box-shadow--default\"><span class=\"et-pb-parallax-wrapper\"><span class=\"et-pb-parallax-background et-pb-parallax-background--css et-pb-parallax-background-module--divi-section-6\" style=\"background-image:url(https:\/\/carldora.com\/wp-content\/uploads\/2024\/12\/cast-iron-formwork-for-large-concrete-columns-stru-2023-11-27-05-24-11-utc-PB.jpg)\"><\/span><span class=\"et_parallax_gradient et_pb_parallax_css\" style=\"background-image:linear-gradient(25deg, rgba(77, 34, 0, 0.85) 10%,rgba(77, 34, 0, 0.45) 99% 110%)\"><\/span><\/span><div class=\"et_pb_row_8 et_pb_row et_flex_row preset--group--divi-row--divi-box-shadow--default\"><div class=\"et_pb_column_8 et_pb_column et-last-child et_flex_column et_pb_css_mix_blend_mode_passthrough et_flex_column_24_24 et_flex_column_24_24_tablet et_flex_column_24_24_phone preset--group--divi-column--divi-box-shadow--default\"><div class=\"et_pb_cta_0 et_pb_promo et_pb_bg_layout_dark et_pb_module et_flex_module preset--group--divi-cta--divi-box-shadow--default preset--group--divi-cta--divi-font-body--default\"><div class=\"et_pb_promo_description\"><h2 class=\"et_pb_module_header\">Quality solutions, tested and certified<\/h2><div class=\"et_pb_promo_content\"><p style=\"text-align: center;\">We develop customised solutions, guaranteeing the best response to the needs of each project. We design, build and assemble structures anywhere in the world.<\/p>\n<\/div><\/div><div class=\"et_pb_button_wrapper\"><a class=\"et_pb_button et_pb_promo_button\" href=\"https:\/\/carldora.com\/en\/contacts\/\">Request a quote<\/a><\/div><\/div><\/div><\/div><\/div>","protected":false},"excerpt":{"rendered":"","protected":false},"author":1,"featured_media":0,"parent":0,"menu_order":0,"comment_status":"closed","ping_status":"closed","template":"","meta":{"_acf_changed":false,"_vp_format_video_url":"","_vp_image_focal_point":[],"footnotes":""},"class_list":["post-1378854","page","type-page","status-publish","hentry"],"acf":[],"yoast_head":"<!-- This site is optimized with the Yoast SEO plugin v28.0 - https:\/\/yoast.com\/product\/yoast-seo-wordpress\/ -->\n<title>Refor\u00e7o Estrutural e Estabiliza\u00e7\u00e3o - CARLDORA<\/title>\n<meta name=\"robots\" content=\"index, follow, max-snippet:-1, max-image-preview:large, max-video-preview:-1\" \/>\n<link rel=\"canonical\" href=\"https:\/\/carldora.com\/en\/reforco-estrutural-e-estabilizacao\/\" \/>\n<meta property=\"og:locale\" content=\"en_GB\" \/>\n<meta property=\"og:type\" content=\"article\" \/>\n<meta property=\"og:title\" content=\"Refor\u00e7o Estrutural e Estabiliza\u00e7\u00e3o - CARLDORA\" \/>\n<meta property=\"og:url\" content=\"https:\/\/carldora.com\/en\/reforco-estrutural-e-estabilizacao\/\" \/>\n<meta property=\"og:site_name\" content=\"CARLDORA\" \/>\n<meta property=\"article:modified_time\" content=\"2026-03-06T15:47:23+00:00\" \/>\n<meta name=\"twitter:card\" content=\"summary_large_image\" \/>\n<script type=\"application\/ld+json\" class=\"yoast-schema-graph\">{\"@context\":\"https:\\\/\\\/schema.org\",\"@graph\":[{\"@type\":\"WebPage\",\"@id\":\"https:\\\/\\\/carldora.com\\\/reforco-estrutural-e-estabilizacao\\\/\",\"url\":\"https:\\\/\\\/carldora.com\\\/reforco-estrutural-e-estabilizacao\\\/\",\"name\":\"Refor\u00e7o Estrutural e Estabiliza\u00e7\u00e3o - CARLDORA\",\"isPartOf\":{\"@id\":\"https:\\\/\\\/carldora.com\\\/#website\"},\"datePublished\":\"2025-09-19T19:42:55+00:00\",\"dateModified\":\"2026-03-06T15:47:23+00:00\",\"breadcrumb\":{\"@id\":\"https:\\\/\\\/carldora.com\\\/reforco-estrutural-e-estabilizacao\\\/#breadcrumb\"},\"inLanguage\":\"en-GB\",\"potentialAction\":[{\"@type\":\"ReadAction\",\"target\":[\"https:\\\/\\\/carldora.com\\\/reforco-estrutural-e-estabilizacao\\\/\"]}]},{\"@type\":\"BreadcrumbList\",\"@id\":\"https:\\\/\\\/carldora.com\\\/reforco-estrutural-e-estabilizacao\\\/#breadcrumb\",\"itemListElement\":[{\"@type\":\"ListItem\",\"position\":1,\"name\":\"In\u00edcio\",\"item\":\"https:\\\/\\\/carldora.com\\\/\"},{\"@type\":\"ListItem\",\"position\":2,\"name\":\"Refor\u00e7o Estrutural e Estabiliza\u00e7\u00e3o\"}]},{\"@type\":\"WebSite\",\"@id\":\"https:\\\/\\\/carldora.com\\\/#website\",\"url\":\"https:\\\/\\\/carldora.com\\\/\",\"name\":\"CARLDORA\",\"description\":\"Pioneiros em Portugal no fabrico de Cofragens, Andaimes, Escoramentos, Entiva\u00e7\u00f5es de Valas e Estruturas Especiais.\",\"potentialAction\":[{\"@type\":\"SearchAction\",\"target\":{\"@type\":\"EntryPoint\",\"urlTemplate\":\"https:\\\/\\\/carldora.com\\\/?s={search_term_string}\"},\"query-input\":{\"@type\":\"PropertyValueSpecification\",\"valueRequired\":true,\"valueName\":\"search_term_string\"}}],\"inLanguage\":\"en-GB\"}]}<\/script>\n<!-- \/ Yoast SEO plugin. -->","yoast_head_json":{"title":"Refor\u00e7o Estrutural e Estabiliza\u00e7\u00e3o - CARLDORA","robots":{"index":"index","follow":"follow","max-snippet":"max-snippet:-1","max-image-preview":"max-image-preview:large","max-video-preview":"max-video-preview:-1"},"canonical":"https:\/\/carldora.com\/en\/reforco-estrutural-e-estabilizacao\/","og_locale":"en_GB","og_type":"article","og_title":"Refor\u00e7o Estrutural e Estabiliza\u00e7\u00e3o - CARLDORA","og_url":"https:\/\/carldora.com\/en\/reforco-estrutural-e-estabilizacao\/","og_site_name":"CARLDORA","article_modified_time":"2026-03-06T15:47:23+00:00","twitter_card":"summary_large_image","schema":{"@context":"https:\/\/schema.org","@graph":[{"@type":"WebPage","@id":"https:\/\/carldora.com\/reforco-estrutural-e-estabilizacao\/","url":"https:\/\/carldora.com\/reforco-estrutural-e-estabilizacao\/","name":"Refor\u00e7o Estrutural e Estabiliza\u00e7\u00e3o - CARLDORA","isPartOf":{"@id":"https:\/\/carldora.com\/#website"},"datePublished":"2025-09-19T19:42:55+00:00","dateModified":"2026-03-06T15:47:23+00:00","breadcrumb":{"@id":"https:\/\/carldora.com\/reforco-estrutural-e-estabilizacao\/#breadcrumb"},"inLanguage":"en-GB","potentialAction":[{"@type":"ReadAction","target":["https:\/\/carldora.com\/reforco-estrutural-e-estabilizacao\/"]}]},{"@type":"BreadcrumbList","@id":"https:\/\/carldora.com\/reforco-estrutural-e-estabilizacao\/#breadcrumb","itemListElement":[{"@type":"ListItem","position":1,"name":"In\u00edcio","item":"https:\/\/carldora.com\/"},{"@type":"ListItem","position":2,"name":"Refor\u00e7o Estrutural e Estabiliza\u00e7\u00e3o"}]},{"@type":"WebSite","@id":"https:\/\/carldora.com\/#website","url":"https:\/\/carldora.com\/","name":"CARLDORA","description":"Pioneiros em Portugal no fabrico de Cofragens, Andaimes, Escoramentos, Entiva\u00e7\u00f5es de Valas e Estruturas Especiais.","potentialAction":[{"@type":"SearchAction","target":{"@type":"EntryPoint","urlTemplate":"https:\/\/carldora.com\/?s={search_term_string}"},"query-input":{"@type":"PropertyValueSpecification","valueRequired":true,"valueName":"search_term_string"}}],"inLanguage":"en-GB"}]}},"_links":{"self":[{"href":"https:\/\/carldora.com\/en\/wp-json\/wp\/v2\/pages\/1378854","targetHints":{"allow":["GET"]}}],"collection":[{"href":"https:\/\/carldora.com\/en\/wp-json\/wp\/v2\/pages"}],"about":[{"href":"https:\/\/carldora.com\/en\/wp-json\/wp\/v2\/types\/page"}],"author":[{"embeddable":true,"href":"https:\/\/carldora.com\/en\/wp-json\/wp\/v2\/users\/1"}],"replies":[{"embeddable":true,"href":"https:\/\/carldora.com\/en\/wp-json\/wp\/v2\/comments?post=1378854"}],"version-history":[{"count":15,"href":"https:\/\/carldora.com\/en\/wp-json\/wp\/v2\/pages\/1378854\/revisions"}],"predecessor-version":[{"id":1381838,"href":"https:\/\/carldora.com\/en\/wp-json\/wp\/v2\/pages\/1378854\/revisions\/1381838"}],"wp:attachment":[{"href":"https:\/\/carldora.com\/en\/wp-json\/wp\/v2\/media?parent=1378854"}],"curies":[{"name":"wp","href":"https:\/\/api.w.org\/{rel}","templated":true}]}}